{"id":13254,"date":"2020-02-20T11:38:24","date_gmt":"2020-02-20T14:38:24","guid":{"rendered":"https:\/\/www.ifbaiano.edu.br\/unidades\/santaines\/?page_id=13254"},"modified":"2021-04-09T14:44:09","modified_gmt":"2021-04-09T17:44:09","slug":"cursos-de-pos-graduacao","status":"publish","type":"page","link":"https:\/\/www.ifbaiano.edu.br\/unidades\/santaines\/cursos-de-pos-graduacao\/","title":{"rendered":"Cursos de P\u00f3s-Gradua\u00e7\u00e3o"},"content":{"rendered":"\n<p><strong>Clique na imagem correspondente para ter acesso as informa\u00e7\u00f5es do respectivo Curso.<\/strong> (Dispon\u00edvel em breve)<\/p>\n\n\n<hr>\n<p style=\"text-align: center\"><\/p>\n\n\n<div class=\"wp-block-image\"><figure class=\"alignleft size-large\"><a href=\"https:\/\/ifbaiano.edu.br\/portal\/pos-desenvolvimento-regional-santa-ines\/\"><img decoding=\"async\" loading=\"lazy\" width=\"800\" height=\"200\" src=\"https:\/\/www.ifbaiano.edu.br\/unidades\/santaines\/files\/2020\/06\/imagem-destaque-meio-ambiente.jpg\" alt=\"\" class=\"wp-image-13625\" \/><\/a><figcaption>Desenvolvimento Regional e Meio Ambiente <\/figcaption><\/figure><\/div>\n\n\n\n<p><\/p>\n\n\n<hr>\n\n\n<div class=\"wp-block-image\"><figure class=\"alignleft size-large\"><a href=\"https:\/\/ifbaiano.edu.br\/portal\/pos-eja-santa-ines\/\" target=\"_blank\" rel=\"noreferrer noopener\"><img decoding=\"async\" loading=\"lazy\" width=\"800\" height=\"200\" src=\"https:\/\/www.ifbaiano.edu.br\/unidades\/santaines\/files\/2020\/06\/imagem-destaque-eja.jpg\" alt=\"\" class=\"wp-image-13624\" \/><\/a><figcaption> <strong>Educa\u00e7\u00e3o de Jovens e Adultos Articulada a Educa\u00e7\u00e3o Profissional<\/strong> <\/figcaption><\/figure><\/div>\n","protected":false},"excerpt":{"rendered":"<p>Clique na imagem correspondente para ter acesso as informa\u00e7\u00f5es do respectivo Curso. (Dispon\u00edvel em breve)<\/p>\n","protected":false},"author":7,"featured_media":0,"parent":0,"menu_order":0,"comment_status":"closed","ping_status":"closed","template":"","meta":[],"_links":{"self":[{"href":"https:\/\/www.ifbaiano.edu.br\/unidades\/santaines\/wp-json\/wp\/v2\/pages\/13254"}],"collection":[{"href":"https:\/\/www.ifbaiano.edu.br\/unidades\/santaines\/wp-json\/wp\/v2\/pages"}],"about":[{"href":"https:\/\/www.ifbaiano.edu.br\/unidades\/santaines\/wp-json\/wp\/v2\/types\/page"}],"author":[{"embeddable":true,"href":"https:\/\/www.ifbaiano.edu.br\/unidades\/santaines\/wp-json\/wp\/v2\/users\/7"}],"replies":[{"embeddable":true,"href":"https:\/\/www.ifbaiano.edu.br\/unidades\/santaines\/wp-json\/wp\/v2\/comments?post=13254"}],"version-history":[{"count":5,"href":"https:\/\/www.ifbaiano.edu.br\/unidades\/santaines\/wp-json\/wp\/v2\/pages\/13254\/revisions"}],"predecessor-version":[{"id":14832,"href":"https:\/\/www.ifbaiano.edu.br\/unidades\/santaines\/wp-json\/wp\/v2\/pages\/13254\/revisions\/14832"}],"wp:attachment":[{"href":"https:\/\/www.ifbaiano.edu.br\/unidades\/santaines\/wp-json\/wp\/v2\/media?parent=13254"}],"curies":[{"name":"wp","href":"https:\/\/api.w.org\/{rel}","templated":true}]}}