{"id":3044,"date":"2013-05-08T07:59:45","date_gmt":"2013-05-08T10:59:45","guid":{"rendered":"http:\/\/www.ifbaiano.edu.br\/unidades\/santaines\/?page_id=3044"},"modified":"2024-07-09T17:06:24","modified_gmt":"2024-07-09T20:06:24","slug":"cursos-tecnicos","status":"publish","type":"page","link":"https:\/\/www.ifbaiano.edu.br\/unidades\/santaines\/cursos-tecnicos\/","title":{"rendered":"Cursos T\u00e9cnicos"},"content":{"rendered":"<p>O<em> Campus<\/em> Santa In\u00eas oferece cursos t\u00e9cnicos nas formas integradas e subsequente, conforme descrito abaixo. Os cursos t\u00e9cnicos na forma Integrada ao Ensino M\u00e9dio s\u00e3o destinados a candidatos que conclu\u00edram o Ensino Fundamental ou equivalente. Neste caso, o estudante faz o ensino m\u00e9dio junto com o profissionalizante dentro do IF Baiano. J\u00e1 os cursos t\u00e9cnicos na forma Subsequente s\u00e3o para quem j\u00e1 concluiu, ou est\u00e1 perto de concluir, o Ensino M\u00e9dio.<\/p>\n<p><span style=\"color: #3366ff\">Clique na imagem abaixo para acessar informa\u00e7\u00f5es do referido curso.<\/span><\/p>\n<p><\/p>\n\n\n<hr class=\"wp-block-separator has-css-opacity\"\/>\n\n\n\n<figure class=\"wp-block-image size-large\"><a href=\"https:\/\/www.ifbaiano.edu.br\/unidades\/santaines\/curso-tecnico-em-agropecuaria\/\"><img decoding=\"async\" loading=\"lazy\" width=\"800\" height=\"200\" src=\"https:\/\/www.ifbaiano.edu.br\/unidades\/santaines\/files\/2020\/06\/imagem-destaque-agropecuaria-santa-ines.png\" alt=\"\" class=\"wp-image-13703\"\/><\/a><figcaption class=\"wp-element-caption\"><strong>Curso T\u00e9cnico em Agropecu\u00e1ria Integrado ao Ensino M\u00e9dio<\/strong><\/figcaption><\/figure>\n\n\n\n<hr class=\"wp-block-separator has-css-opacity\"\/>\n\n\n\n<figure class=\"wp-block-image size-large\"><a href=\"https:\/\/www.ifbaiano.edu.br\/unidades\/santaines\/curso-tecnico-em-agropecuaria-proeja\/\"><img decoding=\"async\" loading=\"lazy\" width=\"800\" height=\"200\" src=\"https:\/\/www.ifbaiano.edu.br\/unidades\/santaines\/files\/2020\/06\/imagem-destaque-agropecuaria-proeja-santa-ines.png\" alt=\"\" class=\"wp-image-13710\"\/><\/a><figcaption class=\"wp-element-caption\"> <strong>Curso T\u00e9cnico em Agropecu\u00e1ria Integrado ao Ensino M\u00e9dio &#8211; PROEJA<\/strong> <\/figcaption><\/figure>\n\n\n\n<hr class=\"wp-block-separator has-css-opacity\"\/>\n\n\n\n<figure class=\"wp-block-image size-large\"><a href=\"https:\/\/www.ifbaiano.edu.br\/unidades\/santaines\/curso-tecnico-em-alimentos\/\"><img decoding=\"async\" loading=\"lazy\" width=\"800\" height=\"200\" src=\"https:\/\/www.ifbaiano.edu.br\/unidades\/santaines\/files\/2020\/06\/imagem-destaque-alimentos-santa-ines.png\" alt=\"\" class=\"wp-image-13707\"\/><\/a><figcaption class=\"wp-element-caption\"> <strong>Curso T\u00e9cnico em Alimentos Integrado ao Ensino M\u00e9dio<\/strong><\/figcaption><\/figure>\n\n\n\n<hr class=\"wp-block-separator has-alpha-channel-opacity\"\/>\n\n\n\n<figure class=\"wp-block-image size-full\"><a href=\"https:\/\/www.ifbaiano.edu.br\/unidades\/santaines\/curso-tecnico-em-informatica\/\"><img decoding=\"async\" loading=\"lazy\" width=\"800\" height=\"200\" src=\"https:\/\/www.ifbaiano.edu.br\/unidades\/santaines\/files\/2024\/07\/imagem-destaque-informatica-integrado-santa-ines.jpg\" alt=\"\" class=\"wp-image-21547\"\/><\/a><figcaption class=\"wp-element-caption\"> <strong>Curso T\u00e9cnico em Inform\u00e1tica Integrado ao Ensino M\u00e9dio<\/strong> <\/figcaption><\/figure>\n\n\n\n<hr class=\"wp-block-separator has-css-opacity\"\/>\n\n\n\n<figure class=\"wp-block-image size-large\"><a href=\"https:\/\/www.ifbaiano.edu.br\/unidades\/santaines\/curso-tecnico-em-informatica-subsequente-ao-ensino-medio-2\/\"><img decoding=\"async\" loading=\"lazy\" width=\"800\" height=\"200\" src=\"https:\/\/www.ifbaiano.edu.br\/unidades\/santaines\/files\/2020\/06\/imagem-destaque-informatica-santa-ines.png\" alt=\"\" class=\"wp-image-13709\"\/><\/a><figcaption class=\"wp-element-caption\"> <strong>Curso T\u00e9cnico em Inform\u00e1tica Subsequente ao Ensino M\u00e9dio<\/strong> <\/figcaption><\/figure>\n\n\n\n<hr class=\"wp-block-separator has-css-opacity\"\/>\n\n\n\n<figure class=\"wp-block-image size-large\"><a href=\"https:\/\/www.ifbaiano.edu.br\/unidades\/santaines\/curso-tecnico-em-zootecnia\/\"><img decoding=\"async\" loading=\"lazy\" width=\"800\" height=\"200\" src=\"https:\/\/www.ifbaiano.edu.br\/unidades\/santaines\/files\/2020\/06\/imagem-destaque-zootecnia-santa-ines.png\" alt=\"\" class=\"wp-image-13708\"\/><\/a><figcaption class=\"wp-element-caption\"> <strong>Curso T\u00e9cnico em Zootecnia Integrado ao Ensino M\u00e9dio<\/strong> <\/figcaption><\/figure>\n\n\n\n<hr class=\"wp-block-separator has-css-opacity\"\/>\n","protected":false},"excerpt":{"rendered":"<p>O Campus Santa In\u00eas oferece cursos t\u00e9cnicos nas formas integradas e subsequente, conforme descrito abaixo. Os cursos t\u00e9cnicos na forma Integrada ao Ensino M\u00e9dio s\u00e3o destinados a candidatos que conclu\u00edram o Ensino Fundamental ou equivalente. Neste caso, o estudante faz o ensino m\u00e9dio junto com o profissionalizante dentro do IF Baiano. J\u00e1 os cursos t\u00e9cnicos [&hellip;]<\/p>\n","protected":false},"author":26,"featured_media":0,"parent":0,"menu_order":0,"comment_status":"closed","ping_status":"closed","template":"","meta":[],"_links":{"self":[{"href":"https:\/\/www.ifbaiano.edu.br\/unidades\/santaines\/wp-json\/wp\/v2\/pages\/3044"}],"collection":[{"href":"https:\/\/www.ifbaiano.edu.br\/unidades\/santaines\/wp-json\/wp\/v2\/pages"}],"about":[{"href":"https:\/\/www.ifbaiano.edu.br\/unidades\/santaines\/wp-json\/wp\/v2\/types\/page"}],"author":[{"embeddable":true,"href":"https:\/\/www.ifbaiano.edu.br\/unidades\/santaines\/wp-json\/wp\/v2\/users\/26"}],"replies":[{"embeddable":true,"href":"https:\/\/www.ifbaiano.edu.br\/unidades\/santaines\/wp-json\/wp\/v2\/comments?post=3044"}],"version-history":[{"count":21,"href":"https:\/\/www.ifbaiano.edu.br\/unidades\/santaines\/wp-json\/wp\/v2\/pages\/3044\/revisions"}],"predecessor-version":[{"id":21548,"href":"https:\/\/www.ifbaiano.edu.br\/unidades\/santaines\/wp-json\/wp\/v2\/pages\/3044\/revisions\/21548"}],"wp:attachment":[{"href":"https:\/\/www.ifbaiano.edu.br\/unidades\/santaines\/wp-json\/wp\/v2\/media?parent=3044"}],"curies":[{"name":"wp","href":"https:\/\/api.w.org\/{rel}","templated":true}]}}