{"id":623,"date":"2025-11-07T12:17:05","date_gmt":"2025-11-07T15:17:05","guid":{"rendered":"http:\/\/www.ifbaiano.edu.br\/unidades\/santaines\/?page_id=623"},"modified":"2026-04-24T11:28:27","modified_gmt":"2026-04-24T14:28:27","slug":"apresentacao2","status":"publish","type":"page","link":"https:\/\/www.ifbaiano.edu.br\/unidades\/santaines\/apresentacao2\/","title":{"rendered":"N\u00facleo de Apoio \u00e0 Gest\u00e3o de Pessoas &#8211; NAGP"},"content":{"rendered":"\n<hr class=\"wp-block-separator has-alpha-channel-opacity\" \/>\n\n\n\n<p class=\"has-background has-medium-font-size\" style=\"background-color:#ebebeb;border-top:4px solid #36b139\"><strong>Apresenta\u00e7\u00e3o<\/strong><\/p>\n\n\n\n<p>O N\u00facleo de Apoio \u00e0 Gest\u00e3o de Pessoas (NAGP) \u00e9 a unidade respons\u00e1vel por executar as pol\u00edticas e diretrizes da Diretoria de Gest\u00e3o de Pessoas (DGP) do IF Baiano no campus. O setor atua como um elo estrat\u00e9gico, prestando assessoria \u00e0 Dire\u00e7\u00e3o-Geral e oferecendo atendimento qualificado e informa\u00e7\u00f5es essenciais a todos os servidores ativos, inativos e pensionistas, garantindo clareza e agilidade nas demandas relacionadas \u00e0 gest\u00e3o de pessoas. <\/p>\n\n\n\n<p class=\"has-background has-medium-font-size\" style=\"background-color:#ebebeb;border-top:4px solid #36b139\"><strong>Principis atribui\u00e7\u00f5es do NAGP<\/strong><\/p>\n\n\n\n<h3 class=\"wp-block-heading\"><strong>Desenvolvimento e Administra\u00e7\u00e3o de Pessoal<\/strong><\/h3>\n\n\n\n<ul>\n<li><strong>Recrutamento e Sele\u00e7\u00e3o:<\/strong>&nbsp;Gerenciamento dos processos de sele\u00e7\u00e3o para a contrata\u00e7\u00e3o de novos servidores.<\/li>\n\n\n\n<li><strong>Gest\u00e3o de Processos:<\/strong>&nbsp;Administra\u00e7\u00e3o das rotinas de desenvolvimento e gerenciamento de pessoal no campus.<\/li>\n\n\n\n<li><strong>Aplica\u00e7\u00e3o da Legisla\u00e7\u00e3o:<\/strong>&nbsp;Garantia da correta aplica\u00e7\u00e3o dos dispositivos legais emitidos pela Diretoria de Gest\u00e3o de Pessoas (DGP).<\/li>\n\n\n\n<li><strong>Assessoria Jur\u00eddica:<\/strong>&nbsp;Fornecimento de informa\u00e7\u00f5es e documentos de apoio \u00e0 Procuradoria Federal do IF Baiano em a\u00e7\u00f5es judiciais.<\/li>\n<\/ul>\n\n\n\n<h3 class=\"wp-block-heading\"><strong>Qualidade de Vida e Valoriza\u00e7\u00e3o do Servidor<\/strong><\/h3>\n\n\n\n<ul>\n<li><strong>Sa\u00fade e Bem-Estar:<\/strong>&nbsp;Promo\u00e7\u00e3o de a\u00e7\u00f5es voltadas \u00e0 sa\u00fade e qualidade de vida dos servidores.<\/li>\n\n\n\n<li><strong>Valoriza\u00e7\u00e3o Profissional:<\/strong>&nbsp;Implementa\u00e7\u00e3o de programas e iniciativas que visam \u00e0 valoriza\u00e7\u00e3o e ao desenvolvimento profissional dos servidores.<\/li>\n\n\n\n<li><strong>Gest\u00e3o Participativa:<\/strong>&nbsp;Implementa\u00e7\u00e3o de programas de gest\u00e3o de pessoas que incentivem a participa\u00e7\u00e3o coletiva.<\/li>\n<\/ul>\n\n\n\n<h3 class=\"wp-block-heading\"><strong>Planejamento e Integra\u00e7\u00e3o Institucional<\/strong><\/h3>\n\n\n\n<ul>\n<li><strong>Planejamento Or\u00e7ament\u00e1rio:<\/strong>&nbsp;Proposi\u00e7\u00e3o da aloca\u00e7\u00e3o de recursos para a execu\u00e7\u00e3o de a\u00e7\u00f5es e programas de gest\u00e3o de pessoas.<\/li>\n\n\n\n<li><strong>Alinhamento Estrat\u00e9gico:<\/strong>&nbsp;Participa\u00e7\u00e3o ativa nas atividades e planejamentos institucionais programados pela Reitoria<\/li>\n<\/ul>\n\n\n\n<p class=\"has-background has-medium-font-size\" style=\"background-color:#ebebeb;border-top:4px solid #36b139\"><strong>Acesso ao Portal do Servidor<\/strong><\/p>\n\n\n\n<h3 class=\"wp-block-heading\">Acesso ao Portal do Servidor<\/h3>\n\n\n\n<p>O Portal do Servidor \u00e9 uma ferramenta online que permite ao servidor consultar, de forma simples e pr\u00e1tica, informa\u00e7\u00f5es e servi\u00e7os relacionados \u00e0 sua vida funcional, como contracheques, f\u00e9rias, licen\u00e7as, hist\u00f3rico de lota\u00e7\u00e3o, entre outros. <a href=\"https:\/\/ifbaiano.edu.br\/portal\/servidor\/\">Clique e acesse o <strong>Portal do Servidor<\/strong><\/a><\/p>\n\n\n\n<p>Demais&nbsp;documentos: formul\u00e1rios, requerimentos e&nbsp;informes gerais podem ser acessados no Portal do IF Baiano, na P\u00e1gina de Gest\u00e3o de Pessoas,. Clique <strong><a href=\"https:\/\/ifbaiano.edu.br\/portal\/servidor\/gestao-de-pessoas\/\">AQUI<\/a><\/strong>.<\/p>\n\n\n\n<p class=\"has-background has-medium-font-size\" style=\"background-color:#ebebeb;border-top:4px solid #36b139\"><strong>Contato<\/strong><\/p>\n\n\n\n<p><strong>Chefe do Setor<\/strong><br>Rosana Nunes dos Santos<\/p>\n\n\n\n<p><strong>Chefe Substituta<\/strong><br>Dalila Alves Santos<\/p>\n\n\n\n<p><strong>E-mail<\/strong>:&nbsp;<a rel=\"noreferrer noopener\" href=\"mailto:nagp@teixeira.ifabaiano.edu.br\" target=\"_blank\">nagp@si.ifabaiano.edu.br<\/a><\/p>\n\n\n\n<hr class=\"wp-block-separator has-alpha-channel-opacity\" \/>\n","protected":false},"excerpt":{"rendered":"<p>Apresenta\u00e7\u00e3o O N\u00facleo de Apoio \u00e0 Gest\u00e3o de Pessoas (NAGP) \u00e9 a unidade respons\u00e1vel por executar as pol\u00edticas e diretrizes da Diretoria de Gest\u00e3o de Pessoas (DGP) do IF Baiano no campus. O setor atua como um elo estrat\u00e9gico, prestando assessoria \u00e0 Dire\u00e7\u00e3o-Geral e oferecendo atendimento qualificado e informa\u00e7\u00f5es essenciais a todos os servidores ativos, [&hellip;]<\/p>\n","protected":false},"author":26,"featured_media":0,"parent":0,"menu_order":0,"comment_status":"closed","ping_status":"closed","template":"","meta":[],"_links":{"self":[{"href":"https:\/\/www.ifbaiano.edu.br\/unidades\/santaines\/wp-json\/wp\/v2\/pages\/623"}],"collection":[{"href":"https:\/\/www.ifbaiano.edu.br\/unidades\/santaines\/wp-json\/wp\/v2\/pages"}],"about":[{"href":"https:\/\/www.ifbaiano.edu.br\/unidades\/santaines\/wp-json\/wp\/v2\/types\/page"}],"author":[{"embeddable":true,"href":"https:\/\/www.ifbaiano.edu.br\/unidades\/santaines\/wp-json\/wp\/v2\/users\/26"}],"replies":[{"embeddable":true,"href":"https:\/\/www.ifbaiano.edu.br\/unidades\/santaines\/wp-json\/wp\/v2\/comments?post=623"}],"version-history":[{"count":38,"href":"https:\/\/www.ifbaiano.edu.br\/unidades\/santaines\/wp-json\/wp\/v2\/pages\/623\/revisions"}],"predecessor-version":[{"id":27570,"href":"https:\/\/www.ifbaiano.edu.br\/unidades\/santaines\/wp-json\/wp\/v2\/pages\/623\/revisions\/27570"}],"wp:attachment":[{"href":"https:\/\/www.ifbaiano.edu.br\/unidades\/santaines\/wp-json\/wp\/v2\/media?parent=623"}],"curies":[{"name":"wp","href":"https:\/\/api.w.org\/{rel}","templated":true}]}}