{"id":8311,"date":"2017-07-21T15:31:46","date_gmt":"2017-07-21T18:31:46","guid":{"rendered":"http:\/\/www.ifbaiano.edu.br\/unidades\/santaines\/?page_id=8311"},"modified":"2026-04-08T15:53:26","modified_gmt":"2026-04-08T18:53:26","slug":"planejamento-2017","status":"publish","type":"page","link":"https:\/\/www.ifbaiano.edu.br\/unidades\/santaines\/planejamento-2017\/","title":{"rendered":"Diretoria Acad\u00eamica &#8211; DA"},"content":{"rendered":"\n<hr class=\"wp-block-separator has-alpha-channel-opacity\" \/>\n\n\n\n<p><strong>Diretor Acad\u00eamico:<\/strong>\u00a0Prof. Andr\u00e9 Leonardo Vasconcelos Souza<\/p>\n\n\n\n<p><strong>E-mail:<\/strong>&nbsp;diretoriaacademica@si.ifbaiano.edu.br<\/p>\n\n\n\n<hr class=\"wp-block-separator has-alpha-channel-opacity\" \/>\n\n\n\n<p class=\"has-background has-medium-font-size\" style=\"background-color:#ebebeb;border-top:4px solid #36b139\"><strong>Sobre a Diretoria Acad\u00eamica<\/strong><\/p>\n\n\n\n<p>A Diretoria Acad\u00eamica (DA) \u00e9 constitu\u00edda pela <a href=\"https:\/\/www.ifbaiano.edu.br\/unidades\/santaines\/ce-coordenacao-de-ensino\/\">Coordena\u00e7\u00e3o de Ensino (CE)<\/a>, Coordena\u00e7\u00f5es dos Cursos de N\u00edvel M\u00e9dio, Coordena\u00e7\u00f5es dos Cursos Superiores, Coordena\u00e7\u00f5es de Assuntos Estudantis (CAE), <a href=\"https:\/\/www.ifbaiano.edu.br\/unidades\/santaines\/coordenacao-de-pesquisa-2\/\">Coordena\u00e7\u00e3o de Pesquisa (COPES)<\/a>, <a href=\"https:\/\/www.ifbaiano.edu.br\/unidades\/santaines\/extensao-2\/\">Coordena\u00e7\u00e3o de Extens\u00e3o (COEX)<\/a>, pela Coordena\u00e7\u00e3o de Unidades Educativas de Campo (CUEC), pelo N\u00facleo de Rela\u00e7\u00f5es Institucionais (NRI) e N\u00facleo de Apoio ao Portador de Necessidade Especial (NAPNE).<\/p>\n\n\n\n<hr class=\"wp-block-separator has-alpha-channel-opacity\" \/>\n\n\n\n<p class=\"has-background has-medium-font-size\" style=\"background-color:#ebebeb;border-top:4px solid #36b139\"><strong>Documentos Importantes<\/strong><\/p>\n\n\n\n<ul>\n<li><a href=\"https:\/\/www.planalto.gov.br\/ccivil_03\/_ato2007-2010\/2008\/lei\/l11892.htm\">Lei de cria\u00e7\u00e3o dos Institutos Federais<\/a><\/li>\n\n\n\n<li><a href=\"https:\/\/www.ifbaiano.edu.br\/unidades\/santaines\/files\/2025\/10\/REGIMENTO_NEABI.pdf\">Regimento Geral<\/a><\/li>\n<\/ul>\n\n\n\n<h3 class=\"wp-block-heading\"><strong>DOCUMENTOS ACAD\u00caMICOS<\/strong><\/h3>\n\n\n\n<ul>\n<li><a href=\"https:\/\/www.ifbaiano.edu.br\/unidades\/santaines\/files\/2025\/10\/Resolcao-no-19-2015-\u2013-Instrucao-Normativa-Atribuicoes-das-Coordenacoes-de-Curso-da-Educacao-Profissional-de-Nivel-Medio.pdf\">Resolu\u00e7\u00e3o N\u00ba 19\/2015 \u2013 Instru\u00e7\u00e3o Normativa: Atribui\u00e7\u00f5es das Coordena\u00e7\u00f5es de Curso da Educa\u00e7\u00e3o Profissional de N\u00edvel M\u00e9dio<\/a><\/li>\n\n\n\n<li><a href=\"https:\/\/www.ifbaiano.edu.br\/unidades\/santaines\/files\/2025\/10\/Regulamento-de-Tutoria-Academica.pdf\">Regulamento da Tutoria Acad\u00eamica<\/a><\/li>\n\n\n\n<li><a href=\"https:\/\/www.ifbaiano.edu.br\/unidades\/santaines\/files\/2025\/10\/REGULAMENTO_DISCIPLINAR_DISCENTE.pdf\">Regulamento Disciplinar Discente<\/a><\/li>\n\n\n\n<li><a href=\"https:\/\/www.ifbaiano.edu.br\/unidades\/santaines\/files\/2025\/10\/REGULAMENTO_DE_MONITORIA_DE_ENSINO.pdf\">Regulamento de Monitoria de Ensino<\/a><\/li>\n\n\n\n<li><a href=\"https:\/\/www.ifbaiano.edu.br\/unidades\/santaines\/files\/2025\/10\/REGULAMENTO_DE_ESTAGIO_CURRICULAR_DA_EPTNM.pdf\">Regulamento de Est\u00e1gio Curricular da EPTNM<\/a><\/li>\n\n\n\n<li><a href=\"https:\/\/www.ifbaiano.edu.br\/unidades\/santaines\/files\/2025\/10\/Regulamento-das-Atribuicoes-dos-Nucleos-de-Asssoria-Tecnico-Pedagogicas.pdf\">Regulamento das Atribui\u00e7\u00f5es dos N\u00facleos de Assessoria T\u00e9cnico Pedag\u00f3gicas<\/a><\/li>\n\n\n\n<li><a href=\"https:\/\/www.ifbaiano.edu.br\/unidades\/santaines\/files\/2025\/10\/REGIMENTO_NEABI-1.pdf\">Regulamento NEABI<\/a><\/li>\n\n\n\n<li><a href=\"https:\/\/www.ifbaiano.edu.br\/unidades\/santaines\/files\/2025\/10\/Resolucao-351.2024_OS_CONSUP_com-anexo.pdf\">Regulamenta\u00e7\u00e3o da Atividade Docente<\/a><\/li>\n\n\n\n<li><a href=\"https:\/\/www.ifbaiano.edu.br\/unidades\/santaines\/files\/2025\/10\/REGULAMENTO-GERAL-DAS-RESIDENCIAS-ESTUDANTIS.pdf\">Regulamento Geral das Resid\u00eancias Estudantis<\/a><\/li>\n\n\n\n<li><a href=\"https:\/\/www.ifbaiano.edu.br\/unidades\/santaines\/files\/2025\/10\/REGULAMENTO_DISCIPLINAR_DISCENTE.pdf\">Regulamento Disciplinar Discente<\/a><\/li>\n<\/ul>\n\n\n\n<h3 class=\"wp-block-heading\">\u00a0<strong>DOCUMENTOS DO NAPNE<\/strong><\/h3>\n\n\n\n<ul>\n<li><a href=\"https:\/\/www.ifbaiano.edu.br\/unidades\/santaines\/files\/2025\/10\/Regimento-Nucleo-de-Atendimento-a-Pessoas-com-Necessidades-Especificas-do-IF-Baiano.pdf\">Regimento do N\u00facleo de Atendimento a Pessoas com Necessidades Espec\u00edficas &#8211; NAPNE<\/a><\/li>\n\n\n\n<li><a href=\"https:\/\/www.ifbaiano.edu.br\/unidades\/santaines\/files\/2025\/10\/Resolucao-3892024-OS-CONSUPIFBAIANO-DE-19-DE-DEZEMBRO-DE-2024.pdf\">Pol\u00edtica da Diversidade e Inclus\u00e3o do IF Baiano<\/a><\/li>\n<\/ul>\n\n\n\n<hr class=\"wp-block-separator has-alpha-channel-opacity\" \/>\n","protected":false},"excerpt":{"rendered":"<p>Diretor Acad\u00eamico:\u00a0Prof. Andr\u00e9 Leonardo Vasconcelos Souza E-mail:&nbsp;diretoriaacademica@si.ifbaiano.edu.br Sobre a Diretoria Acad\u00eamica A Diretoria Acad\u00eamica (DA) \u00e9 constitu\u00edda pela Coordena\u00e7\u00e3o de Ensino (CE), Coordena\u00e7\u00f5es dos Cursos de N\u00edvel M\u00e9dio, Coordena\u00e7\u00f5es dos Cursos Superiores, Coordena\u00e7\u00f5es de Assuntos Estudantis (CAE), Coordena\u00e7\u00e3o de Pesquisa (COPES), Coordena\u00e7\u00e3o de Extens\u00e3o (COEX), pela Coordena\u00e7\u00e3o de Unidades Educativas de Campo (CUEC), pelo N\u00facleo [&hellip;]<\/p>\n","protected":false},"author":86,"featured_media":0,"parent":0,"menu_order":0,"comment_status":"closed","ping_status":"closed","template":"","meta":[],"_links":{"self":[{"href":"https:\/\/www.ifbaiano.edu.br\/unidades\/santaines\/wp-json\/wp\/v2\/pages\/8311"}],"collection":[{"href":"https:\/\/www.ifbaiano.edu.br\/unidades\/santaines\/wp-json\/wp\/v2\/pages"}],"about":[{"href":"https:\/\/www.ifbaiano.edu.br\/unidades\/santaines\/wp-json\/wp\/v2\/types\/page"}],"author":[{"embeddable":true,"href":"https:\/\/www.ifbaiano.edu.br\/unidades\/santaines\/wp-json\/wp\/v2\/users\/86"}],"replies":[{"embeddable":true,"href":"https:\/\/www.ifbaiano.edu.br\/unidades\/santaines\/wp-json\/wp\/v2\/comments?post=8311"}],"version-history":[{"count":8,"href":"https:\/\/www.ifbaiano.edu.br\/unidades\/santaines\/wp-json\/wp\/v2\/pages\/8311\/revisions"}],"predecessor-version":[{"id":26079,"href":"https:\/\/www.ifbaiano.edu.br\/unidades\/santaines\/wp-json\/wp\/v2\/pages\/8311\/revisions\/26079"}],"wp:attachment":[{"href":"https:\/\/www.ifbaiano.edu.br\/unidades\/santaines\/wp-json\/wp\/v2\/media?parent=8311"}],"curies":[{"name":"wp","href":"https:\/\/api.w.org\/{rel}","templated":true}]}}