{"id":197,"date":"2015-10-21T20:15:32","date_gmt":"2015-10-21T20:15:32","guid":{"rendered":"http:\/\/www.ifbaiano.edu.br\/unidades\/serrinha\/?page_id=197"},"modified":"2024-04-05T11:53:16","modified_gmt":"2024-04-05T14:53:16","slug":"biblioteca","status":"publish","type":"page","link":"https:\/\/www.ifbaiano.edu.br\/unidades\/serrinha\/biblioteca\/","title":{"rendered":"A Biblioteca"},"content":{"rendered":"\n<p>A Biblioteca do IF Baiano <i>Campus<\/i> Serrinha foi criada em 2016 e tem por objetivo organizar e difundir a documenta\u00e7\u00e3o bibliogr\u00e1fica necess\u00e1ria a atua\u00e7\u00e3o da Institui\u00e7\u00e3o, oferecendo auxilio \u00e0s atividades de Ensino, Pesquisa e Extens\u00e3o.<\/p>\n\n\n\n<p>Possui um acervo atualizado voltado para as \u00e1reas Did\u00e1ticas, Ci\u00eancias Humanas, Sociais e Agr\u00e1rias, Literatura, Letras. Disponibiliza tamb\u00e9m revistas diversas e multimeios.<\/p>\n\n\n\n<p><strong>Instrumentos de Avalia\u00e7\u00e3o dos Cursos de Gradua\u00e7\u00e3o<\/strong><\/p>\n\n\n\n<p class=\"western\"><a href=\"http:\/\/www.ifbaiano.edu.br\/unidades\/serrinha\/files\/2015\/10\/Instrumento-de-avalia\u00e7\u00e3o-Autoriza\u00e7\u00e3o.pdf\">Instrumento de avalia\u00e7\u00e3o &#8211; Autoriza\u00e7\u00e3o<\/a><\/p>\n\n\n\n<p class=\"western\"><a href=\"http:\/\/www.ifbaiano.edu.br\/unidades\/serrinha\/files\/2015\/10\/Instrumento-de-avalia\u00e7\u00e3o-Reconhecimento-e-Renova\u00e7\u00e3o-de-Reconhecimento.pdf\">Instrumento de avalia\u00e7\u00e3o &#8211; Reconhecimento e Renova\u00e7\u00e3o de Reconhecimento<\/a><\/p>\n\n\n\n<p><strong>Regulamento da Biblioteca<\/strong><\/p>\n\n\n\n<p class=\"western\"><span style=\"font-family: 'Times New Roman', serif\"><span style=\"font-size: medium\"><a href=\"http:\/\/www.ifbaiano.edu.br\/unidades\/serrinha\/files\/2015\/10\/Regimento-Geral-das-Bibliotecas-do-IFBaiano.pdf\">Regimento Geral das Bibliotecas do IFBaiano<\/a><\/span><\/span><\/p>\n\n\n\n<p><strong>Plano de Conting\u00eancia da Biblioteca:<\/strong><\/p>\n\n\n\n<div class=\"wp-block-file\"><a id=\"wp-block-file--media-1c9cc38e-832e-41ad-ba2e-71f3b38cd75f\" href=\"https:\/\/www.ifbaiano.edu.br\/unidades\/serrinha\/files\/2022\/08\/PLANO-DE-CONTINGENCIA-DA-BIBLIOTECA.pdf\" target=\"_blank\" rel=\"noreferrer noopener\">Plano de Conting\u00eancia da Biblioteca<\/a><\/div>\n\n\n\n<p><strong>Equipe<\/strong><\/p>\n\n\n\n<p class=\"western\"><strong><span style=\"font-family: 'Times New Roman', serif\"><span style=\"font-size: small\">Adrean Moreira da Silva<\/span><\/span><\/strong><\/p>\n\n\n\n<p><span style=\"font-family: 'Times New Roman', serif\"><span style=\"font-size: small\">Assistente em Administra\u00e7\u00e3o<\/span><\/span><\/p>\n\n\n\n<p><span style=\"font-family: 'Times New Roman', serif\"><span style=\"font-size: small\">E-mail: <span style=\"color: #0563c1\"><u><a class=\"western\" href=\"mailto:diana.assis@ifbaiano.edu.br\">adrean.silva@ifbaiano.edu.br<\/a><\/u><\/span><\/span><\/span><\/p>\n\n\n\n<p><strong><span style=\"font-family: 'Times New Roman', serif\"><span style=\"font-size: small\">Ricardo Santos do Carmo Reis<\/span><\/span><\/strong><\/p>\n\n\n\n<p><span style=\"font-family: 'Times New Roman', serif\"><span style=\"font-size: small\">Bibliotec\u00e1rio<\/span><\/span><\/p>\n\n\n\n<p><span style=\"font-family: 'Times New Roman', serif\"><span style=\"font-size: small\">E-mail: <span style=\"color: #0563c1\"><u><a class=\"western\" href=\"mailto:ricardo.reis@ifbaiano.edu.br\">ricardo.reis@ifbaiano.edu.br<\/a><\/u><\/span><\/span><\/span><\/p>\n\n\n\n<p><strong><span style=\"font-family: 'Times New Roman', serif\"><span style=\"font-size: small\">Juliana de Oliveira Almeida Pires<\/span><\/span><\/strong><\/p>\n\n\n\n<p><span style=\"font-family: 'Times New Roman', serif\"><span style=\"font-size: small\">Auxiliar de Biblioteca<\/span><\/span><\/p>\n\n\n\n<p><span style=\"font-family: 'Times New Roman', serif\"><span style=\"font-size: small\">E-mail: <span style=\"color: #0563c1\"><u><a class=\"western\" href=\"mailto:juliana.pires@ifbaiano.edu.br\">juliana.pires@ifbaiano.edu.br<\/a><\/u><\/span><\/span><\/span><\/p>\n\n\n\n<p class=\"has-text-align-center western\"><span style=\"color: #333333\"><span style=\"font-family: 'Times New Roman', serif\"><span style=\"font-size: small\"><b>Contato<\/b><\/span><\/span><\/span><\/p>\n\n\n\n<p class=\"has-text-align-center western\"><span style=\"color: #333333\"><span style=\"font-family: 'Times New Roman', serif\"><span style=\"font-size: small\">Endere\u00e7o: Estrada Vicinal de Aparecida, s\/n, Aparecida, Serrinha &#8211; BA, 48700-000<\/span><\/span><\/span><\/p>\n\n\n\n<p class=\"has-text-align-center western\"><span style=\"color: #333333\"><span style=\"font-family: 'Times New Roman', serif\"><span style=\"font-size: small\">E-mail: biblioteca@serrinha.ifbaiano.edu.br<\/span><\/span><\/span><\/p>\n\n\n\n<p class=\"has-text-align-center western\"><span style=\"color: #333333\"><span style=\"font-family: 'Times New Roman', serif\"><span style=\"font-size: small\">Acesso a biblioteca: http:\/\/pergamum.ifbaiano.edu.br<\/span><\/span><\/span><\/p>\n\n\n<div class=\"wp-block-image\">\n<figure class=\"aligncenter\"><a href=\"http:\/\/www.ifbaiano.edu.br\/unidades\/serrinha\/files\/2015\/10\/imag1.png\"><img decoding=\"async\" loading=\"lazy\" width=\"1980\" height=\"1080\" src=\"http:\/\/www.ifbaiano.edu.br\/unidades\/serrinha\/files\/2015\/10\/imag1.png\" alt=\"imag1\" class=\"wp-image-1862\" \/><\/a><\/figure><\/div>","protected":false},"excerpt":{"rendered":"<p>A Biblioteca do IF Baiano Campus Serrinha foi criada em 2016 e tem por objetivo organizar e difundir a documenta\u00e7\u00e3o bibliogr\u00e1fica necess\u00e1ria a atua\u00e7\u00e3o da Institui\u00e7\u00e3o, oferecendo auxilio \u00e0s atividades de Ensino, Pesquisa e Extens\u00e3o. Possui um acervo atualizado voltado para as \u00e1reas Did\u00e1ticas, Ci\u00eancias Humanas, Sociais e Agr\u00e1rias, Literatura, Letras. Disponibiliza tamb\u00e9m revistas diversas [&hellip;]<\/p>\n","protected":false},"author":73,"featured_media":0,"parent":0,"menu_order":0,"comment_status":"open","ping_status":"open","template":"","meta":[],"_links":{"self":[{"href":"https:\/\/www.ifbaiano.edu.br\/unidades\/serrinha\/wp-json\/wp\/v2\/pages\/197"}],"collection":[{"href":"https:\/\/www.ifbaiano.edu.br\/unidades\/serrinha\/wp-json\/wp\/v2\/pages"}],"about":[{"href":"https:\/\/www.ifbaiano.edu.br\/unidades\/serrinha\/wp-json\/wp\/v2\/types\/page"}],"author":[{"embeddable":true,"href":"https:\/\/www.ifbaiano.edu.br\/unidades\/serrinha\/wp-json\/wp\/v2\/users\/73"}],"replies":[{"embeddable":true,"href":"https:\/\/www.ifbaiano.edu.br\/unidades\/serrinha\/wp-json\/wp\/v2\/comments?post=197"}],"version-history":[{"count":60,"href":"https:\/\/www.ifbaiano.edu.br\/unidades\/serrinha\/wp-json\/wp\/v2\/pages\/197\/revisions"}],"predecessor-version":[{"id":8256,"href":"https:\/\/www.ifbaiano.edu.br\/unidades\/serrinha\/wp-json\/wp\/v2\/pages\/197\/revisions\/8256"}],"wp:attachment":[{"href":"https:\/\/www.ifbaiano.edu.br\/unidades\/serrinha\/wp-json\/wp\/v2\/media?parent=197"}],"curies":[{"name":"wp","href":"https:\/\/api.w.org\/{rel}","templated":true}]}}