{"id":8800,"date":"2026-04-22T15:41:55","date_gmt":"2026-04-22T18:41:55","guid":{"rendered":"https:\/\/www.ifbaiano.edu.br\/unidades\/serrinha\/?page_id=8800"},"modified":"2026-04-22T15:41:55","modified_gmt":"2026-04-22T18:41:55","slug":"nucleo-de-atendimento-a-pessoas-com-necessidades-especificas-napne","status":"publish","type":"page","link":"https:\/\/www.ifbaiano.edu.br\/unidades\/serrinha\/nucleo-de-atendimento-a-pessoas-com-necessidades-especificas-napne\/","title":{"rendered":"N\u00facleo de Atendimento a Pessoas com Necessidades Espec\u00edficas (NAPNE)"},"content":{"rendered":"\n<p><strong>APRESENTA\u00c7\u00c3O<\/strong><\/p>\n\n\n\n<p>O N\u00facleo de Atendimento \u00e0s Pessoas com Necessidades Espec\u00edficas (NAPNE) do IF Baiano tem natureza propositiva, consultiva e executiva, institu\u00eddo em conson\u00e2ncia com a Pol\u00edtica de Diversidade, Equidade e Inclus\u00e3o da nossa institui\u00e7\u00e3o. Comprometido com a promo\u00e7\u00e3o de um ambiente educacional acess\u00edvel e inclusivo, o NAPNE atua para assegurar condi\u00e7\u00f5es equ\u00e2nimes de aprendizagem e contribuir para a constru\u00e7\u00e3o de uma comunidade acad\u00eamica que respeite e valorize a diversidade.<\/p>\n\n\n\n<p><strong>FINALIDADES<\/strong><br>O NAPNE tem como objetivo orientar e apoiar os\/as estudantes, professores\/as, t\u00e9cnicos\/as e toda a comunidade acad\u00eamica na identifica\u00e7\u00e3o e supera\u00e7\u00e3o de barreiras que possam comprometer o acesso, a perman\u00eancia e o \u00eaxito no processo formativo. Por meio de a\u00e7\u00f5es integradas e do desenvolvimento de projetos, cursos e eventos, o NAPNE atua em parceria com os diversos setores do IF Baiano para:<\/p>\n\n\n\n<p>\u2022 Elaborar e executar o planejamento anual de atividades que promovam a adapta\u00e7\u00e3o de metodologias, materiais e ambientes pedag\u00f3gicos.<br>\u2022 Implementar medidas articuladas de acessibilidade que garantam condi\u00e7\u00f5es igualit\u00e1rias para a aprendizagem.<br>\u2022 Fomentar a constru\u00e7\u00e3o de redes de apoio que incentivem a conviv\u00eancia e o respeito \u00e0s diversas necessidades espec\u00edficas.<br>\u2022 Assessorar o(a) Diretor(a) Geral dos campi nas quest\u00f5es relativas \u00e0 inclus\u00e3o, viabilizando a\u00e7\u00f5es que assegurem o acesso, a perman\u00eancia e a conclus\u00e3o dos cursos por pessoas com necessidades espec\u00edficas.<br>\u2022 Participar ativamente das comiss\u00f5es dos processos seletivos e de acessibilidade, orientando e fiscalizando o cumprimento das legisla\u00e7\u00f5es e normas t\u00e9cnicas vigentes.<br>\u2022 Colaborar com a equipe pedag\u00f3gica e com as coordena\u00e7\u00f5es de cursos, oferecendo subs\u00eddios para a adapta\u00e7\u00e3o de t\u00e9cnicas, estrat\u00e9gias e curr\u00edculos.<br>\u2022 Planejar, de acordo com o or\u00e7amento anual, a aloca\u00e7\u00e3o de recursos financeiros para atividades, projetos e eventos voltados \u00e0 Educa\u00e7\u00e3o Especial e Inclusiva.<br>\u2022 Estimular a elabora\u00e7\u00e3o de projetos de ensino, pesquisa e extens\u00e3o nas \u00e1reas de Educa\u00e7\u00e3o Especial e Inclusiva.<br>\u2022 Promover eventos e cursos de forma\u00e7\u00e3o que envolvam a comunidade acad\u00eamica e incentivem a valoriza\u00e7\u00e3o e o respeito \u00e0 diversidade humana.<\/p>\n\n\n\n<p>Coordena\u00e7\u00e3o:<br>Patricia Zuti\u00e3o<\/p>\n\n\n\n<p>Contato: napne@serrinha.ifbaiano.edu.br<\/p>\n","protected":false},"excerpt":{"rendered":"<p>APRESENTA\u00c7\u00c3O O N\u00facleo de Atendimento \u00e0s Pessoas com Necessidades Espec\u00edficas (NAPNE) do IF Baiano tem natureza propositiva, consultiva e executiva, institu\u00eddo em conson\u00e2ncia com a Pol\u00edtica de Diversidade, Equidade e Inclus\u00e3o da nossa institui\u00e7\u00e3o. Comprometido com a promo\u00e7\u00e3o de um ambiente educacional acess\u00edvel e inclusivo, o NAPNE atua para assegurar condi\u00e7\u00f5es equ\u00e2nimes de aprendizagem e [&hellip;]<\/p>\n","protected":false},"author":98,"featured_media":0,"parent":0,"menu_order":0,"comment_status":"closed","ping_status":"closed","template":"","meta":[],"_links":{"self":[{"href":"https:\/\/www.ifbaiano.edu.br\/unidades\/serrinha\/wp-json\/wp\/v2\/pages\/8800"}],"collection":[{"href":"https:\/\/www.ifbaiano.edu.br\/unidades\/serrinha\/wp-json\/wp\/v2\/pages"}],"about":[{"href":"https:\/\/www.ifbaiano.edu.br\/unidades\/serrinha\/wp-json\/wp\/v2\/types\/page"}],"author":[{"embeddable":true,"href":"https:\/\/www.ifbaiano.edu.br\/unidades\/serrinha\/wp-json\/wp\/v2\/users\/98"}],"replies":[{"embeddable":true,"href":"https:\/\/www.ifbaiano.edu.br\/unidades\/serrinha\/wp-json\/wp\/v2\/comments?post=8800"}],"version-history":[{"count":1,"href":"https:\/\/www.ifbaiano.edu.br\/unidades\/serrinha\/wp-json\/wp\/v2\/pages\/8800\/revisions"}],"predecessor-version":[{"id":8801,"href":"https:\/\/www.ifbaiano.edu.br\/unidades\/serrinha\/wp-json\/wp\/v2\/pages\/8800\/revisions\/8801"}],"wp:attachment":[{"href":"https:\/\/www.ifbaiano.edu.br\/unidades\/serrinha\/wp-json\/wp\/v2\/media?parent=8800"}],"curies":[{"name":"wp","href":"https:\/\/api.w.org\/{rel}","templated":true}]}}