{"id":10941,"date":"2022-05-04T09:20:00","date_gmt":"2022-05-04T12:20:00","guid":{"rendered":"https:\/\/www.ifbaiano.edu.br\/unidades\/teixeira\/?page_id=10941"},"modified":"2023-12-14T16:08:53","modified_gmt":"2023-12-14T19:08:53","slug":"ingresso-de-estudantes-2022","status":"publish","type":"page","link":"https:\/\/www.ifbaiano.edu.br\/unidades\/teixeira\/aluno\/ingresso-de-estudantes-2022\/","title":{"rendered":"Ingresso de Estudantes"},"content":{"rendered":"\n<figure class=\"wp-block-image size-full\"><a href=\"https:\/\/www.ifbaiano.edu.br\/unidades\/teixeira\/prosel-2024\/\"><img decoding=\"async\" loading=\"lazy\" width=\"834\" height=\"271\" src=\"https:\/\/www.ifbaiano.edu.br\/unidades\/teixeira\/files\/2023\/12\/ingresso-2024.png\" alt=\"\" class=\"wp-image-12990\" \/><\/a><\/figure>\n\n\n\n<p>Clique na imagem para acessar os editais<\/p>\n\n\n\n<p><\/p>\n\n\n\n<!--nextpage-->\n\n\n\n<p><\/p>\n\n\n\n<p>O DIRETOR-GERAL DO INSTITUTO FEDERAL DE EDUCA\u00c7\u00c3O, CI\u00caNCIA E TECNOLOGIA BAIANO \u2013 IF BAIANO, CAMPUS Teixeira de Freitas, no uso de suas atribui\u00e7\u00f5es delegadas pela Portaria n\u00ba 284 de 18 de mar\u00e7o de 2022 publicada no Di\u00e1rio Oficial da Uni\u00e3o do dia 21 de mar\u00e7o de 2022, Se\u00e7\u00e3o 2, p\u00e1gina 54 e de acordo com as disposi\u00e7\u00f5es con\udbc0\udc3adas na Lei n\u00ba 11.892, de 29\/12\/2008, e na Lei n\u00ba 8.112, de 11\/12\/1990, em conformidade com a Lei N\u00b0. 9.394, de 20 de dezembro de 1996 e suas altera\u00e7\u00f5es e ainda considerando: a Resolu\u00e7\u00e3o CNE\/CP N\u00ba 04, de 17 de dezembro de 2018; o Decreto n\u00ba 6.135, de 26 de junho de 2007; a Lei 8.666, de 21 de junho de 1993; o Decreto n\u00ba 3.298, de 20 de dezembro de 1999; a Lei n\u00ba 12.764, de 27 de dezembro de 2012; a Lei N\u00ba. 12.711, de 29 de agosto de 2012 e suas regulamenta\u00e7\u00f5es, o Decreto N\u00ba. 7.824, de 11 de outubro de 2012 e a Portaria MEC n\u00ba 18, de 11 de outubro de 2012 e suas altera\u00e7\u00f5es, torna p\u00fablica a abertura de inscri\u00e7\u00f5es do processo para ingresso de estudantes em 2023, nos cursos da Educa\u00e7\u00e3o Profissional T\u00e9cnica de N\u00edvel M\u00e9dio, na forma Integrada ao Ensino M\u00e9dio \u2013 modalidade presencial \u2013 para o Campus Teixeira de Freitas, por meio de An\u00e1lise de Hist\u00f3rico Escolar conforme o n\u00famero de vagas e cursos relacionados no Quadro \u2013 2 do subitem 2.3 do Edital e seguindo as demais condi\u00e7\u00f5es e as etapas definidas nesse Edital.<\/p>\n\n\n\n<p><a href=\"https:\/\/concurso.ifbaiano.edu.br\/portal\/ingresso-integrado-teixeira-novembro-2022\/\">https:\/\/concurso.ifbaiano.edu.br\/portal\/ingresso-integrado-teixeira-novembro-2022\/<\/a><\/p>\n\n\n\n<!--nextpage-->\n\n\n\n<p>I<strong>ngresso de Estudantes 2022<\/strong><\/p>\n\n\n\n<p><strong><a href=\"https:\/\/www.ifbaiano.edu.br\/unidades\/teixeira\/vagas-remanescentes-para-estudantes-dos-cursos-de-nivel-medio-integrado-e-subsequente\/\">Vagas Remanescentes para os cursos de n\u00edvel m\u00e9dio, integrado e subsequente<\/a><\/strong><\/p>\n\n\n\n<p><\/p>\n\n\n\n<hr class=\"wp-block-separator has-css-opacity\" \/>\n\n\n\n<div class=\"wp-block-columns has-background is-layout-flex wp-container-6\" style=\"background:linear-gradient(0deg,rgb(2,3,129) 0%,rgb(2,76,20) 100%)\">\n<div class=\"wp-block-column is-layout-flow\">\n<a href=\"https:\/\/www.ifbaiano.edu.br\/unidades\/teixeira\/aluno\/ingresso-de-estudantes-2022\/\"><div align=\"center\" id=\"documentoshome\"><div id=\"doctitulo\">\n\t\t\t\t\tIN\u00cdCIO\n\t\t\t\t<\/div><\/div><\/a>\n<\/div>\n\n\n\n<div class=\"wp-block-column is-layout-flow\">\n<a href=\"https:\/\/www.ifbaiano.edu.br\/unidades\/teixeira\/aluno\/ingresso-de-estudantes-2022\/2\/\"><div align=\"center\" id=\"documentoshome\"><div id=\"doctitulo\">\n\t\t\t\t\tEDITAL E ANEXOS\n\t\t\t\t<\/div><\/div><\/a>\n<\/div>\n\n\n\n<div class=\"wp-block-column is-layout-flow\">\n<a href=\"https:\/\/www.ifbaiano.edu.br\/unidades\/teixeira\/aluno\/ingresso-de-estudantes-2022\/3\/\"><div align=\"center\" id=\"documentoshome\"><div id=\"doctitulo\">\n\t\t\t\t\tNOT\u00cdCIAS\n\t\t\t\t<\/div><\/div><\/a>\n<\/div>\n\n\n\n<div class=\"wp-block-column is-layout-flow\">\n<a href=\"https:\/\/www.ifbaiano.edu.br\/unidades\/teixeira\/aluno\/ingresso-de-estudantes-2022\/4\/\"><div align=\"center\" id=\"documentoshome\"><div id=\"doctitulo\">\n\t\t\t\t\tD\u00daVIDAS\n\t\t\t\t<\/div><\/div><\/a>\n<\/div>\n\n\n\n<div class=\"wp-block-column is-layout-flow\">\n<a href=\"https:\/\/www.ifbaiano.edu.br\/unidades\/teixeira\/aluno\/ingresso-de-estudantes-2022\/5\/\"><div align=\"center\" id=\"documentoshome\"><div id=\"doctitulo\">\n\t\t\t\t\tCONTATO\n\t\t\t\t<\/div><\/div><\/a>\n<\/div>\n<\/div>\n\n\n\n<div class=\"wp-block-cover aligncenter is-repeated\"><span aria-hidden=\"true\" class=\"wp-block-cover__background has-background-dim-70 has-background-dim\"><\/span><div role=\"img\" class=\"wp-block-cover__image-background wp-image-10923 is-repeated\" style=\"background-position:50% 50%;background-image:url(https:\/\/www.ifbaiano.edu.br\/unidades\/teixeira\/files\/2022\/02\/WhatsApp-Image-2022-02-07-at-11.32.45.jpeg)\"><\/div><div class=\"wp-block-cover__inner-container\">\n<h2 class=\"wp-block-heading has-text-align-center has-white-color has-text-color\"><strong>INSCRI\u00c7\u00d5ES ABERTAS<\/strong><\/h2>\n\n\n\n<hr class=\"wp-block-separator has-css-opacity is-style-dots\" \/>\n\n\n\n<div class=\"wp-block-columns is-layout-flex wp-container-11\">\n<div class=\"wp-block-column is-layout-flow\" style=\"flex-basis:50%\">\n<div class=\"wp-block-buttons is-horizontal is-content-justification-center is-layout-flex wp-container-7\">\n<div class=\"wp-block-button has-custom-font-size has-medium-font-size\"><a class=\"wp-block-button__link has-black-color has-white-background-color has-text-color has-background wp-element-button\" href=\"https:\/\/opinanovo.ifbaiano.edu.br\/index.php\/378568?lang=ptBR\" target=\"_blank\" rel=\"noreferrer noopener\"><strong>CURSOS INTEGRADOS<\/strong><\/a><\/div>\n<\/div>\n<\/div>\n\n\n\n<div class=\"wp-block-column is-layout-flow\">\n<div class=\"wp-block-buttons is-horizontal is-content-justification-center is-layout-flex wp-container-9\">\n<div class=\"wp-block-button has-custom-font-size is-style-fill has-medium-font-size\"><a class=\"wp-block-button__link has-black-color has-white-background-color has-text-color has-background wp-element-button\" href=\"https:\/\/opinanovo.ifbaiano.edu.br\/index.php\/116741?%20lang=pt-BR\" target=\"_blank\" rel=\"noreferrer noopener\"><strong>CURSOS SUBSEQUENTES<\/strong><\/a><\/div>\n<\/div>\n\n\n\n<p><\/p>\n<\/div>\n<\/div>\n<\/div><\/div>\n\n\n\n<hr class=\"wp-block-separator has-css-opacity\" \/>\n\n\n\n<p class=\"has-text-align-center has-medium-font-size\"><strong>S\u00e3o 240 vagas divididas em quatro cursos que oferecem Ensino M\u00e9dio + curso T\u00e9cnico (integrado) ou apenas o curso T\u00e9cnico (subsequente).<\/strong><\/p>\n\n\n\n<div class=\"wp-block-buttons is-horizontal is-content-justification-center is-layout-flex wp-container-12\">\n<div class=\"wp-block-button is-style-outline\"><a class=\"wp-block-button__link wp-element-button\" href=\"https:\/\/www.ifbaiano.edu.br\/unidades\/teixeira\/aluno\/ingresso-de-estudantes-2022\/2\/\"><strong>Acesse o Edital e Anexos<\/strong><\/a><\/div>\n<\/div>\n\n\n\n<div align=\"center\" id=\"documentoshome\"><div id=\"doctitulo\">\n\t\t\t\t\tCONHE\u00c7A OS CURSOS\n\t\t\t\t<\/div><\/div><\/a>\n\n\n\n<div class=\"wp-block-columns is-layout-flex wp-container-17\">\n<div class=\"wp-block-column has-pale-cyan-blue-background-color has-background is-layout-flow\" style=\"flex-basis:50%\">\n<p><\/p>\n\n\n\n<div class=\"wp-block-buttons is-horizontal is-content-justification-center is-layout-flex wp-container-13\">\n<div class=\"wp-block-button has-custom-font-size has-medium-font-size\"><a class=\"wp-block-button__link has-black-color has-white-background-color has-text-color has-background wp-element-button\" href=\"https:\/\/www.ifbaiano.edu.br\/unidades\/teixeira\/cursos\/cursosintegrados\/\"><strong>INTEGRADOS<\/strong><\/a><\/div>\n<\/div>\n<\/div>\n\n\n\n<div class=\"wp-block-column has-pale-cyan-blue-background-color has-background is-layout-flow\">\n<p><\/p>\n\n\n\n<div class=\"wp-block-buttons is-horizontal is-content-justification-center is-layout-flex wp-container-15\">\n<div class=\"wp-block-button has-custom-font-size is-style-fill has-medium-font-size\"><a class=\"wp-block-button__link has-black-color has-white-background-color has-text-color has-background wp-element-button\" href=\"https:\/\/www.ifbaiano.edu.br\/unidades\/teixeira\/cursos\/cursossubsequentes\/\"><strong>SUBSEQUENTES<\/strong><\/a><\/div>\n<\/div>\n<\/div>\n<\/div>\n\n\n\n<hr class=\"wp-block-separator has-css-opacity\" \/>\n\n\n\n<figure class=\"wp-block-embed aligncenter is-type-video is-provider-youtube wp-block-embed-youtube wp-embed-aspect-16-9 wp-has-aspect-ratio\"><div class=\"wp-block-embed__wrapper\">\nhttps:\/\/www.youtube.com\/watch?v=M2VlbIs3O70\n<\/div><\/figure>\n\n\n\n<div class=\"wp-duotone-000000-00a5ff-24 wp-block-cover is-light\" style=\"min-height:390px\"><span aria-hidden=\"true\" class=\"wp-block-cover__background has-background-dim wp-block-cover__gradient-background has-background-gradient\" style=\"background:linear-gradient(180deg,rgb(2,3,129) 0%,rgb(87,252,39) 100%)\"><\/span><img decoding=\"async\" loading=\"lazy\" width=\"550\" height=\"220\" class=\"wp-block-cover__image-background wp-image-4707\" alt=\"\" src=\"https:\/\/www.ifbaiano.edu.br\/unidades\/teixeira\/files\/2016\/12\/banner-campus-teixeira.jpg\" data-object-fit=\"cover\" \/><div class=\"wp-block-cover__inner-container\">\n<div class=\"wp-block-columns is-layout-flex wp-container-23\">\n<div class=\"wp-block-column is-layout-flow\" style=\"flex-basis:33.33%\"><div class=\"wp-block-image\">\n<figure class=\"aligncenter size-full is-resized\"><img decoding=\"async\" loading=\"lazy\" src=\"https:\/\/www.ifbaiano.edu.br\/unidades\/teixeira\/files\/2016\/07\/marca-if-baiano-campus-teixeira-de-freitas-horizontal.jpg\" alt=\"\" class=\"wp-image-4289\" width=\"200\" height=\"100\" \/><\/figure><\/div><\/div>\n\n\n\n<div class=\"wp-block-column is-layout-flow\" style=\"flex-basis:33.33%\">\n<div class=\"wp-block-buttons is-horizontal is-content-justification-center is-layout-flex wp-container-19\">\n<div class=\"wp-block-button is-style-fill\"><a class=\"wp-block-button__link has-black-color has-white-background-color has-text-color has-background wp-element-button\" href=\"https:\/\/www.ifbaiano.edu.br\/unidades\/teixeira\/aluno\/ingresso-de-estudantes-2022\/3\/\">Not\u00edcias<\/a><\/div>\n<\/div>\n<\/div>\n\n\n\n<div class=\"wp-block-column is-layout-flow\" style=\"flex-basis:33.33%\">\n<p class=\"has-text-align-center\"><strong>Siga nossas redes sociais<\/strong><\/p>\n\n\n\n<ul class=\"wp-block-social-links aligncenter has-icon-color has-icon-background-color items-justified-center is-layout-flex\"><li style=\"color: #000000; background-color: #ffffff; \" class=\"wp-social-link wp-social-link-instagram wp-block-social-link\"><a rel=\" noopener nofollow\" target=\"_blank\" href=\"https:\/\/www.instagram.com\/ifbaianoteixeiradefreitas\/\" class=\"wp-block-social-link-anchor\"><svg width=\"24\" height=\"24\" viewBox=\"0 0 24 24\" version=\"1.1\" xmlns=\"http:\/\/www.w3.org\/2000\/svg\" aria-hidden=\"true\" focusable=\"false\"><path d=\"M12,4.622c2.403,0,2.688,0.009,3.637,0.052c0.877,0.04,1.354,0.187,1.671,0.31c0.42,0.163,0.72,0.358,1.035,0.673 c0.315,0.315,0.51,0.615,0.673,1.035c0.123,0.317,0.27,0.794,0.31,1.671c0.043,0.949,0.052,1.234,0.052,3.637 s-0.009,2.688-0.052,3.637c-0.04,0.877-0.187,1.354-0.31,1.671c-0.163,0.42-0.358,0.72-0.673,1.035 c-0.315,0.315-0.615,0.51-1.035,0.673c-0.317,0.123-0.794,0.27-1.671,0.31c-0.949,0.043-1.233,0.052-3.637,0.052 s-2.688-0.009-3.637-0.052c-0.877-0.04-1.354-0.187-1.671-0.31c-0.42-0.163-0.72-0.358-1.035-0.673 c-0.315-0.315-0.51-0.615-0.673-1.035c-0.123-0.317-0.27-0.794-0.31-1.671C4.631,14.688,4.622,14.403,4.622,12 s0.009-2.688,0.052-3.637c0.04-0.877,0.187-1.354,0.31-1.671c0.163-0.42,0.358-0.72,0.673-1.035 c0.315-0.315,0.615-0.51,1.035-0.673c0.317-0.123,0.794-0.27,1.671-0.31C9.312,4.631,9.597,4.622,12,4.622 M12,3 C9.556,3,9.249,3.01,8.289,3.054C7.331,3.098,6.677,3.25,6.105,3.472C5.513,3.702,5.011,4.01,4.511,4.511 c-0.5,0.5-0.808,1.002-1.038,1.594C3.25,6.677,3.098,7.331,3.054,8.289C3.01,9.249,3,9.556,3,12c0,2.444,0.01,2.751,0.054,3.711 c0.044,0.958,0.196,1.612,0.418,2.185c0.23,0.592,0.538,1.094,1.038,1.594c0.5,0.5,1.002,0.808,1.594,1.038 c0.572,0.222,1.227,0.375,2.185,0.418C9.249,20.99,9.556,21,12,21s2.751-0.01,3.711-0.054c0.958-0.044,1.612-0.196,2.185-0.418 c0.592-0.23,1.094-0.538,1.594-1.038c0.5-0.5,0.808-1.002,1.038-1.594c0.222-0.572,0.375-1.227,0.418-2.185 C20.99,14.751,21,14.444,21,12s-0.01-2.751-0.054-3.711c-0.044-0.958-0.196-1.612-0.418-2.185c-0.23-0.592-0.538-1.094-1.038-1.594 c-0.5-0.5-1.002-0.808-1.594-1.038c-0.572-0.222-1.227-0.375-2.185-0.418C14.751,3.01,14.444,3,12,3L12,3z M12,7.378 c-2.552,0-4.622,2.069-4.622,4.622S9.448,16.622,12,16.622s4.622-2.069,4.622-4.622S14.552,7.378,12,7.378z M12,15 c-1.657,0-3-1.343-3-3s1.343-3,3-3s3,1.343,3,3S13.657,15,12,15z M16.804,6.116c-0.596,0-1.08,0.484-1.08,1.08 s0.484,1.08,1.08,1.08c0.596,0,1.08-0.484,1.08-1.08S17.401,6.116,16.804,6.116z\"><\/path><\/svg><span class=\"wp-block-social-link-label screen-reader-text\">https:\/\/www.instagram.com\/ifbaianoteixeiradefreitas\/<\/span><\/a><\/li>\n\n<li style=\"color: #000000; background-color: #ffffff; \" class=\"wp-social-link wp-social-link-facebook wp-block-social-link\"><a rel=\" noopener nofollow\" target=\"_blank\" href=\"https:\/\/www.facebook.com\/ifbaianoteixeiradefreitas\/\" class=\"wp-block-social-link-anchor\"><svg width=\"24\" height=\"24\" viewBox=\"0 0 24 24\" version=\"1.1\" xmlns=\"http:\/\/www.w3.org\/2000\/svg\" aria-hidden=\"true\" focusable=\"false\"><path d=\"M12 2C6.5 2 2 6.5 2 12c0 5 3.7 9.1 8.4 9.9v-7H7.9V12h2.5V9.8c0-2.5 1.5-3.9 3.8-3.9 1.1 0 2.2.2 2.2.2v2.5h-1.3c-1.2 0-1.6.8-1.6 1.6V12h2.8l-.4 2.9h-2.3v7C18.3 21.1 22 17 22 12c0-5.5-4.5-10-10-10z\"><\/path><\/svg><span class=\"wp-block-social-link-label screen-reader-text\">https:\/\/www.facebook.com\/ifbaianoteixeiradefreitas\/<\/span><\/a><\/li>\n\n<li style=\"color: #000000; background-color: #ffffff; \" class=\"wp-social-link wp-social-link-youtube wp-block-social-link\"><a rel=\" noopener nofollow\" target=\"_blank\" href=\"https:\/\/www.youtube.com\/c\/ifbaianoteixeiradefreitas\" class=\"wp-block-social-link-anchor\"><svg width=\"24\" height=\"24\" viewBox=\"0 0 24 24\" version=\"1.1\" xmlns=\"http:\/\/www.w3.org\/2000\/svg\" aria-hidden=\"true\" focusable=\"false\"><path d=\"M21.8,8.001c0,0-0.195-1.378-0.795-1.985c-0.76-0.797-1.613-0.801-2.004-0.847c-2.799-0.202-6.997-0.202-6.997-0.202 h-0.009c0,0-4.198,0-6.997,0.202C4.608,5.216,3.756,5.22,2.995,6.016C2.395,6.623,2.2,8.001,2.2,8.001S2,9.62,2,11.238v1.517 c0,1.618,0.2,3.237,0.2,3.237s0.195,1.378,0.795,1.985c0.761,0.797,1.76,0.771,2.205,0.855c1.6,0.153,6.8,0.201,6.8,0.201 s4.203-0.006,7.001-0.209c0.391-0.047,1.243-0.051,2.004-0.847c0.6-0.607,0.795-1.985,0.795-1.985s0.2-1.618,0.2-3.237v-1.517 C22,9.62,21.8,8.001,21.8,8.001z M9.935,14.594l-0.001-5.62l5.404,2.82L9.935,14.594z\"><\/path><\/svg><span class=\"wp-block-social-link-label screen-reader-text\">YouTube<\/span><\/a><\/li><\/ul>\n<\/div>\n<\/div>\n<\/div><\/div>\n\n\n\n<!--nextpage-->\n\n\n\n<div class=\"wp-block-columns has-background is-layout-flex wp-container-30\" style=\"background:linear-gradient(0deg,rgb(2,3,129) 0%,rgb(2,76,20) 100%)\">\n<div class=\"wp-block-column is-layout-flow\">\n<a href=\"https:\/\/www.ifbaiano.edu.br\/unidades\/teixeira\/aluno\/ingresso-de-estudantes-2022\/\"><div align=\"center\" id=\"documentoshome\"><div id=\"doctitulo\">\n\t\t\t\t\tIN\u00cdCIO\n\t\t\t\t<\/div><\/div><\/a>\n<\/div>\n\n\n\n<div class=\"wp-block-column is-layout-flow\">\n<a href=\"https:\/\/www.ifbaiano.edu.br\/unidades\/teixeira\/aluno\/ingresso-de-estudantes-2022\/2\/\"><div align=\"center\" id=\"documentoshome\"><div id=\"doctitulo\">\n\t\t\t\t\tEDITAL E ANEXOS\n\t\t\t\t<\/div><\/div><\/a>\n<\/div>\n\n\n\n<div class=\"wp-block-column is-layout-flow\">\n<a href=\"https:\/\/www.ifbaiano.edu.br\/unidades\/teixeira\/aluno\/ingresso-de-estudantes-2022\/3\/\"><div align=\"center\" id=\"documentoshome\"><div id=\"doctitulo\">\n\t\t\t\t\tNOT\u00cdCIAS\n\t\t\t\t<\/div><\/div><\/a>\n<\/div>\n\n\n\n<div class=\"wp-block-column is-layout-flow\">\n<a href=\"https:\/\/www.ifbaiano.edu.br\/unidades\/teixeira\/aluno\/ingresso-de-estudantes-2022\/4\/\"><div align=\"center\" id=\"documentoshome\"><div id=\"doctitulo\">\n\t\t\t\t\tD\u00daVIDAS\n\t\t\t\t<\/div><\/div><\/a>\n<\/div>\n\n\n\n<div class=\"wp-block-column is-layout-flow\">\n<a href=\"https:\/\/www.ifbaiano.edu.br\/unidades\/teixeira\/aluno\/ingresso-de-estudantes-2022\/5\/\"><div align=\"center\" id=\"documentoshome\"><div id=\"doctitulo\">\n\t\t\t\t\tCONTATO\n\t\t\t\t<\/div><\/div><\/a>\n<\/div>\n<\/div>\n\n\n\n<p class=\"has-text-align-center\"><strong>EDITAL E ANEXOS<\/strong><\/p>\n\n\n\n<div class=\"wp-block-columns is-layout-flex wp-container-35\">\n<div class=\"wp-block-column is-layout-flow\">\n<div align=\"center\" id=\"documentoshome\"><div id=\"doctitulo\">\n\t\t\t\t\tEDITAL INTEGRADO\n\t\t\t\t<\/div><\/div>\n\n\n\n<p><\/p>\n\n\n\n<p class=\"has-background\" style=\"background-color:#ffc905\"><a href=\"https:\/\/www.ifbaiano.edu.br\/unidades\/teixeira\/files\/2022\/06\/Edital-de-Matricula-Prosel-2022.pdf\" target=\"_blank\" rel=\"noreferrer noopener\">EDITAL DE MATR\u00cdCULA<\/a><\/p>\n\n\n\n<p class=\"has-background\" style=\"background-color:#ffc905\"><a href=\"https:\/\/www.ifbaiano.edu.br\/unidades\/teixeira\/files\/2022\/06\/Resultado-Final_INTEGRADO.pdf\" target=\"_blank\" rel=\"noreferrer noopener\">RESULTADO FINAL<\/a><\/p>\n\n\n\n<p class=\"has-background\" style=\"background-color:#ffc905\"><a href=\"https:\/\/www.ifbaiano.edu.br\/unidades\/teixeira\/files\/2022\/06\/Resultado-de-Recursos_Integrado.pdf\" target=\"_blank\" rel=\"noreferrer noopener\">RECURSOS RESULTADO PRELIMINAR<\/a><\/p>\n\n\n\n<p class=\"has-background\" style=\"background-color:#ffc905\"><a href=\"https:\/\/www.ifbaiano.edu.br\/unidades\/teixeira\/files\/2022\/06\/Resultado-preliminar-pos_INTEGRADO.pdf\" target=\"_blank\" rel=\"noreferrer noopener\">RESULTADO PRELIMINAR<\/a><\/p>\n\n\n\n<p class=\"has-background\" style=\"background-color:#ffc905\"><a rel=\"noreferrer noopener\" href=\"https:\/\/www.ifbaiano.edu.br\/unidades\/teixeira\/files\/2022\/05\/INTEGRADO_RESULTADO-DOS-RECURSOS_HOMOLOGACAO.pdf\" target=\"_blank\">RESULTADO DOS RECURSOS<\/a><\/p>\n\n\n\n<p class=\"has-background\" style=\"background-color:#ffc905\"><a href=\"https:\/\/www.ifbaiano.edu.br\/unidades\/teixeira\/files\/2022\/05\/LISTA-PRELIMINAR-DAS-INSCRICOES-ACEITAS_INTEGRADO.pdf\" target=\"_blank\" rel=\"noreferrer noopener\">LISTA PRELIMINAR DAS INSCRI\u00c7\u00d5ES&nbsp;ACEITAS<\/a><\/p>\n\n\n\n<p class=\"has-background\" style=\"background-color:#ffc905\"><a href=\"https:\/\/www.ifbaiano.edu.br\/unidades\/teixeira\/files\/2022\/05\/Edital-de-Retificacao-no-08-de-27-de-abril-de-2022-INTEGRADO.pdf\" target=\"_blank\" rel=\"noreferrer noopener\">Retifica\u00e7\u00e3o &#8211; Edital N\u00ba 06 &#8211; Processo Seletivo Cursos Integrados<\/a><\/p>\n\n\n\n<p class=\"has-background\" style=\"background-color:#ffc905\"><a href=\"https:\/\/www.ifbaiano.edu.br\/unidades\/teixeira\/files\/2022\/03\/Edital-Integrado.pdf\" target=\"_blank\" rel=\"noreferrer noopener\">Edital N\u00ba 06 &#8211; Processo Seletivo Cursos Integrados<\/a><\/p>\n\n\n\n<p class=\"has-background\" style=\"background-color:#fff2c5\"><a href=\"https:\/\/www.ifbaiano.edu.br\/unidades\/teixeira\/files\/2022\/03\/Anexo-I.-Equivalencia-de-conceitos-e-notas.pdf\" target=\"_blank\" rel=\"noreferrer noopener\">Anexo I &#8211; Equival\u00eancia de conceitos e notas<\/a><\/p>\n\n\n\n<p class=\"has-background\" style=\"background-color:#fff2c5\"><a href=\"https:\/\/www.ifbaiano.edu.br\/unidades\/teixeira\/files\/2022\/03\/Anexo-II.-Consolidacao-da-renda-familiar.pdf\" target=\"_blank\" rel=\"noreferrer noopener\">Anexo II &#8211; Consolida\u00e7\u00e3o da renda familiar<\/a><\/p>\n\n\n\n<p class=\"has-background\" style=\"background-color:#fff2c5\"><a href=\"https:\/\/www.ifbaiano.edu.br\/unidades\/teixeira\/files\/2022\/03\/Anexo-III.-Autodeclaracao-etnico-racial.pdf\" target=\"_blank\" rel=\"noreferrer noopener\">Anexo III &#8211; Autodeclara\u00e7\u00e3o \u00e9tnico-racial<\/a><\/p>\n\n\n\n<p class=\"has-background\" style=\"background-color:#fff2c5\"><a href=\"https:\/\/www.ifbaiano.edu.br\/unidades\/teixeira\/files\/2022\/03\/Anexo-IV.-Declaracao-de-pessoa-com-deficiencia.pdf\" target=\"_blank\" rel=\"noreferrer noopener\">Anexo IV &#8211; Declara\u00e7\u00e3o de pessoa com defici\u00eancia<\/a><\/p>\n\n\n\n<p class=\"has-background\" style=\"background-color:#fff2c5\"><a href=\"https:\/\/www.ifbaiano.edu.br\/unidades\/teixeira\/files\/2022\/03\/Anexo-V.-Declaracao-de-Historico-Escolar-do-Ensino-Fundamental.pdf\" target=\"_blank\" rel=\"noreferrer noopener\">Anexo V &#8211; Declara\u00e7\u00e3o de Hist\u00f3rico Escolar do Ensino Fundamental<\/a><\/p>\n\n\n\n<p class=\"has-background\" style=\"background-color:#fff2c5\"><a href=\"https:\/\/www.ifbaiano.edu.br\/unidades\/teixeira\/files\/2022\/03\/Anexo-VI.-Declaracao-de-Escola-Publica.pdf\" target=\"_blank\" rel=\"noreferrer noopener\">Anexo VI &#8211; Declara\u00e7\u00e3o de Escola P\u00fablica<\/a><\/p>\n\n\n\n<p class=\"has-background\" style=\"background-color:#fff2c5\"><a href=\"https:\/\/www.ifbaiano.edu.br\/unidades\/teixeira\/files\/2022\/03\/Anexo-VII.-Autodeclaracao-de-Renda.pdf\" target=\"_blank\" rel=\"noreferrer noopener\">Anexo VII &#8211; Autodeclara\u00e7\u00e3o de Renda<\/a><\/p>\n\n\n\n<p class=\"has-background\" style=\"background-color:#fff2c5\"><a rel=\"noreferrer noopener\" href=\"https:\/\/www.ifbaiano.edu.br\/unidades\/teixeira\/files\/2022\/03\/Anexo-VIII.-Formulario-para-Recurso.pdf\" target=\"_blank\">Anexo VIII &#8211; Formul\u00e1rio para Recurso<\/a><\/p>\n\n\n\n<hr class=\"wp-block-separator has-css-opacity aligncenter\" \/>\n\n\n\n<p class=\"has-text-align-center\"><strong>INSCREVA-SE<\/strong><\/p>\n\n\n\n<div class=\"wp-block-buttons is-horizontal is-content-justification-center is-layout-flex wp-container-31\">\n<div class=\"wp-block-button has-custom-font-size has-medium-font-size\"><a class=\"wp-block-button__link has-black-color has-white-background-color has-text-color has-background wp-element-button\" href=\"https:\/\/opinanovo.ifbaiano.edu.br\/index.php\/378568?lang=ptBR\" target=\"_blank\" rel=\"noreferrer noopener\"><strong>CURSOS INTEGRADOS<\/strong><\/a><\/div>\n<\/div>\n<\/div>\n\n\n\n<div class=\"wp-block-column is-layout-flow\">\n<div align=\"center\" id=\"documentoshome\"><div id=\"doctitulo\">\n\t\t\t\t\tEDITAL SUBSEQUENTE\n\t\t\t\t<\/div><\/div>\n\n\n\n<p><\/p>\n\n\n\n<p class=\"has-background\" style=\"background-color:#00fff5\"><a href=\"https:\/\/www.ifbaiano.edu.br\/unidades\/teixeira\/files\/2022\/06\/Edital-de-Matricula-Prosel-2022.pdf\" target=\"_blank\" rel=\"noreferrer noopener\">EDITAL DE MATR\u00cdCULA<\/a><\/p>\n\n\n\n<p class=\"has-background\" style=\"background-color:#00fff5\"><a href=\"https:\/\/www.ifbaiano.edu.br\/unidades\/teixeira\/files\/2022\/06\/Resultado-Final_SUBSEQUENTE.pdf\" target=\"_blank\" rel=\"noreferrer noopener\">RESULTADO FINAL<\/a><\/p>\n\n\n\n<p class=\"has-background\" style=\"background-color:#00fff5\"><a href=\"https:\/\/www.ifbaiano.edu.br\/unidades\/teixeira\/files\/2022\/06\/Resultado-de-Recursos_Subsequente.pdf\" target=\"_blank\" rel=\"noreferrer noopener\">RECURSOS RESULTADO PRELIMINAR<\/a><\/p>\n\n\n\n<p class=\"has-background\" style=\"background-color:#00fff5\"><a href=\"https:\/\/www.ifbaiano.edu.br\/unidades\/teixeira\/files\/2022\/06\/Resultado-preliminar-pos_SUBSEQUENTE.pdf\" target=\"_blank\" rel=\"noreferrer noopener\">RESULTADO PRELIMINAR<\/a><\/p>\n\n\n\n<p class=\"has-background\" style=\"background-color:#00fff5\"><a rel=\"noreferrer noopener\" href=\"https:\/\/www.ifbaiano.edu.br\/unidades\/teixeira\/files\/2022\/05\/SUBSEQUENTE__RESULTADO-DOS-RECURSOS_HOMOLOGACAO.pdf\" target=\"_blank\">RESULTADO DOS RECURSOS<\/a><\/p>\n\n\n\n<p class=\"has-background\" style=\"background-color:#00fff5\"><a href=\"https:\/\/www.ifbaiano.edu.br\/unidades\/teixeira\/files\/2022\/05\/LISTA-DE-HOMOLOGACAO-DAS-MANIFESTACOES-DE-INTERESSE_SUBSEQUENTE.pdf\" target=\"_blank\" rel=\"noreferrer noopener\">LISTA DE HOMOLOGA\u00c7\u00c3O DAS MANIFESTA\u00c7\u00d5ES DE&nbsp;INTERESSE<\/a><\/p>\n\n\n\n<p class=\"has-background\" style=\"background-color:#00fff5\"><a href=\"https:\/\/www.ifbaiano.edu.br\/unidades\/teixeira\/files\/2022\/05\/Edital-de-Retificacao-no-09-de-27-de-abril-de-2022-SUBSEQUENTE.pdf\" target=\"_blank\" rel=\"noreferrer noopener\">Retifica\u00e7\u00e3o &#8211; Edital N\u00ba 07 &#8211; Processo Seletivo Cursos Subsequente<\/a><\/p>\n\n\n\n<p class=\"has-background\" style=\"background-color:#00fff5\"><a href=\"https:\/\/www.ifbaiano.edu.br\/unidades\/teixeira\/files\/2022\/03\/Edital-Subsequente.pdf\" target=\"_blank\" rel=\"noreferrer noopener\">Edital N\u00ba 07 &#8211; Processo Seletivo Cursos Subsequente<\/a><\/p>\n\n\n\n<p class=\"has-background\" style=\"background-color:#cdf0ff\"><a href=\"https:\/\/www.ifbaiano.edu.br\/unidades\/teixeira\/files\/2022\/03\/Anexo-I.-Formulario-para-Recurso.pdf\" target=\"_blank\" rel=\"noreferrer noopener\">Anexo I &#8211; Formul\u00e1rio para recurso<\/a><\/p>\n\n\n\n<p class=\"has-background\" style=\"background-color:#cdf0ff\"><a href=\"https:\/\/www.ifbaiano.edu.br\/unidades\/teixeira\/files\/2022\/03\/Anexo-II.-Formulario-para-Manifestacao-de-Interesse.pdf\" target=\"_blank\" rel=\"noreferrer noopener\">Anexo II. Formul\u00e1rio para Manifesta\u00e7\u00e3o de Interesse<\/a><\/p>\n\n\n\n<p class=\"has-background\" style=\"background-color:#cdf0ff\"><a href=\"https:\/\/www.ifbaiano.edu.br\/unidades\/teixeira\/files\/2022\/03\/Anexo-III.-Consolidacao-da-Renda.pdf\" target=\"_blank\" rel=\"noreferrer noopener\">Anexo III. Consolida\u00e7\u00e3o da Renda<\/a><\/p>\n\n\n\n<p class=\"has-background\" style=\"background-color:#cdf0ff\"><a href=\"https:\/\/www.ifbaiano.edu.br\/unidades\/teixeira\/files\/2022\/03\/Anexo-IV.-Autodeclaracao-Etnico-Racial.pdf\" target=\"_blank\" rel=\"noreferrer noopener\">Anexo IV. Autodeclara\u00e7\u00e3o \u00c9tnico-Racial<\/a><\/p>\n\n\n\n<p class=\"has-background\" style=\"background-color:#cdf0ff\"><a href=\"https:\/\/www.ifbaiano.edu.br\/unidades\/teixeira\/files\/2022\/03\/Anexo-V.-Declaracao-de-pessoa-com-deficiencia.pdf\" target=\"_blank\" rel=\"noreferrer noopener\">Anexo V. Declara\u00e7\u00e3o de pessoa com defici\u00eancia<\/a><\/p>\n\n\n\n<p class=\"has-background\" style=\"background-color:#cdf0ff\"><a href=\"https:\/\/www.ifbaiano.edu.br\/unidades\/teixeira\/files\/2022\/03\/Anexo-VI.-Declaracao-de-Escola-Publica-1.pdf\" target=\"_blank\" rel=\"noreferrer noopener\">Anexo VI. Declara\u00e7\u00e3o de Escola P\u00fablica<\/a><\/p>\n\n\n\n<p class=\"has-background\" style=\"background-color:#cdf0ff\"><a href=\"https:\/\/www.ifbaiano.edu.br\/unidades\/teixeira\/files\/2022\/03\/Anexo-VII.-Autodeclaracao-de-Renda-1.pdf\" target=\"_blank\" rel=\"noreferrer noopener\">Anexo VII. Autodeclara\u00e7\u00e3o de Renda<\/a><\/p>\n\n\n\n<hr class=\"wp-block-separator has-css-opacity aligncenter\" \/>\n\n\n\n<p class=\"has-text-align-center\"><strong>INSCREVA-SE<\/strong><\/p>\n\n\n\n<div class=\"wp-block-buttons is-horizontal is-content-justification-center is-layout-flex wp-container-33\">\n<div class=\"wp-block-button has-custom-font-size is-style-fill has-medium-font-size\"><a class=\"wp-block-button__link has-black-color has-white-background-color has-text-color has-background wp-element-button\" href=\"https:\/\/opinanovo.ifbaiano.edu.br\/index.php\/116741?%20lang=pt-BR\" target=\"_blank\" rel=\"noreferrer noopener\"><strong>CURSOS SUBSEQUENTES<\/strong><\/a><\/div>\n<\/div>\n<\/div>\n<\/div>\n\n\n\n<div class=\"wp-block-columns is-layout-flex wp-container-38\">\n<div class=\"wp-block-column is-layout-flow\" style=\"flex-basis:50%\"><\/div>\n\n\n\n<div class=\"wp-block-column is-layout-flow\">\n<p><\/p>\n<\/div>\n<\/div>\n\n\n\n<!--nextpage-->\n\n\n\n<div class=\"wp-block-columns has-background is-layout-flex wp-container-44\" style=\"background:linear-gradient(0deg,rgb(2,3,129) 0%,rgb(2,76,20) 100%)\">\n<div class=\"wp-block-column is-layout-flow\">\n<a href=\"https:\/\/www.ifbaiano.edu.br\/unidades\/teixeira\/aluno\/ingresso-de-estudantes-2022\/\"><div align=\"center\" id=\"documentoshome\"><div id=\"doctitulo\">\n\t\t\t\t\tIN\u00cdCIO\n\t\t\t\t<\/div><\/div><\/a>\n<\/div>\n\n\n\n<div class=\"wp-block-column is-layout-flow\">\n<a href=\"https:\/\/www.ifbaiano.edu.br\/unidades\/teixeira\/aluno\/ingresso-de-estudantes-2022\/2\/\"><div align=\"center\" id=\"documentoshome\"><div id=\"doctitulo\">\n\t\t\t\t\tEDITAL E ANEXOS\n\t\t\t\t<\/div><\/div><\/a>\n<\/div>\n\n\n\n<div class=\"wp-block-column is-layout-flow\">\n<a href=\"https:\/\/www.ifbaiano.edu.br\/unidades\/teixeira\/aluno\/ingresso-de-estudantes-2022\/3\/\"><div align=\"center\" id=\"documentoshome\"><div id=\"doctitulo\">\n\t\t\t\t\tNOT\u00cdCIAS\n\t\t\t\t<\/div><\/div><\/a>\n<\/div>\n\n\n\n<div class=\"wp-block-column is-layout-flow\">\n<a href=\"https:\/\/www.ifbaiano.edu.br\/unidades\/teixeira\/aluno\/ingresso-de-estudantes-2022\/4\/\"><div align=\"center\" id=\"documentoshome\"><div id=\"doctitulo\">\n\t\t\t\t\tD\u00daVIDAS\n\t\t\t\t<\/div><\/div><\/a>\n<\/div>\n\n\n\n<div class=\"wp-block-column is-layout-flow\">\n<a href=\"https:\/\/www.ifbaiano.edu.br\/unidades\/teixeira\/aluno\/ingresso-de-estudantes-2022\/5\/\"><div align=\"center\" id=\"documentoshome\"><div id=\"doctitulo\">\n\t\t\t\t\tCONTATO\n\t\t\t\t<\/div><\/div><\/a>\n<\/div>\n<\/div>\n\n\n\n<p class=\"has-text-align-center has-medium-font-size\"><strong>NOT\u00cdCIAS<\/strong><\/p>\n\n\n\n<div class=\"wp-block-columns is-layout-flex wp-container-47\">\n<div class=\"wp-block-column is-layout-flow\">\n<figure class=\"wp-block-embed is-type-wp-embed is-provider-campus-teixeira-de-freitas wp-block-embed-campus-teixeira-de-freitas\"><div class=\"wp-block-embed__wrapper\">\n<blockquote class=\"wp-embedded-content\" data-secret=\"69c20wU2MN\"><a href=\"https:\/\/www.ifbaiano.edu.br\/unidades\/teixeira\/confira-o-edital-e-anexos-do-prosel-2022\/\">Confira o edital e anexos do PROSEL 2022<\/a><\/blockquote><iframe class=\"wp-embedded-content\" sandbox=\"allow-scripts\" security=\"restricted\" style=\"position: absolute; clip: rect(1px, 1px, 1px, 1px);\" title=\"&#8220;Confira o edital e anexos do PROSEL 2022&#8221; &#8212; Campus Teixeira de Freitas\" src=\"https:\/\/www.ifbaiano.edu.br\/unidades\/teixeira\/confira-o-edital-e-anexos-do-prosel-2022\/embed\/#?secret=903WIs0skc#?secret=69c20wU2MN\" data-secret=\"69c20wU2MN\" width=\"500\" height=\"282\" frameborder=\"0\" marginwidth=\"0\" marginheight=\"0\" scrolling=\"no\"><\/iframe>\n<\/div><\/figure>\n<\/div>\n\n\n\n<div class=\"wp-block-column is-layout-flow\">\n<figure class=\"wp-block-embed aligncenter is-type-wp-embed is-provider-campus-teixeira-de-freitas wp-block-embed-campus-teixeira-de-freitas\"><div class=\"wp-block-embed__wrapper\">\n<blockquote class=\"wp-embedded-content\" data-secret=\"cmNHLldB07\"><a href=\"https:\/\/www.ifbaiano.edu.br\/unidades\/teixeira\/prosel-2022-nota-informativa-campus-teixeira-de-freitas\/\">PROSEL 2022 &#8211; Nota Informativa &#8211; Campus Teixeira de Freitas<\/a><\/blockquote><iframe class=\"wp-embedded-content\" sandbox=\"allow-scripts\" security=\"restricted\" style=\"position: absolute; clip: rect(1px, 1px, 1px, 1px);\" title=\"&#8220;PROSEL 2022 &#8211; Nota Informativa &#8211; Campus Teixeira de Freitas&#8221; &#8212; Campus Teixeira de Freitas\" src=\"https:\/\/www.ifbaiano.edu.br\/unidades\/teixeira\/prosel-2022-nota-informativa-campus-teixeira-de-freitas\/embed\/#?secret=q7sjhE4c4B#?secret=cmNHLldB07\" data-secret=\"cmNHLldB07\" width=\"500\" height=\"282\" frameborder=\"0\" marginwidth=\"0\" marginheight=\"0\" scrolling=\"no\"><\/iframe>\n<\/div><\/figure>\n<\/div>\n<\/div>\n\n\n\n<!--nextpage-->\n\n\n\n<div class=\"wp-block-columns has-background is-layout-flex wp-container-53\" style=\"background:linear-gradient(0deg,rgb(2,3,129) 0%,rgb(2,76,20) 100%)\">\n<div class=\"wp-block-column is-layout-flow\">\n<a href=\"https:\/\/www.ifbaiano.edu.br\/unidades\/teixeira\/aluno\/ingresso-de-estudantes-2022\/\"><div align=\"center\" id=\"documentoshome\"><div id=\"doctitulo\">\n\t\t\t\t\tIN\u00cdCIO\n\t\t\t\t<\/div><\/div><\/a>\n<\/div>\n\n\n\n<div class=\"wp-block-column is-layout-flow\">\n<a href=\"https:\/\/www.ifbaiano.edu.br\/unidades\/teixeira\/aluno\/ingresso-de-estudantes-2022\/2\/\"><div align=\"center\" id=\"documentoshome\"><div id=\"doctitulo\">\n\t\t\t\t\tEDITAL E ANEXOS\n\t\t\t\t<\/div><\/div><\/a>\n<\/div>\n\n\n\n<div class=\"wp-block-column is-layout-flow\">\n<a href=\"https:\/\/www.ifbaiano.edu.br\/unidades\/teixeira\/aluno\/ingresso-de-estudantes-2022\/3\/\"><div align=\"center\" id=\"documentoshome\"><div id=\"doctitulo\">\n\t\t\t\t\tNOT\u00cdCIAS\n\t\t\t\t<\/div><\/div><\/a>\n<\/div>\n\n\n\n<div class=\"wp-block-column is-layout-flow\">\n<a href=\"https:\/\/www.ifbaiano.edu.br\/unidades\/teixeira\/aluno\/ingresso-de-estudantes-2022\/4\/\"><div align=\"center\" id=\"documentoshome\"><div id=\"doctitulo\">\n\t\t\t\t\tD\u00daVIDAS\n\t\t\t\t<\/div><\/div><\/a>\n<\/div>\n\n\n\n<div class=\"wp-block-column is-layout-flow\">\n<a href=\"https:\/\/www.ifbaiano.edu.br\/unidades\/teixeira\/aluno\/ingresso-de-estudantes-2022\/5\/\"><div align=\"center\" id=\"documentoshome\"><div id=\"doctitulo\">\n\t\t\t\t\tCONTATO\n\t\t\t\t<\/div><\/div><\/a>\n<\/div>\n<\/div>\n\n\n\n<p>D\u00daVIDAS<\/p>\n\n\n\n<!--nextpage-->\n\n\n\n<div class=\"wp-block-columns has-background is-layout-flex wp-container-59\" style=\"background:linear-gradient(0deg,rgb(2,3,129) 0%,rgb(2,76,20) 100%)\">\n<div class=\"wp-block-column is-layout-flow\">\n<a href=\"https:\/\/www.ifbaiano.edu.br\/unidades\/teixeira\/aluno\/ingresso-de-estudantes-2022\/\"><div align=\"center\" id=\"documentoshome\"><div id=\"doctitulo\">\n\t\t\t\t\tIN\u00cdCIO\n\t\t\t\t<\/div><\/div><\/a>\n<\/div>\n\n\n\n<div class=\"wp-block-column is-layout-flow\">\n<a href=\"https:\/\/www.ifbaiano.edu.br\/unidades\/teixeira\/aluno\/ingresso-de-estudantes-2022\/2\/\"><div align=\"center\" id=\"documentoshome\"><div id=\"doctitulo\">\n\t\t\t\t\tEDITAL E ANEXOS\n\t\t\t\t<\/div><\/div><\/a>\n<\/div>\n\n\n\n<div class=\"wp-block-column is-layout-flow\">\n<a href=\"https:\/\/www.ifbaiano.edu.br\/unidades\/teixeira\/aluno\/ingresso-de-estudantes-2022\/3\/\"><div align=\"center\" id=\"documentoshome\"><div id=\"doctitulo\">\n\t\t\t\t\tNOT\u00cdCIAS\n\t\t\t\t<\/div><\/div><\/a>\n<\/div>\n\n\n\n<div class=\"wp-block-column is-layout-flow\">\n<a href=\"https:\/\/www.ifbaiano.edu.br\/unidades\/teixeira\/aluno\/ingresso-de-estudantes-2022\/4\/\"><div align=\"center\" id=\"documentoshome\"><div id=\"doctitulo\">\n\t\t\t\t\tD\u00daVIDAS\n\t\t\t\t<\/div><\/div><\/a>\n<\/div>\n\n\n\n<div class=\"wp-block-column is-layout-flow\">\n<a href=\"https:\/\/www.ifbaiano.edu.br\/unidades\/teixeira\/aluno\/ingresso-de-estudantes-2022\/5\/\"><div align=\"center\" id=\"documentoshome\"><div id=\"doctitulo\">\n\t\t\t\t\tCONTATO\n\t\t\t\t<\/div><\/div><\/a>\n<\/div>\n<\/div>\n\n\n\n<div class=\"wp-block-columns is-layout-flex wp-container-62\">\n<div class=\"wp-block-column is-layout-flow\" style=\"flex-basis:33.33%\">\n<p class=\"has-large-font-size\"><strong>CONTATO:<\/strong><\/p>\n\n\n\n<p>E-mail: prosel@teixeira.ifbaiano.edu.br<\/p>\n\n\n\n<p><\/p>\n\n\n\n<p><\/p>\n\n\n\n<p><strong>Portaria de nomea\u00e7\u00e3o:<\/strong> <strong><a rel=\"noreferrer noopener\" href=\"https:\/\/www.ifbaiano.edu.br\/unidades\/teixeira\/files\/2022\/02\/Portaria-11-2022-Comissao-do-Processo-Seletivo-de-Estudantes.pdf\" target=\"_blank\">Acesse aqui<\/a><\/strong><\/p>\n<\/div>\n\n\n\n<div class=\"wp-block-column is-layout-flow\" style=\"flex-basis:66.66%\">\n<p class=\"has-large-font-size\"><strong>COMISS\u00c3O:<\/strong><\/p>\n\n\n\n<p>Clovis Costa dos Santos &#8211; Presidente<br>Carla Ferreira Santos Rangel Cruz &#8211; Membra<br>Gabrielli Ornellas Schramm &#8211; Membra<br>Greice Moraes Correia Fonseca &#8211; Membra<br>Jardelson Rocha Oliveira &#8211; Membro<br>Jonatas Vinicius Souza dos Santos &#8211; Membro<br>Jose Pereira Torres &#8211; Membro<br>Marilene Fontoura Alves &#8211; Membra<\/p>\n<\/div>\n<\/div>\n\n\n\n<p><\/p>\n","protected":false},"excerpt":{"rendered":"<p>Clique na imagem para acessar os editais<\/p>\n","protected":false},"author":31,"featured_media":0,"parent":56,"menu_order":0,"comment_status":"closed","ping_status":"closed","template":"","meta":[],"_links":{"self":[{"href":"https:\/\/www.ifbaiano.edu.br\/unidades\/teixeira\/wp-json\/wp\/v2\/pages\/10941"}],"collection":[{"href":"https:\/\/www.ifbaiano.edu.br\/unidades\/teixeira\/wp-json\/wp\/v2\/pages"}],"about":[{"href":"https:\/\/www.ifbaiano.edu.br\/unidades\/teixeira\/wp-json\/wp\/v2\/types\/page"}],"author":[{"embeddable":true,"href":"https:\/\/www.ifbaiano.edu.br\/unidades\/teixeira\/wp-json\/wp\/v2\/users\/31"}],"replies":[{"embeddable":true,"href":"https:\/\/www.ifbaiano.edu.br\/unidades\/teixeira\/wp-json\/wp\/v2\/comments?post=10941"}],"version-history":[{"count":80,"href":"https:\/\/www.ifbaiano.edu.br\/unidades\/teixeira\/wp-json\/wp\/v2\/pages\/10941\/revisions"}],"predecessor-version":[{"id":12994,"href":"https:\/\/www.ifbaiano.edu.br\/unidades\/teixeira\/wp-json\/wp\/v2\/pages\/10941\/revisions\/12994"}],"up":[{"embeddable":true,"href":"https:\/\/www.ifbaiano.edu.br\/unidades\/teixeira\/wp-json\/wp\/v2\/pages\/56"}],"wp:attachment":[{"href":"https:\/\/www.ifbaiano.edu.br\/unidades\/teixeira\/wp-json\/wp\/v2\/media?parent=10941"}],"curies":[{"name":"wp","href":"https:\/\/api.w.org\/{rel}","templated":true}]}}