{"id":117,"date":"2011-05-19T16:41:33","date_gmt":"2011-05-19T16:41:33","guid":{"rendered":"http:\/\/localhost\/unidades\/bonfim\/?page_id=117"},"modified":"2025-09-26T23:02:31","modified_gmt":"2025-09-27T02:02:31","slug":"comunicacao","status":"publish","type":"page","link":"https:\/\/www.ifbaiano.edu.br\/unidades\/teixeira\/comunicacao\/comunicacao\/","title":{"rendered":"Comunica\u00e7\u00e3o"},"content":{"rendered":"\n<div id=\"documentoshome\"><div id=\"doctitulo\">\n\t\t\t\t\tSOBRE\n\t\t\t\t<\/div><\/div>\n\n\n\n<p>As a\u00e7\u00f5es de comunica\u00e7\u00e3o institucional do Instituto Federal de Educa\u00e7\u00e3o, Ci\u00eancia e Tecnologia Baiano (IF Baiano) s\u00e3o de responsabilidade de Coordena\u00e7\u00e3o de Comunica\u00e7\u00e3o Social, localizada na Reitoria.<\/p>\n\n\n\n<p>Os <em>campi<\/em> possuem um N\u00facleo de Comunica\u00e7\u00e3o e Eventos que executam a\u00e7\u00f5es locais sob a orienta\u00e7\u00e3o da Coordena\u00e7\u00e3o de Comunica\u00e7\u00e3o Social.<\/p>\n\n\n\n<p>S\u00e3o objetivos do setor a cria\u00e7\u00e3o, manuten\u00e7\u00e3o e afirma\u00e7\u00e3o da identidade institucional. A comunica\u00e7\u00e3o cumpre o papel de criar um f\u00f3rum de interlocu\u00e7\u00e3o entre estudantes, corpo t\u00e9cnico-administrativo, docentes, dirigentes e comunidade civil. Faz isso por meio de publica\u00e7\u00f5es de fotos e textos em jornais, revistas, prospectos e s\u00edtios eletr\u00f4nicos; uso de redes sociais e contato com a imprensa em geral.<\/p>\n\n\n\n<p>Para cumprir tal objetivo, temos como base as normas constitucionais que embasam a pol\u00edtica de comunica\u00e7\u00e3o da SETEC\/MEC. Integramos ainda o F\u00f3rum de Comunicadores da Rede Federal de Educa\u00e7\u00e3o Profissional, Cient\u00edfica e Tecnol\u00f3gica.<\/p>\n\n\n\n<div id=\"documentoshome\"><div id=\"doctitulo\">\n\t\t\t\t\tEQUIPE\n\t\t\t\t<\/div><\/div>\n\n\n\n<p><strong>Chefe do N\u00facleo de Comunica\u00e7\u00e3o Social &#8211; NUCS<\/strong><br>Daniel Sigo<br><br><strong>Chefe Substituto<\/strong> <strong>do N\u00facleo de Comunica\u00e7\u00e3o e Eventos &#8211; NCE<\/strong><br>Jaqueline Souza<br><br><strong>Comiss\u00e3o de Apoio ao N\u00facleo de Comunica\u00e7\u00e3o e Eventos &#8211; NCE<\/strong><br>Carla Ferreira Santos Rangel Cruz &#8211; <em>T\u00e9cnico em Laborat\u00f3rio\/Qu\u00edmica<\/em><br>Daniel Anacleto Ribeiro Costa dos Santos &#8211; <em>Assistente em Administra\u00e7\u00e3o<\/em> <br>Daniel Silva Gon\u00e7alves &#8211; <em>T\u00e9cnico em Audiovisual<\/em> <br>Marcelo Giovani de Oliveira &#8211; <em>T\u00e9cnico em Audiovisual<\/em><br>Marilene Fontoura Alves &#8211; <em>Assistente de Aluno<\/em><br><\/p>\n\n\n\n<div id=\"documentoshome\"><div id=\"doctitulo\">\n\t\t\t\t\tCONTATO\n\t\t\t\t<\/div><\/div>\n\n\n\n<p><strong>Telefones:<\/strong><br>&#8211;<br><strong>E-mail:<\/strong><br>comunicacao@teixeira.ifbaiano.edu.br<\/p>\n\n\n\n<table class=\"wp-block-table is-style-stripes\">\n<tbody>\n<tr>\n<td width=\"350\">\n<div id=\"ProreitoriaTopoTitulo\">REDES SOCIAIS<\/div>\n<p>Facebook &#8211; <a href=\"https:\/\/www.facebook.com\/ifbaianoteixeiradefreitas\" target=\"_blank\" rel=\"noreferrer noopener\" aria-label=\" (abre numa nova aba)\">@ifbaianoteixeiradefreitas<\/a><br>Instagram &#8211; <a rel=\"noreferrer noopener\" aria-label=\" (abre numa nova aba)\" href=\"https:\/\/www.instagram.com\/ifbaianoteixeiradefreitas\/\" target=\"_blank\">@ifbaianoteixeiradefreitas<\/a><br>Twitter &#8211; <a rel=\"noreferrer noopener\" aria-label=\" (abre numa nova aba)\" href=\"https:\/\/twitter.com\/IFBaianoOficial\" target=\"_blank\">@IFBaianoOficial<\/a><br>Flickr &#8211; <a rel=\"noreferrer noopener\" aria-label=\" (abre numa nova aba)\" href=\"https:\/\/www.flickr.com\/photos\/ifbaiano\/\" target=\"_blank\">@ifbaiano<\/a><br>TV Bem Baiano &#8211; <a rel=\"noreferrer noopener\" aria-label=\" (abre numa nova aba)\" href=\"https:\/\/www.youtube.com\/user\/ifbaianooficial\" target=\"_blank\">@ifbaianooficial<\/a><br>Blog Bem Baiano &#8211; <a rel=\"noreferrer noopener\" aria-label=\" (abre numa nova aba)\" href=\"http:\/\/ifbaiano.edu.br\/portal\/blogbembaiano\/\" target=\"_blank\">BemBaiano<\/a><\/p>\n<\/td>\n<td width=\"350\" valign=\"top\" align=\"center\" bgcolor=\"#E8FDE7\"><div id=\"ProreitoriaTopoTitulo\">NOSSA MARCA<\/div>\n<figure class=\"wp-block-image is-resized\"><img decoding=\"async\" src=\"http:\/\/ifbaiano.edu.br\/portal\/wp-content\/uploads\/2015\/10\/marca-if-baiano-campus-teixeira-de-freitas-horizontal.png\"><\/figure><strong>DOWNLOAD<\/strong>(<a rel=\"noreferrer noopener\" href=\"http:\/\/www.ifbaiano.edu.br\/unidades\/teixeira\/comunicacao\/identidade-visual\/\">CLIQUE AQUI<\/a>)\n<\/td>\n<td width=\"270\" valign=\"top\" align=\"center\"><div id=\"ProreitoriaTopoTitulo\" align=\"right\">MANUAIS E DOCUMENTOS NORTEADORES<\/div><br><br>\n<strong><a href=\"http:\/\/www.ifbaiano.edu.br\/unidades\/teixeira\/comunicacao\/identidade-visual\/\" target=\"_blank\" rel=\"noreferrer noopener\" aria-label=\" (abre numa nova aba)\">IDENTIDADE VISUAL<\/a><\/strong><br><br>\n<strong><a href=\"http:\/\/www.ifbaiano.edu.br\/unidades\/teixeira\/comunicacao\/identidade-visual\/\" target=\"_blank\" rel=\"noreferrer noopener\" aria-label=\" (abre numa nova aba)\">MANUAIS E PADR\u00d5ES<\/a><\/strong>\n<\/td>\n<\/tr>\n<\/tbody>\n<\/table>\n\n\n\n<div id=\"ProreitoriaTopoTitulo\">\n\t\t\t\t\t\n\t\t\t\t<\/div>\n","protected":false},"excerpt":{"rendered":"<p>SOBRE As a\u00e7\u00f5es de comunica\u00e7\u00e3o institucional do Instituto Federal de Educa\u00e7\u00e3o, Ci\u00eancia e Tecnologia Baiano (IF Baiano) s\u00e3o de responsabilidade de Coordena\u00e7\u00e3o de Comunica\u00e7\u00e3o Social, localizada na Reitoria. Os campi possuem um N\u00facleo de Comunica\u00e7\u00e3o e Eventos que executam a\u00e7\u00f5es locais sob a orienta\u00e7\u00e3o da Coordena\u00e7\u00e3o de Comunica\u00e7\u00e3o Social. S\u00e3o objetivos do setor a cria\u00e7\u00e3o, [&hellip;]<\/p>\n","protected":false},"author":31,"featured_media":0,"parent":2366,"menu_order":0,"comment_status":"closed","ping_status":"closed","template":"","meta":[],"_links":{"self":[{"href":"https:\/\/www.ifbaiano.edu.br\/unidades\/teixeira\/wp-json\/wp\/v2\/pages\/117"}],"collection":[{"href":"https:\/\/www.ifbaiano.edu.br\/unidades\/teixeira\/wp-json\/wp\/v2\/pages"}],"about":[{"href":"https:\/\/www.ifbaiano.edu.br\/unidades\/teixeira\/wp-json\/wp\/v2\/types\/page"}],"author":[{"embeddable":true,"href":"https:\/\/www.ifbaiano.edu.br\/unidades\/teixeira\/wp-json\/wp\/v2\/users\/31"}],"replies":[{"embeddable":true,"href":"https:\/\/www.ifbaiano.edu.br\/unidades\/teixeira\/wp-json\/wp\/v2\/comments?post=117"}],"version-history":[{"count":53,"href":"https:\/\/www.ifbaiano.edu.br\/unidades\/teixeira\/wp-json\/wp\/v2\/pages\/117\/revisions"}],"predecessor-version":[{"id":15816,"href":"https:\/\/www.ifbaiano.edu.br\/unidades\/teixeira\/wp-json\/wp\/v2\/pages\/117\/revisions\/15816"}],"up":[{"embeddable":true,"href":"https:\/\/www.ifbaiano.edu.br\/unidades\/teixeira\/wp-json\/wp\/v2\/pages\/2366"}],"wp:attachment":[{"href":"https:\/\/www.ifbaiano.edu.br\/unidades\/teixeira\/wp-json\/wp\/v2\/media?parent=117"}],"curies":[{"name":"wp","href":"https:\/\/api.w.org\/{rel}","templated":true}]}}