{"id":119,"date":"2011-05-19T16:43:03","date_gmt":"2011-05-19T16:43:03","guid":{"rendered":"http:\/\/localhost\/unidades\/bonfim\/?page_id=119"},"modified":"2025-11-18T15:56:39","modified_gmt":"2025-11-18T18:56:39","slug":"sra","status":"publish","type":"page","link":"https:\/\/www.ifbaiano.edu.br\/unidades\/teixeira\/diretoria-academica\/sra\/","title":{"rendered":"Secretaria de Registros Acad\u00eamicos &#8211; SRA"},"content":{"rendered":"<div class=\"wp-block-image is-style-default\">\n<figure class=\"aligncenter size-large is-resized\"><img decoding=\"async\" loading=\"lazy\" src=\"https:\/\/www.ifbaiano.edu.br\/unidades\/teixeira\/files\/2020\/11\/Prancheta-2.png\" alt=\"\" class=\"wp-image-9147\" width=\"970\" height=\"76\" \/><\/figure><\/div>\n\n\n<div class=\"wp-block-columns is-layout-flex wp-container-5\">\n<div class=\"wp-block-column is-layout-flow\" style=\"flex-basis:60%\">\n\n<\/br><div align=\"center\" id=\"documentoshome\"><div id=\"doctitulo\">\n\t\t\t\t\tEQUIPE DE TRABALHO\n\t\t\t\t<\/div><\/div><\/a>\n\n\n\n<div class=\"wp-block-columns is-layout-flex wp-container-2\">\n<div class=\"wp-block-column is-layout-flow\">\n<p>Chefe da Secretaria de Registros Acad\u00eamicos:<br><strong>Davi Nascimento dos Santos<\/strong><\/p>\n\n\n\n<p>Assistentes em Administra\u00e7\u00e3o<br><strong>Juliana de Oliveira Sena Gomes<\/strong><br><strong>Francisco Esdras Nunes Nascimento<\/strong><\/p>\n<\/div>\n<\/div>\n<\/div>\n\n\n\n<div class=\"wp-block-column is-layout-flow\" style=\"flex-basis:40%\">\n\n<\/br><div align=\"center\" id=\"documentoshome\"><div id=\"doctitulo\">\n\t\t\t\t\tHor\u00e1rio de funcionamento da SRA: \n\t\t\t\t<\/div><\/div><\/a>\n\n\n\n<p class=\"has-text-align-center\">Segunda-feira:\u00a0das 07:00hs \u00e0s 19:00hs<br>Ter\u00e7a-fera:  das 07:00hs \u00e0s 19:00hs<br>Quarta-feira:\u00a0das 07:00hs \u00e0s 19:00hs<br>Quinta-feira:\u00a0das 07:00hs \u00e0s 19:00hs<br>Sexta-feira:\u00a0das 07:00hs \u00e0s 19:00hs<\/p>\n<\/div>\n<\/div>\n\n\n\n<div class=\"wp-block-columns is-layout-flex wp-container-8\">\n<div class=\"wp-block-column is-layout-flow\" style=\"flex-basis:60%\">\n\n<\/br><div align=\"center\" id=\"documentoshome\"><div id=\"doctitulo\">\n\t\t\t\t\tCONTATO\n\t\t\t\t<\/div><\/div><\/a>\n\n\n\n<\/br>\n\n\n\n<p class=\"has-text-align-center has-medium-font-size\"><strong>E-mail:<\/strong> <a href=\"mailto:sra@teixeira.ifbaiano.edu.br\">sra@teixeira.ifbaiano.edu.br<\/a><br><\/p>\n<\/div>\n\n\n\n<div class=\"wp-block-column is-layout-flow\" style=\"flex-basis:40%\">\n\n<\/br><div align=\"center\" id=\"documentoshome\"><div id=\"doctitulo\">\n\t\t\t\t\tN\u00famero do INEP DO IF Baiano\n\t\t\t\t<\/div><\/div><\/a>\n\n\n\n<h1 class=\"wp-block-heading has-text-align-center\"><strong>29327954<\/strong><\/h1>\n<\/div>\n<\/div>\n\n\n\n<div id=\"ProreitoriaTopoTitulo\">\n\t\t\t\t\tCERTIFICA\u00c7\u00d5ES\n\t\t\t\t<\/div>\n\n\n\n<p><strong>CERTIFICA\u00c7\u00c3O ENEM:<\/strong><\/p>\n\n\n\n<p>O Sistema de Emiss\u00e3o de Certificado de Conclus\u00e3o do Ensino M\u00e9dio e Declara\u00e7\u00e3o Parcial de Profici\u00eancia por meio do resultado obtido pelo estudante no ENEM foi disponibilizado, na p\u00e1gina do nosso Instituto:&nbsp;<a rel=\"noreferrer noopener\" href=\"http:\/\/ifbaiano.edu.br\/portal\/certificacao-do-enem\/\" target=\"_blank\">http:\/\/ifbaiano.edu.br\/portal\/certificacao-do-enem\/<\/a><\/p>\n\n\n\n<p><strong>CONCLUS\u00c3O DE CURSO:<\/strong><\/p>\n\n\n\n<p>Estar\u00e1 apto \u00e0 cola\u00e7\u00e3o de grau o(a) estudante que, matriculado(a) num curso, concluir, com \u00eaxito, o curr\u00edculo pleno previsto no Projeto Pedag\u00f3gico do Curso. A certifica\u00e7\u00e3o t\u00e9cnica deve ser solicitada pelo aluno.<\/p>\n\n\n\n<div class=\"wp-block-columns is-layout-flex wp-container-10\">\n<div class=\"wp-block-column is-layout-flow\">\n<p><strong><em>Gradua\u00e7\u00e3o &#8211; Cola\u00e7\u00e3o de Grau:<\/em>&nbsp;&nbsp;<\/strong>Estar\u00e1 apto \u00e0 cola\u00e7\u00e3o de grau o estudante que, matriculado num curso, integralizar o curr\u00edculo pleno previsto no PPC. A cola\u00e7\u00e3o de grau \u00e9 etapa obrigat\u00f3ria na forma\u00e7\u00e3o do aluno, obedecer\u00e1 \u00e0 regulamenta\u00e7\u00e3o pr\u00f3pria, comum a todos os Campi e dever\u00e1 ser requerida pelo aluno, \u00e0 SRA no per\u00edodo previsto no Calend\u00e1rio Acad\u00eamico. A solenidade ser\u00e1 realizada no prazo estabelecido pelo Calend\u00e1rio Acad\u00eamico do campus.<\/p>\n<\/div>\n<\/div>\n\n\n\n<p><strong>REQUERIMENTO DE SOLICITA\u00c7\u00c3O DE DIPLOMA \/ CERTIFICA\u00c7\u00c3O T\u00c9CNICA<\/strong><\/p>\n\n\n\n<p>Ap\u00f3s a Certifica\u00e7\u00e3o T\u00e9cnica\/Cola\u00e7\u00e3o de Grau o (a) estudante dever\u00e1&nbsp; preencher o requerimento para solicita\u00e7\u00e3o de diploma, anexar os documentos exigidos e entregar na SRA, que realizar\u00e1 a abertura do processo para emiss\u00e3o do documento. Os diplomas ser\u00e3o emitidos no prazo m\u00e1ximo de 90 (noventa) dias, obedecendo \u00e0 legisla\u00e7\u00e3o em vigor e \u00e0s normatiza\u00e7\u00f5es internas.<\/p>\n\n\n\n<p><a href=\"https:\/\/www.ifbaiano.edu.br\/unidades\/teixeira\/files\/2023\/12\/Requerimento-Certificacao-Tecnica-Colacao-de-Grau.pdf\">Baixar o Requerimento<\/a><\/p>\n\n\n\n<p class=\"has-text-align-center\"><\/p>\n\n\n\n<div class=\"wp-block-buttons is-horizontal is-content-justification-center is-layout-flex wp-container-11\"><\/div>\n\n\n\n<div class=\"wp-block-columns is-layout-flex wp-container-22\">\n<div class=\"wp-block-column is-layout-flow\">\n<div id=\"documentoshome\"><div id=\"doctitulo\" align=\"center\">\n\t\t\t\t\tRequerimento Geral &#8211; SRA\n\t\t\t\t<\/div><\/div>\n\n\n\n<p><\/p>\n\n\n\n<div class=\"wp-block-buttons is-horizontal is-content-justification-center is-layout-flex wp-container-12\">\n<div class=\"wp-block-button is-style-outline\"><a class=\"wp-block-button__link has-luminous-vivid-orange-color has-text-color wp-element-button\" href=\"https:\/\/www.ifbaiano.edu.br\/unidades\/teixeira\/files\/2024\/11\/REQUERIMENTO-GERAL-NOVO-SRA.pdf\"><strong>Formul\u00e1rio<\/strong><\/a><\/div>\n<\/div>\n<\/div>\n\n\n\n<div class=\"wp-block-column is-layout-flow\">\n<div id=\"documentoshome\"><div id=\"doctitulo\" align=\"center\">\n\t\t\t\t\tRequerimento Segunda Chamada\n\t\t\t\t<\/div><\/div>\n\n\n\n<p><\/p>\n\n\n\n<div class=\"wp-block-buttons is-horizontal is-content-justification-center is-layout-flex wp-container-14\">\n<div class=\"wp-block-button is-style-outline\"><a class=\"wp-block-button__link has-luminous-vivid-orange-color has-text-color wp-element-button\" href=\"https:\/\/www.ifbaiano.edu.br\/unidades\/teixeira\/files\/2021\/12\/Requerimento-Segunda-Chamada-SRA.pdf\" target=\"_blank\" rel=\"noreferrer noopener\"><strong>Formul\u00e1rio<\/strong><\/a><\/div>\n<\/div>\n<\/div>\n\n\n\n<div class=\"wp-block-column is-layout-flow\">\n<div id=\"documentoshome\"><div id=\"doctitulo\" align=\"center\">\n\t\t\t\t\tOrganiza\u00e7\u00e3o Did\u00e1tica dos Cursos\n\t\t\t\t<\/div><\/div>\n\n\n\n<p><\/p>\n\n\n\n<div class=\"wp-block-columns is-layout-flex wp-container-20\">\n<div class=\"wp-block-column is-layout-flow\">\n<div class=\"wp-block-buttons is-horizontal is-content-justification-center is-layout-flex wp-container-16\">\n<div class=\"wp-block-button is-style-outline\"><a class=\"wp-block-button__link has-luminous-vivid-orange-color has-text-color wp-element-button\" href=\"https:\/\/www.ifbaiano.edu.br\/unidades\/teixeira\/files\/2021\/09\/Resolucao-129-2021-Org-Didatica-Graduacao.pdf\" target=\"_blank\" rel=\"noreferrer noopener\"><strong>Gradua\u00e7\u00e3o<\/strong><\/a><\/div>\n<\/div>\n<\/div>\n\n\n\n<div class=\"wp-block-column is-layout-flow\">\n<div class=\"wp-block-buttons is-horizontal is-content-justification-center is-layout-flex wp-container-18\">\n<div class=\"wp-block-button is-style-outline\"><a class=\"wp-block-button__link has-luminous-vivid-orange-color has-text-color wp-element-button\" href=\"https:\/\/www.ifbaiano.edu.br\/unidades\/teixeira\/files\/2020\/11\/Organizacao-Didatica-dos-Cursos-Tecnicos.pdf\" target=\"_blank\" rel=\"noreferrer noopener\"><strong>T\u00e9cnicos<\/strong><\/a><\/div>\n<\/div>\n<\/div>\n<\/div>\n<\/div>\n<\/div>\n\n\n\n<p><\/p>\n\n\n\n<div class=\"wp-block-columns is-layout-flex wp-container-29\">\n<div class=\"wp-block-column is-layout-flow\">\n<div class=\"wp-block-buttons is-horizontal is-content-justification-center is-layout-flex wp-container-23\">\n<div class=\"wp-block-button is-style-outline\"><a class=\"wp-block-button__link has-luminous-vivid-orange-color has-text-color wp-element-button\" href=\"https:\/\/www.ifbaiano.edu.br\/unidades\/teixeira\/files\/2021\/09\/INFORMATIVO-SOBRE-AS-DIRETRIZES-ACADEMICAS-GRADUACAO-2021.pdf\" target=\"_blank\" rel=\"noreferrer noopener\"><strong>Gradua\u00e7\u00e3o<\/strong><\/a><\/div>\n<\/div>\n<\/div>\n\n\n\n<div class=\"wp-block-column is-layout-flow\">\n<div class=\"wp-block-buttons is-horizontal is-content-justification-center is-layout-flex wp-container-25\">\n<div class=\"wp-block-button is-style-outline\"><a class=\"wp-block-button__link has-luminous-vivid-orange-color has-text-color wp-element-button\" href=\"https:\/\/www.ifbaiano.edu.br\/unidades\/teixeira\/files\/2021\/09\/INFORMATIVO-SOBRE-AS-DIRETRIZES-ACADEMICAS-2021.pdf\" target=\"_blank\" rel=\"noreferrer noopener\"><strong>Cursos T\u00e9cnicos<\/strong><\/a><\/div>\n<\/div>\n<\/div>\n\n\n\n<div class=\"wp-block-column is-layout-flow\">\n<div class=\"wp-block-buttons is-horizontal is-content-justification-center is-layout-flex wp-container-27\">\n<div class=\"wp-block-button is-style-outline\"><a class=\"wp-block-button__link has-luminous-vivid-orange-color has-text-color wp-element-button\" href=\"https:\/\/www.ifbaiano.edu.br\/unidades\/teixeira\/files\/2021\/09\/INFORMATIVO-SOBRE-AS-DIRETRIZES-ACADEMICAS-2021-EAD-2.pdf\" target=\"_blank\" rel=\"noreferrer noopener\"><strong>EaD<\/strong><\/a><\/div>\n<\/div>\n<\/div>\n<\/div>\n\n\n\n<div align=\"center\" id=\"ProreitoriaTopoTitulo\">\n\t\t\t\t\tSistema de Registros Acad\u00eamicos\n\t\t\t\t<\/div>\n\n\n\n<div class=\"wp-block-columns is-layout-flex wp-container-32\">\n<div class=\"wp-block-column is-layout-flow\">\n<div class=\"wp-block-buttons is-horizontal is-content-justification-center is-layout-flex wp-container-30\">\n<div class=\"wp-block-button is-style-outline\"><a class=\"wp-block-button__link wp-element-button\" href=\"https:\/\/suap.ifbaiano.edu.br\/accounts\/login\/?next=\/\" target=\"_blank\" rel=\"noreferrer noopener\"><strong>SUAP<\/strong><\/a><\/div>\n<\/div>\n\n\n\n<p class=\"has-text-align-center\"><sup><strong>Para estudantes matriculados na institui\u00e7\u00e3o no 1\u00ba, 2\u00ba e 3\u00ba ano\/I, II, III, IV, V e VI semestre em 2020 e ingressantes a partir desse ano.: Sistema Unificado de Administra\u00e7\u00e3o P\u00falbica (SUAP)<\/strong><\/sup><\/p>\n\n\n\n<p class=\"has-text-align-center\"><a href=\"https:\/\/www.ifbaiano.edu.br\/unidades\/teixeira\/files\/2021\/06\/Apresentacao-Acesso-SUAP.pdf\" target=\"_blank\" rel=\"noreferrer noopener\">APRESENTA\u00c7\u00c3O SUAP<\/a><\/p>\n\n\n\n<p class=\"has-text-align-center\"><a href=\"https:\/\/www.ifbaiano.edu.br\/unidades\/teixeira\/diretoria-academica\/sra\/2\/\" target=\"_blank\" rel=\"noreferrer noopener\">ACESSE AS ORIENTA\u00c7\u00d5ES PARA ACESSO AO SUAP<\/a><\/p>\n<\/div>\n<\/div>\n\n\n\n<p><\/p>\n\n\n\n<p><\/p>\n\n\n\n<div align=\"center\" id=\"ProreitoriaTopoTitulo\">\n\t\t\t\t\t\t\t\t\t<\/div>\n\n\n\n<!--nextpage-->\n\n\n\n<div id=\"documentoshome\"><div id=\"doctitulo\">\n\t\t\t\t\tORIENTA\u00c7\u00d5ES PARA ACESSO AO SUAP\n\t\t\t\t<\/div><\/div>\n\n\n\n<p><strong>ORIENTA\u00c7\u00d5ES PARA ACESSO DO ALUNO AO SUAP<\/strong><br>a) Para saber o n\u00ba de matr\u00edcula SUAP: encontra-se no final do hist\u00f3rico escolar do SIGAA.<br>b) O seu Usu\u00e1rio SUAP \u00e9 o n\u00ba de matr\u00edcula SUAP (ex.: 20202ABC00I0002);<br>c) Sua senha do primeiro acesso \u00e9 If@CPF (apenas n\u00fameros \u2013 ex.: If@99999999999)<br>d) Caso n\u00e3o consiga acessar com a senha do item \u201cc\u201d, redefina a senha pelo link <a href=\"https:\/\/cau.ifbaiano.edu.br\/cau\/forgot-password\" target=\"_blank\" rel=\"noreferrer noopener\">https:\/\/cau.ifbaiano.edu.br\/cau\/forgot-password<\/a> ou pelo link <a href=\"https:\/\/suap.ifbaiano.edu.br\/comum\/solicitar_trocar_senha\/\" target=\"_blank\" rel=\"noreferrer noopener\">https:\/\/suap.ifbaiano.edu.br\/comum\/solicitar_trocar_senha\/<\/a><\/p>\n\n\n\n<p class=\"has-text-align-left\"><strong>OBS<\/strong>: O e-mail institucional\/Microsoft Teams continua com o n\u00ba de matr\u00edcula do SIGAA (Formato do e-mail:&nbsp;numero_de_matricula_do_SIGAA@alunos.ifbaiano.edu.br) e a senha permanece a mesma cadastrada anteriormente.<\/p>\n\n\n\n<p><strong>ORIENTA\u00c7\u00d5ES PARA ACESSO DO RESPONS\u00c1VEL AO SUAP<\/strong><br>a) Obtenha a chave de acesso no Portal do aluno: Dados do aluno \u2192 Dados Pessoais<br>b) Na p\u00e1gina principal do sistema clique em &#8220;acesso do respons\u00e1vel&#8221;<br>c) Insira o n\u00ba de matr\u00edcula do SUAP e a chave de acesso<\/p>\n\n\n\n<p><a href=\"https:\/\/www.ifbaiano.edu.br\/unidades\/teixeira\/files\/2021\/06\/Apresentacao-Acesso-SUAP.pdf\" target=\"_blank\" rel=\"noreferrer noopener\">APRESENTA\u00c7\u00c3O SUAP<\/a><\/p>\n\n\n\n<div class=\"wp-block-buttons is-horizontal is-content-justification-left is-layout-flex wp-container-33\">\n<div class=\"wp-block-button is-style-outline\"><a class=\"wp-block-button__link wp-element-button\" href=\"https:\/\/suap.ifbaiano.edu.br\/accounts\/login\/?next=\/\" target=\"_blank\" rel=\"noreferrer noopener\">SUAP<\/a><\/div>\n<\/div>\n\n\n\n<p><\/p>\n","protected":false},"excerpt":{"rendered":"<p>EQUIPE DE TRABALHO Chefe da Secretaria de Registros Acad\u00eamicos:Davi Nascimento dos Santos Assistentes em Administra\u00e7\u00e3oJuliana de Oliveira Sena GomesFrancisco Esdras Nunes Nascimento Hor\u00e1rio de funcionamento da SRA: Segunda-feira:\u00a0das 07:00hs \u00e0s 19:00hsTer\u00e7a-fera: das 07:00hs \u00e0s 19:00hsQuarta-feira:\u00a0das 07:00hs \u00e0s 19:00hsQuinta-feira:\u00a0das 07:00hs \u00e0s 19:00hsSexta-feira:\u00a0das 07:00hs \u00e0s 19:00hs CONTATO E-mail: sra@teixeira.ifbaiano.edu.br N\u00famero do INEP DO IF Baiano 29327954 CERTIFICA\u00c7\u00d5ES [&hellip;]<\/p>\n","protected":false},"author":1,"featured_media":0,"parent":1346,"menu_order":0,"comment_status":"closed","ping_status":"closed","template":"","meta":[],"_links":{"self":[{"href":"https:\/\/www.ifbaiano.edu.br\/unidades\/teixeira\/wp-json\/wp\/v2\/pages\/119"}],"collection":[{"href":"https:\/\/www.ifbaiano.edu.br\/unidades\/teixeira\/wp-json\/wp\/v2\/pages"}],"about":[{"href":"https:\/\/www.ifbaiano.edu.br\/unidades\/teixeira\/wp-json\/wp\/v2\/types\/page"}],"author":[{"embeddable":true,"href":"https:\/\/www.ifbaiano.edu.br\/unidades\/teixeira\/wp-json\/wp\/v2\/users\/1"}],"replies":[{"embeddable":true,"href":"https:\/\/www.ifbaiano.edu.br\/unidades\/teixeira\/wp-json\/wp\/v2\/comments?post=119"}],"version-history":[{"count":100,"href":"https:\/\/www.ifbaiano.edu.br\/unidades\/teixeira\/wp-json\/wp\/v2\/pages\/119\/revisions"}],"predecessor-version":[{"id":16044,"href":"https:\/\/www.ifbaiano.edu.br\/unidades\/teixeira\/wp-json\/wp\/v2\/pages\/119\/revisions\/16044"}],"up":[{"embeddable":true,"href":"https:\/\/www.ifbaiano.edu.br\/unidades\/teixeira\/wp-json\/wp\/v2\/pages\/1346"}],"wp:attachment":[{"href":"https:\/\/www.ifbaiano.edu.br\/unidades\/teixeira\/wp-json\/wp\/v2\/media?parent=119"}],"curies":[{"name":"wp","href":"https:\/\/api.w.org\/{rel}","templated":true}]}}