{"id":12941,"date":"2023-12-01T16:09:30","date_gmt":"2023-12-01T19:09:30","guid":{"rendered":"https:\/\/www.ifbaiano.edu.br\/unidades\/teixeira\/?page_id=12941"},"modified":"2024-12-02T16:21:24","modified_gmt":"2024-12-02T19:21:24","slug":"prosel-2024","status":"publish","type":"page","link":"https:\/\/www.ifbaiano.edu.br\/unidades\/teixeira\/prosel-2024\/","title":{"rendered":"Processos Seletivos"},"content":{"rendered":"\n<p class=\"has-text-align-center\">Selecione a modalidade<\/p>\n\n\n\n<figure class=\"wp-block-gallery has-nested-images columns-default is-cropped wp-block-gallery-1 is-layout-flex\">\n<figure class=\"wp-block-image size-full is-style-default\"><a href=\"https:\/\/www.ifbaiano.edu.br\/unidades\/teixeira\/ingresso\/\"><img decoding=\"async\" loading=\"lazy\" width=\"220\" height=\"75\" data-id=\"14125\"  src=\"https:\/\/www.ifbaiano.edu.br\/unidades\/teixeira\/files\/2024\/11\/superior2.png\" alt=\"\" class=\"wp-image-14125\" \/><\/a><\/figure>\n\n\n\n<figure class=\"wp-block-image size-large\"><a href=\"https:\/\/www.ifbaiano.edu.br\/unidades\/teixeira\/prosel-integrado\/\"><img decoding=\"async\" loading=\"lazy\" width=\"220\" height=\"75\" data-id=\"13867\"  src=\"https:\/\/www.ifbaiano.edu.br\/unidades\/teixeira\/files\/2024\/08\/Integrado.png\" alt=\"\" class=\"wp-image-13867\" \/><\/a><\/figure>\n\n\n\n<figure class=\"wp-block-image size-large\"><img decoding=\"async\" loading=\"lazy\" width=\"800\" height=\"500\" data-id=\"10923\"  src=\"https:\/\/www.ifbaiano.edu.br\/unidades\/teixeira\/files\/2022\/02\/WhatsApp-Image-2022-02-07-at-11.32.45.jpeg\" alt=\"\" class=\"wp-image-10923\" \/><\/figure>\n\n\n\n<figure class=\"wp-block-image size-large is-style-default\"><a href=\"https:\/\/www.ifbaiano.edu.br\/unidades\/teixeira\/prosel-subsequente\/\"><img decoding=\"async\" loading=\"lazy\" width=\"220\" height=\"75\" data-id=\"13866\"  src=\"https:\/\/www.ifbaiano.edu.br\/unidades\/teixeira\/files\/2024\/08\/sub.png\" alt=\"\" class=\"wp-image-13866\" \/><\/a><\/figure>\n\n\n\n<figure class=\"wp-block-image size-large\"><a href=\"https:\/\/www.ifbaiano.edu.br\/unidades\/teixeira\/prosel-ead\/\"><img decoding=\"async\" loading=\"lazy\" width=\"220\" height=\"74\" data-id=\"14223\"  src=\"https:\/\/www.ifbaiano.edu.br\/unidades\/teixeira\/files\/2024\/11\/prosel-ead-oequeno.png\" alt=\"\" class=\"wp-image-14223\" \/><\/a><\/figure>\n<\/figure>\n\n\n\n<p class=\"has-black-color has-white-background-color has-text-color has-background\">Telefone para contato com o Prosel: 73 9996 4261<\/p>\n\n\n\n<p><\/p>\n\n\n\n<!--nextpage-->\n\n\n\n<hr class=\"wp-block-separator has-alpha-channel-opacity\" \/>\n\n\n\n<p>Processo Seletivo t\u00e9cnicos n\u00edvel m\u00e9dio <strong>integrado &#8211; presencial<\/strong><\/p>\n\n\n\n<p><a href=\"https:\/\/www.ifbaiano.edu.br\/unidades\/teixeira\/files\/2024\/08\/Nota-informativa-2.pdf\">Nota Informativa n.2<\/a><\/p>\n\n\n\n<p><a href=\"https:\/\/www.ifbaiano.edu.br\/unidades\/teixeira\/files\/2024\/08\/Edital-de-Retificacao-no-02-Prosel-Integrado.pdf\">Edital de Retifica\u00e7\u00e3o n\u00ba 02, de 08 de agosto de 2024<\/a><br>Retifica o Edital n\u00ba 33, 01 de dezembro 2023<\/p>\n\n\n\n<p>Per\u00edodo de inscri\u00e7\u00e3o online:  <strong>26\/08 a 27\/09\/2024<\/strong><\/p>\n\n\n\n<p>Vagas para cursos presenciais integrados ao Ensino M\u00e9dio:<br>Curso T\u00e9cnico em Agropecu\u00e1ria &#8211; 35 vagas<br>Curso T\u00e9cnico em Florestas &#8211; 35 vagas<br>Curso T\u00e9cnico em Administra\u00e7\u00e3o &#8211; 35 vagas<\/p>\n\n\n\n<p><a href=\"https:\/\/www.ifbaiano.edu.br\/unidades\/teixeira\/files\/2024\/04\/Anexo-III-DECLARACAO-ESCOLAR-DE-ENSINO-FUNDAMENTAL.pdf\">ANEXO III &#8211; DECLARA\u00c7\u00c3O ESCOLAR DE ENSINO FUNDAMENTAL<\/a><\/p>\n\n\n\n<p><a href=\"https:\/\/www.ifbaiano.edu.br\/unidades\/teixeira\/files\/2024\/04\/Anexo-IV-AUTODECLARACAO-ETNICO-RACIAL.pdf\">ANEXO IV &#8211; AUTODECLARA\u00c7\u00c3O \u00c9TNICO-RACIAL<\/a><\/p>\n\n\n\n<p><a href=\"https:\/\/www.ifbaiano.edu.br\/unidades\/teixeira\/files\/2024\/04\/Anexo-V-CONSOLIDACAO-DE-RENDA-FAMILIAR.pdf\">ANEXO V &#8211; CONSOLIDA\u00c7\u00c3O DE RENDA FAMILIAR<\/a><\/p>\n\n\n\n<p><a href=\"https:\/\/www.ifbaiano.edu.br\/unidades\/teixeira\/files\/2024\/04\/Anexo-VI-AUTODECLARACAO-DE-RENDA.pdf\">ANEXO VI &#8211; AUTODECLARA\u00c7\u00c3O DE RENDA<\/a><\/p>\n\n\n\n<p><a href=\"https:\/\/www.ifbaiano.edu.br\/unidades\/teixeira\/files\/2024\/04\/Anexo-VII-FORMULARIO-PARA-RECURSO.pdf\">ANEXO VII -FORMUL\u00c1RIO PARA RECURSO<\/a><\/p>\n\n\n\n<p>Link para <strong>inscri\u00e7\u00e3o online<\/strong>:<br><a href=\"http:\/\/opinanovo.ifbaiano.edu.br\/index.php\/148445?lang=pt-BR\">http:\/\/opinanovo.ifbaiano.edu.br\/index.php\/148445?lang=pt-BR<\/a><\/p>\n\n\n\n<p><a href=\"https:\/\/www.ifbaiano.edu.br\/unidades\/teixeira\/files\/2024\/04\/Suspensao-das-atividade-do-Prosel.pdf\">Nota Informativa<\/a><\/p>\n\n\n\n<p><a href=\"https:\/\/www.ifbaiano.edu.br\/unidades\/teixeira\/files\/2024\/04\/Nota-Informativa-Prosel-integrado.pdf\">Nota P\u00fablica<\/a><\/p>\n\n\n\n<p><a href=\"https:\/\/www.ifbaiano.edu.br\/unidades\/teixeira\/files\/2024\/02\/retificacao-1-EDITAL-N\u00b0-33-DE-01-DE-DEZEMBRO-DE-2023.pdf\">1\u00b0 Retifica\u00e7\u00e3o (altera\u00e7\u00e3o de cronograma) do edital 33, de&nbsp;01 de dezembro&nbsp;de 2023<\/a><\/p>\n\n\n\n<p><a href=\"https:\/\/www.ifbaiano.edu.br\/unidades\/teixeira\/files\/2023\/12\/EDITAL-No-33-01-DE-DEZEMBRO-DE-2023.pdf\">EDITAL N\u00ba 33, 01 DE DEZEMBRO DE 2023<\/a> &#8211; <\/p>\n\n\n\n<p><\/p>\n\n\n\n<hr class=\"wp-block-separator has-alpha-channel-opacity\" \/>\n\n\n\n<p><strong>SiSU 2024<\/strong> &#8211; Engenharia Agron\u00f4mica &#8211; <a href=\"https:\/\/www.ifbaiano.edu.br\/unidades\/teixeira\/c1de\">Clique aqui<\/a><\/p>\n\n\n\n<hr class=\"wp-block-separator has-alpha-channel-opacity\" \/>\n\n\n\n<p>Processo Seletivo t\u00e9cnico n\u00edvel m\u00e9dio subsequente &#8211;<strong> Modalidade EaD<\/strong><\/p>\n\n\n\n<p><a href=\"https:\/\/www.ifbaiano.edu.br\/unidades\/teixeira\/files\/2024\/04\/Resultado_Final_-_Vagas_Remanscentes_EaD_assinado.pdf\">LISTA FINAL DE HOMOLOGA\u00c7\u00c3O DAS MANIFESTA\u00c7\u00d5ES DE INSCRI\u00c7\u00d5ES\/MATR\u00cdCULAS NAS VAGAS DISPON\u00cdVEIS<\/a><\/p>\n\n\n\n<p><a href=\"https:\/\/www.ifbaiano.edu.br\/unidades\/teixeira\/files\/2024\/03\/Retificacao-no-01-do-Edital-N\u00b0-06-de-11-de-marco-de-2024.pdf\">Retifica o Edital N\u00ba 06, de 11 de mar\u00e7o de 2024<\/a><\/p>\n\n\n\n<p><a href=\"https:\/\/www.ifbaiano.edu.br\/unidades\/teixeira\/files\/2024\/03\/RESPOSTA-A-INTERPOSICAO-DE-RECURSOS-Edital-06-EaD.pdf\">Resposta \u00e0 interposi\u00e7\u00e3o de recurso<\/a><\/p>\n\n\n\n<p><a href=\"https:\/\/www.ifbaiano.edu.br\/unidades\/teixeira\/files\/2024\/03\/Lista-de-Homologacao_Inscricoes-vagas-disponiveis-EaD.pdf\">LISTA DE HOMOLOGA\u00c7\u00c3O DAS MANIFESTA\u00c7\u00d5ES DE INSCRI\u00c7\u00d5ES\/MATR\u00cdCULAS NAS VAGAS DISPON\u00cdVEIS <\/a><\/p>\n\n\n\n<p><a href=\"https:\/\/www.ifbaiano.edu.br\/unidades\/teixeira\/files\/2024\/03\/Edital-No-06-de-11-de-marco-de-2024-Vagas-remanescente-Ead.pdf\">Edital N\u00ba 06, de 11 de mar\u00e7o de 2024<\/a> &#8211; PROCESSO SELETIVO DE VAGAS REMANESCENTES PARA INGRESSO DE ESTUDANTES NOS CURSOS DA EDUCA\u00c7\u00c3O PROFISSIONAL T\u00c9CNICA DE N\u00cdVEL M\u00c9DIO, NA FORMA SUBSEQUENTE AO ENSINO M\u00c9DIO &#8211; MODALIDADE A DIST\u00c2NCIA (EaD)<\/p>\n\n\n\n<p><a href=\"https:\/\/www.ifbaiano.edu.br\/unidades\/teixeira\/files\/2024\/03\/Anexo-II-Ficha-de-inscricao.pdf\">Ficha de Inscri\u00e7\u00e3o &#8211; Anexo II<\/a><\/p>\n\n\n\n<p><a href=\"https:\/\/www.ifbaiano.edu.br\/unidades\/teixeira\/files\/2024\/03\/3a-Chamada-de-Matricula-EaD-2024.pdf\">TERCEIRA CHAMADA DE MATR\u00cdCULA<\/a><\/p>\n\n\n\n<p><a href=\"https:\/\/www.ifbaiano.edu.br\/unidades\/teixeira\/files\/2024\/02\/2a-Chamada-de-Matricula-EaD-2024.pdf\">SEGUNDA CHAMADA DE MATR\u00cdCULA<\/a><\/p>\n\n\n\n<p><a href=\"https:\/\/www.ifbaiano.edu.br\/unidades\/teixeira\/files\/2024\/02\/Retificacao-de-Edital-01-2024-Edital-04-de-19-02-2024.pdf\">Edital de Retifica\u00e7\u00e3o N\u00b0 01, de 21 de fevereiro de 2024<\/a><\/p>\n\n\n\n<p><a href=\"https:\/\/www.ifbaiano.edu.br\/unidades\/teixeira\/files\/2024\/02\/Anexo-I-Edital-de-Matricula.pdf\">ANEXO I &#8211; FORMUL\u00c1RIO DE MATR\u00cdCULA<\/a><\/p>\n\n\n\n<p><a href=\"https:\/\/www.ifbaiano.edu.br\/unidades\/teixeira\/files\/2024\/02\/EDITAL-DE-CONVOCACAO-PARA-MATRICULA.pdf\">EDITAL DE CONVOCA\u00c7\u00c3O PARA MATR\u00cdCULA<\/a><\/p>\n\n\n\n<p><a href=\"https:\/\/www.ifbaiano.edu.br\/unidades\/teixeira\/files\/2024\/02\/1a-Nota-Informativa-Edital-04.pdf\">1\u00aa Nota Informativa &#8211; Edital N\u00b0 04, de 19 de fevereiro de 2024.<\/a><\/p>\n\n\n\n<p><a href=\"https:\/\/www.ifbaiano.edu.br\/unidades\/teixeira\/files\/2024\/02\/RESULTADO-FINAL-DAS-INSCRICOES-Teixeira-de-Freitas.pdf\">Resultado Final das Inscri\u00e7\u00f5es &#8211; Teixeira de Freitas<\/a><\/p>\n\n\n\n<p><a href=\"https:\/\/www.ifbaiano.edu.br\/unidades\/teixeira\/files\/2024\/02\/RESULTADO-FINAL-DAS-INSCRICOES-Itanhem.pdf\">Resultado Final das Inscri\u00e7\u00f5es &#8211; Itanh\u00e9m<\/a><\/p>\n\n\n\n<p><a href=\"https:\/\/www.ifbaiano.edu.br\/unidades\/teixeira\/files\/2024\/02\/RESULTADO-FINAL-DAS-INSCRICOES-Ibirapua.pdf\">Resultado Final das Inscri\u00e7\u00f5es &#8211; Ibirapu\u00e3<\/a><\/p>\n\n\n\n<p><a href=\"https:\/\/www.ifbaiano.edu.br\/unidades\/teixeira\/files\/2024\/02\/Homologacao-Resultado-Banca-de-Heteroidentificacao-EaD.pdf\">Homologa\u00e7\u00e3o do Resultado da Banca de Verifica\u00e7\u00e3o de Autodeclara\u00e7\u00e3o \u00c9tnico-Racial<\/a><\/p>\n\n\n\n<p><a href=\"https:\/\/www.ifbaiano.edu.br\/unidades\/teixeira\/files\/2024\/02\/Resultado-Preliminar-EaD-IF-Baiano-Campus-Teixeira-de-Freitas.pdf\">Resultado Preliminar &#8211; Verifica\u00e7\u00e3o de Declara\u00e7\u00e3o \u00c9tnico-Racial: Cursos da Educa\u00e7\u00e3o Profissional T\u00e9cnica de N\u00edvel M\u00e9dio na Forma Subsequente ao Ensino M\u00e9dio &#8211; Modalidade de Educa\u00e7\u00e3o \u00e0 Dist\u00e2ncia (EaD).<\/a><\/p>\n\n\n\n<p><a href=\"https:\/\/www.ifbaiano.edu.br\/unidades\/teixeira\/files\/2024\/02\/Convocacao-para-Verificacao-de-Declaracao-Etnico-Racial-EaD-Edital-36-2023.pdf\">Convoca\u00e7\u00e3o para Verifica\u00e7\u00e3o de Declara\u00e7\u00e3o \u00c9tnico-Racial: Cursos da Educa\u00e7\u00e3o Profissional T\u00e9cnica de N\u00edvel M\u00e9dio na Forma Subsequente ao Ensino M\u00e9dio &#8211; Modalidade de Educa\u00e7\u00e3o \u00e0 Dist\u00e2ncia (EaD).<br><\/a>Edital n\u00ba 36, de 08 de dezembro de 2023<\/p>\n\n\n\n<p><a href=\"https:\/\/www.ifbaiano.edu.br\/unidades\/teixeira\/files\/2024\/02\/Teixeira-de-Freitas-\u2013-Inscricoes-homologadas-EaD.pdf\">Teixeira de Freitas &#8211; Inscri\u00e7\u00f5es Homologadas<\/a><\/p>\n\n\n\n<p><a href=\"https:\/\/www.ifbaiano.edu.br\/unidades\/teixeira\/files\/2024\/02\/Ibirapua-\u2013-Inscricoes-homologadas-EaD.pdf\">Ibirapu\u00e3 &#8211; Inscri\u00e7\u00f5es Homologadas<\/a><\/p>\n\n\n\n<p><a href=\"https:\/\/www.ifbaiano.edu.br\/unidades\/teixeira\/files\/2024\/02\/Itanhem-\u2013-Inscricoes-homologadas-EaD.pdf\">Itanhem &#8211; Inscri\u00e7\u00f5es Homologadas<\/a><\/p>\n\n\n\n<p>&#8211;<\/p>\n\n\n\n<p><a href=\"https:\/\/www.ifbaiano.edu.br\/unidades\/teixeira\/files\/2024\/01\/Lista-Teixeira-de-Freitas-prosel-ead.pdf\">Teixeira de Freitas &#8211; lista preliminar de inscri\u00e7\u00f5es EaD<\/a><\/p>\n\n\n\n<p><a href=\"https:\/\/www.ifbaiano.edu.br\/unidades\/teixeira\/files\/2024\/01\/Lita-Ibirapua-prosel-ead.pdf\">Ibirapu\u00e3 &#8211; lista preliminar de inscri\u00e7\u00f5es EaD<\/a><\/p>\n\n\n\n<p><a href=\"https:\/\/www.ifbaiano.edu.br\/unidades\/teixeira\/files\/2024\/01\/Lista-Itanhem-prosel-ead.pdf\">Itanhem &#8211; lista preliminar de inscri\u00e7\u00f5es EaD<\/a><\/p>\n\n\n\n<p>&nbsp;<strong>Informa\u00e7\u00f5es<\/strong><\/p>\n\n\n\n<p>&#8211; Deferido = a inscri\u00e7\u00e3o foi aceita para a modalidade de vaga solicitada. Acompanhar o cronograma e as publica\u00e7\u00f5es das pr\u00f3ximas etapas do processo seletivo.<\/p>\n\n\n\n<p>&#8211; Indeferido = a inscri\u00e7\u00e3o n\u00e3o foi aceita para a modalidade de vaga solicitada.<\/p>\n\n\n\n<p>&#8211; Observar a coluna &#8220;Justificativa do indeferimento&#8221; para saber qual \u00e9 a pend\u00eancia.&nbsp;<\/p>\n\n\n\n<p>&#8211; Poder\u00e3o ser interpostos recursos em face das inscri\u00e7\u00f5es INDEFERIDAS. Os(as) candidatos(as) devem anexar novos documentos, do dia&nbsp;30\/01\/2023&nbsp;at\u00e9 \u00e0s 17h do dia&nbsp;31\/01\/2023, exclusivamente no endere\u00e7o de e-mail do PROSEL:&nbsp;prosel@teixeira.ifbaiano.edu.br.&nbsp;Ao enviar o email, no campo &#8220;Assunto&#8221; voc\u00ea escrever &#8220;Edital n\u00ba 36, de&nbsp;08 de dezembro&nbsp;de 2023&#8221;.<\/p>\n\n\n\n<p>&#8211; Caso o(a) candidato(a) n\u00e3o cumpra os requisitos previstos para cada modalidade de vaga de forma completa, perder\u00e1 o direito de concorrer na modalidade de reserva e sua inscri\u00e7\u00e3o ser\u00e1 redirecionada para concorrer \u00e0s vagas de ampla concorr\u00eancia<\/p>\n\n\n\n<p>&#8211; Em hip\u00f3tese alguma ser\u00e3o aceitos recursos sem a devida fundamenta\u00e7\u00e3o, ou interpostos por meio de procura\u00e7\u00e3o, fax, correio eletr\u00f4nico ou quaisquer outras formas que as n\u00e3o especificadas do Edital.<\/p>\n\n\n\n<p>ATEN\u00c7\u00c3O. ESTAS LISTAS EST\u00c3O ORGANIZADAS EM ORDEM ALFAB\u00c9TICA. N\u00c3O \u00c9 O RESULTADO FINAL DO PROCESSO SELETIVO. OS(AS) CANDIDATOS(AS) DEVEM ACOMPANHAR O CRONOGRAMA E AS PUBLICA\u00c7\u00d5ES DAS PR\u00d3XIMAS ETAPAS DO PROCESSO SELETIVO ATRAV\u00c9S DO SITE:&nbsp;<a rel=\"noreferrer noopener\" href=\"https:\/\/www.ifbaiano.edu.br\/unidades\/teixeira\/prosel-2024\/\" target=\"_blank\">https:\/\/www.ifbaiano.edu.br\/unidades\/teixeira\/prosel-2024\/<\/a><\/p>\n\n\n\n<hr class=\"wp-block-separator has-alpha-channel-opacity\" \/>\n\n\n\n<p><a href=\"https:\/\/concurso.ifbaiano.edu.br\/portal\/ingresso-subsequente-ead-teixeira-dezembro-2023\/\">P\u00e1gina do Edital<\/a><\/p>\n\n\n\n<p><a href=\"https:\/\/www.ifbaiano.edu.br\/unidades\/teixeira\/files\/2024\/01\/Retificacao-de-Edital-no-2-Edital-Prosel-EAD.pdf\">Retifica\u00e7\u00e3o de Edital n\u00ba 02, de 29 de janeiro de 2024<\/a><\/p>\n\n\n\n<p><a href=\"https:\/\/www.ifbaiano.edu.br\/unidades\/teixeira\/files\/2023\/12\/PROCESSO-SELETIVO-PARA-INGRESSO-DE-ESTUDANTES-NOS-CURSOS-DA-EDUCACAO-PROFISSIONAL-TECNICA-DE-NIVEL-MEDIO-NA-FORMA-SUBSEQUENTE-AO-ENSINO-MEDIO-MODALIDADE-DE-EDUCACAO-A-DISTANCIA-EaD.pdf\">Edital n\u00ba 36, de 08 de dezembro de 2023<\/a><\/p>\n\n\n\n<p><a href=\"https:\/\/www.ifbaiano.edu.br\/unidades\/teixeira\/files\/2023\/12\/Retificacao-de-Edital-01-Edital-n.-35-PROSEL-EAD.pdf\" target=\"_blank\" rel=\"noreferrer noopener\">Retifica\u00e7\u00e3o n\u00ba 01 &#8211; Edital n\u00ba 36<\/a><\/p>\n\n\n\n<p><a href=\"https:\/\/www.ifbaiano.edu.br\/unidades\/teixeira\/files\/2023\/12\/Nota-Informativa-Processo-seletivo-EAD.pdf\" target=\"_blank\" rel=\"noreferrer noopener\">Nota Informativa n\u00ba 01<\/a><\/p>\n\n\n\n<p>Publica\u00e7\u00e3o do Edital 08\/12\/2023 <\/p>\n\n\n\n<p>Per\u00edodo de Inscri\u00e7\u00e3o: 14\/12\/2023 a 14\/01\/2024 (online)<\/p>\n\n\n\n<p>Plant\u00e3o de Inscri\u00e7\u00f5es no Campus Teixeira de Freitas para a realiza\u00e7\u00e3o de Inscri\u00e7\u00e3o 19 e 20\/12\/2023, 08\/01\/2024, 10\/01\/2024 e 14\/01\/2023 &#8211; das 09h00 \u00e0s 12h00<\/p>\n\n\n\n<p>Link do formul\u00e1rio de inscri\u00e7\u00e3o:&nbsp;<a rel=\"noreferrer noopener\" href=\"https:\/\/opinanovo.ifbaiano.edu.br\/index.php\/179541\" target=\"_blank\">https:\/\/opinanovo.ifbaiano.edu.br\/index.php\/179541<\/a><\/p>\n\n\n\n<p><strong>Arquivos:<\/strong><\/p>\n\n\n\n<p><a href=\"https:\/\/www.ifbaiano.edu.br\/unidades\/teixeira\/files\/2023\/12\/ANEXO-I-CONSOLIDACAO-DE-RENDA-FAMILIAR.pdf\">ANEXO I &#8211; CONSOLIDA\u00c7\u00c3O DE RENDA FAMILIAR<\/a><\/p>\n\n\n\n<p><a href=\"https:\/\/www.ifbaiano.edu.br\/unidades\/teixeira\/files\/2023\/12\/ANEXO-II-AUTODECLARACAO-ETNICO-RACIAL.pdf\">ANEXO II &#8211; AUTODECLARA\u00c7\u00c3O \u00c9TNICO-RACIAL<\/a><\/p>\n\n\n\n<p><a href=\"https:\/\/www.ifbaiano.edu.br\/unidades\/teixeira\/files\/2023\/12\/ANEXO-III-DECLARACAO-DE-PESSOA-COM-DEFICIENCIA.pdf\">ANEXO III &#8211; DECLARA\u00c7\u00c3O DE PESSOA COM DEFICI\u00caNCIA<\/a><\/p>\n\n\n\n<p><a href=\"https:\/\/www.ifbaiano.edu.br\/unidades\/teixeira\/files\/2023\/12\/ANEXO-IV-DECLARACAO-DE-ESCOLA-PUBLICA.pdf\">ANEXO IV &#8211; DECLARA\u00c7\u00c3O DE ESCOLA P\u00daBLICA<\/a><\/p>\n\n\n\n<p><a href=\"https:\/\/www.ifbaiano.edu.br\/unidades\/teixeira\/files\/2023\/12\/ANEXO-V-AUTODECLARACAO-DE-RENDA.pdf\">ANEXO V &#8211; AUTODECLARA\u00c7\u00c3O DE RENDA<\/a><\/p>\n\n\n\n<p><a href=\"https:\/\/www.ifbaiano.edu.br\/unidades\/teixeira\/files\/2023\/12\/ANEXO-VI-FORMULARIO-PARA-RECURSO.pdf\">ANEXO VI &#8211; FORMUL\u00c1RIO PARA RECURSO<\/a><\/p>\n","protected":false},"excerpt":{"rendered":"<p>Selecione a modalidade Telefone para contato com o Prosel: 73 9996 4261<\/p>\n","protected":false},"author":152,"featured_media":0,"parent":0,"menu_order":0,"comment_status":"closed","ping_status":"closed","template":"","meta":[],"_links":{"self":[{"href":"https:\/\/www.ifbaiano.edu.br\/unidades\/teixeira\/wp-json\/wp\/v2\/pages\/12941"}],"collection":[{"href":"https:\/\/www.ifbaiano.edu.br\/unidades\/teixeira\/wp-json\/wp\/v2\/pages"}],"about":[{"href":"https:\/\/www.ifbaiano.edu.br\/unidades\/teixeira\/wp-json\/wp\/v2\/types\/page"}],"author":[{"embeddable":true,"href":"https:\/\/www.ifbaiano.edu.br\/unidades\/teixeira\/wp-json\/wp\/v2\/users\/152"}],"replies":[{"embeddable":true,"href":"https:\/\/www.ifbaiano.edu.br\/unidades\/teixeira\/wp-json\/wp\/v2\/comments?post=12941"}],"version-history":[{"count":59,"href":"https:\/\/www.ifbaiano.edu.br\/unidades\/teixeira\/wp-json\/wp\/v2\/pages\/12941\/revisions"}],"predecessor-version":[{"id":14236,"href":"https:\/\/www.ifbaiano.edu.br\/unidades\/teixeira\/wp-json\/wp\/v2\/pages\/12941\/revisions\/14236"}],"wp:attachment":[{"href":"https:\/\/www.ifbaiano.edu.br\/unidades\/teixeira\/wp-json\/wp\/v2\/media?parent=12941"}],"curies":[{"name":"wp","href":"https:\/\/api.w.org\/{rel}","templated":true}]}}