{"id":13868,"date":"2024-08-14T12:58:58","date_gmt":"2024-08-14T15:58:58","guid":{"rendered":"https:\/\/www.ifbaiano.edu.br\/unidades\/teixeira\/?page_id=13868"},"modified":"2025-02-24T17:37:05","modified_gmt":"2025-02-24T20:37:05","slug":"prosel-integrado","status":"publish","type":"page","link":"https:\/\/www.ifbaiano.edu.br\/unidades\/teixeira\/prosel-integrado\/","title":{"rendered":"PROSEL INTEGRADO"},"content":{"rendered":"\n<p class=\"has-light-green-cyan-background-color has-background\">Processo Seletivo t\u00e9cnicos n\u00edvel m\u00e9dio <strong>integrado &#8211; presencial<\/strong><\/p>\n\n\n\n<p>Vagas para cursos presenciais integrados ao Ensino M\u00e9dio:<br>&#8211; Curso T\u00e9cnico em Agropecu\u00e1ria &#8211; 35 vagas<br>&#8211; Curso T\u00e9cnico em Florestas &#8211; 35 vagas<br>&#8211; Curso T\u00e9cnico em Administra\u00e7\u00e3o &#8211; 35 vagas<\/p>\n\n\n\n<hr class=\"wp-block-separator has-alpha-channel-opacity\" \/>\n\n\n\n<h2 class=\"wp-block-heading has-text-align-center\"><strong>Oitava Chamada<\/strong><\/h2>\n\n\n\n<p><strong>Per\u00edodo:<\/strong> 25 a 27 de fevereiro de 2025.<br><strong>Hor\u00e1rio:<\/strong> das 7:30h \u00e0s 12h (atendimento por ordem de chegada);<br><strong>Local:<\/strong> SRA &#8211; Secretaria de Registros Acad\u00eamicos no IF Baiano &#8211; <em>Campus<\/em> Teixeira de Freitas (localizado na Rodovia BR 101, KM 882).<\/p>\n\n\n\n<div class=\"wp-block-file\"><object class=\"wp-block-file__embed\" data=\"https:\/\/www.ifbaiano.edu.br\/unidades\/teixeira\/files\/2025\/02\/OITAVA-CHAMADA-DE-MATRICULA-Ingresso-2024-Integrado.pdf\" type=\"application\/pdf\" style=\"width:100%;height:600px\" aria-label=\"Incorporado de OITAVA-CHAMADA-DE-MATRICULA-Ingresso-2024-Integrado.\"><\/object><a id=\"wp-block-file--media-b1b60776-aed6-4a9c-93be-06132d0ca5b5\" href=\"https:\/\/www.ifbaiano.edu.br\/unidades\/teixeira\/files\/2025\/02\/OITAVA-CHAMADA-DE-MATRICULA-Ingresso-2024-Integrado.pdf\">OITAVA-CHAMADA-DE-MATRICULA-Ingresso-2024-Integrado<\/a><a href=\"https:\/\/www.ifbaiano.edu.br\/unidades\/teixeira\/files\/2025\/02\/OITAVA-CHAMADA-DE-MATRICULA-Ingresso-2024-Integrado.pdf\" class=\"wp-block-file__button wp-element-button\" download aria-describedby=\"wp-block-file--media-b1b60776-aed6-4a9c-93be-06132d0ca5b5\">Baixar<\/a><\/div>\n\n\n\n<hr class=\"wp-block-separator has-alpha-channel-opacity is-style-default\" \/>\n\n\n\n<div class=\"wp-block-file\"><a id=\"wp-block-file--media-31e07f0e-b192-44cf-bce7-7da67fefaae9\" href=\"https:\/\/www.ifbaiano.edu.br\/unidades\/teixeira\/files\/2025\/02\/SETIMA-CHAMADA-DE-MATRICULA-Ingresso-2024-INTEGRADO.pdf\">SETIMA-CHAMADA-DE-MATRICULA-Ingresso-2024-INTEGRADO<\/a><a href=\"https:\/\/www.ifbaiano.edu.br\/unidades\/teixeira\/files\/2025\/02\/SETIMA-CHAMADA-DE-MATRICULA-Ingresso-2024-INTEGRADO.pdf\" class=\"wp-block-file__button wp-element-button\" download aria-describedby=\"wp-block-file--media-31e07f0e-b192-44cf-bce7-7da67fefaae9\">Baixar<\/a><\/div>\n\n\n\n<div class=\"wp-block-file\"><a id=\"wp-block-file--media-780d7508-1dfb-45e2-8c4b-3cc777701881\" href=\"https:\/\/www.ifbaiano.edu.br\/unidades\/teixeira\/files\/2025\/02\/SEXTA-CHAMADA-DE-MATRICULA-Ingresso-2024-INTEGRADO.pdf\">SEXTA-CHAMADA-DE-MATRICULA-Ingresso-2024-INTEGRADO<\/a><a href=\"https:\/\/www.ifbaiano.edu.br\/unidades\/teixeira\/files\/2025\/02\/SEXTA-CHAMADA-DE-MATRICULA-Ingresso-2024-INTEGRADO.pdf\" class=\"wp-block-file__button wp-element-button\" download aria-describedby=\"wp-block-file--media-780d7508-1dfb-45e2-8c4b-3cc777701881\">Baixar<\/a><\/div>\n\n\n\n<div class=\"wp-block-file\"><a id=\"wp-block-file--media-ab841f27-2280-4f63-8f7d-efceb88015ff\" href=\"https:\/\/www.ifbaiano.edu.br\/unidades\/teixeira\/files\/2025\/02\/Retificacao-01-QUINTA-CHAMADA-DE-MATRICULA-Ingressos-2024-Edital03-01-MAR-2023.pdf\">Retificacao-01-QUINTA-CHAMADA-DE-MATRICULA-Ingressos-2024-Edital03-01-MAR-2023<\/a><a href=\"https:\/\/www.ifbaiano.edu.br\/unidades\/teixeira\/files\/2025\/02\/Retificacao-01-QUINTA-CHAMADA-DE-MATRICULA-Ingressos-2024-Edital03-01-MAR-2023.pdf\" class=\"wp-block-file__button wp-element-button\" download aria-describedby=\"wp-block-file--media-ab841f27-2280-4f63-8f7d-efceb88015ff\">Baixar<\/a><\/div>\n\n\n\n<div class=\"wp-block-file\"><a id=\"wp-block-file--media-8982ac77-c740-4ed0-b22e-6132bcb3cff5\" href=\"https:\/\/www.ifbaiano.edu.br\/unidades\/teixeira\/files\/2025\/02\/QUINTA-CHAMADA-DE-MATRICULA-Ingressos-2024-Edital03-01-MAR-2023.pdf\">QUINTA-CHAMADA-DE-MATRICULA-Ingressos-2024-Edital03-01-MAR-2023<\/a><a href=\"https:\/\/www.ifbaiano.edu.br\/unidades\/teixeira\/files\/2025\/02\/QUINTA-CHAMADA-DE-MATRICULA-Ingressos-2024-Edital03-01-MAR-2023.pdf\" class=\"wp-block-file__button wp-element-button\" download aria-describedby=\"wp-block-file--media-8982ac77-c740-4ed0-b22e-6132bcb3cff5\">Baixar<\/a><\/div>\n\n\n\n<div class=\"wp-block-file\"><a id=\"wp-block-file--media-f2dfbce6-d649-4796-9883-c425bd697465\" href=\"https:\/\/www.ifbaiano.edu.br\/unidades\/teixeira\/files\/2025\/01\/RETIFICACAO-01-QUARTA-CHAMADA-DE-MATRICULA-Ingressos-2024-Edital-33-01-MAR-2023.pdf\">RETIFICACAO-01-QUARTA-CHAMADA-DE-MATRICULA-Ingressos-2024-Edital-33-01-MAR-2023<\/a><a href=\"https:\/\/www.ifbaiano.edu.br\/unidades\/teixeira\/files\/2025\/01\/RETIFICACAO-01-QUARTA-CHAMADA-DE-MATRICULA-Ingressos-2024-Edital-33-01-MAR-2023.pdf\" class=\"wp-block-file__button wp-element-button\" download aria-describedby=\"wp-block-file--media-f2dfbce6-d649-4796-9883-c425bd697465\">Baixar<\/a><\/div>\n\n\n\n<div class=\"wp-block-file\"><a id=\"wp-block-file--media-86ebfe43-b7a1-43c3-b5b7-ecc1f5a162ab\" href=\"https:\/\/www.ifbaiano.edu.br\/unidades\/teixeira\/files\/2025\/01\/QUARTA-CHAMADA-DE-MATRICULA-Ingressos-2024-Edital-33-01-MAR-2023.pdf\">QUARTA-CHAMADA-DE-MATRICULA-Ingressos-2024-Edital-33-01-MAR-2023<\/a><a href=\"https:\/\/www.ifbaiano.edu.br\/unidades\/teixeira\/files\/2025\/01\/QUARTA-CHAMADA-DE-MATRICULA-Ingressos-2024-Edital-33-01-MAR-2023.pdf\" class=\"wp-block-file__button wp-element-button\" download aria-describedby=\"wp-block-file--media-86ebfe43-b7a1-43c3-b5b7-ecc1f5a162ab\">Baixar<\/a><\/div>\n\n\n\n<p><a href=\"https:\/\/www.ifbaiano.edu.br\/unidades\/teixeira\/files\/2025\/01\/Terceira-Chamada-de-matricula.pdf\">Terceira Chamada<\/a><\/p>\n\n\n\n<p><a href=\"https:\/\/www.ifbaiano.edu.br\/unidades\/teixeira\/files\/2025\/01\/SEGUNDA-CHAMADA-DE-MATRICULA-INTEGRADO.pdf\">Segunda Chamada <\/a><\/p>\n\n\n\n<p><a href=\"https:\/\/www.ifbaiano.edu.br\/unidades\/teixeira\/files\/2025\/01\/Nota-Informativa-4.pdf\">Nota Informativa 04<\/a><\/p>\n\n\n\n<p><a href=\"https:\/\/www.ifbaiano.edu.br\/unidades\/teixeira\/files\/2024\/12\/EDITAL-DE-MATRICULA-N-01-DE-20-DE-DEZEMBRO-DE-2024-PROCESSO-SELETIVO-PARA-INGRESSO-DE-ESTUDANTES-2024-1.pdf\">Edital de Matr\u00edcula <\/a><\/p>\n\n\n\n<p><a href=\"https:\/\/www.ifbaiano.edu.br\/unidades\/teixeira\/files\/2024\/12\/RESULTADO_FINAL_1_assinado-1.pdf\">Resultado Final<\/a><\/p>\n\n\n\n<p><a href=\"https:\/\/www.ifbaiano.edu.br\/unidades\/teixeira\/files\/2024\/12\/Resultado-final-banca-identificacao-prosel-integrado.pdf\">Resultado Final Banca de Verifica\u00e7\u00e3o <\/a><\/p>\n\n\n\n<p><a href=\"https:\/\/www.ifbaiano.edu.br\/unidades\/teixeira\/files\/2024\/12\/RESULTADO-PRELIMINAR-BANCA-Prosel-integrado.pdf\">Resultado Preliminar Banca de Verifica\u00e7\u00e3o -Prosel integrado<\/a><\/p>\n\n\n\n<p><a href=\"https:\/\/www.ifbaiano.edu.br\/unidades\/teixeira\/files\/2024\/11\/Convocacao-para-Verificacao-de-Declaracao-Etnico-Racial-Prosel-Integrado.pdf\">Convoca\u00e7\u00e3o o para Verifica\u00e7\u00e3o de Declara\u00e7\u00e3o \u00c9tnico-Racial<\/a><\/p>\n\n\n\n<p><a href=\"https:\/\/www.ifbaiano.edu.br\/unidades\/teixeira\/files\/2024\/11\/RESULTADO-DOS-RECURSOS-CONTRA-A-ANALISE-DE-HISTORICO-ESCOLAR.pdf\">RESULTADO DOS RECURSOS CONTRA A AN\u00c1LISE DE HIST\u00d3RICO ESCOLAR<\/a><\/p>\n\n\n\n<p><a href=\"https:\/\/www.ifbaiano.edu.br\/unidades\/teixeira\/files\/2024\/11\/Prosel-Integrado-RESULTADO-PRELIMINAR-DA-ANALISE-DE-HISTORICO-ESCOLAR.pdf\">RESULTADO PRELIMINAR DA AN\u00c1LISE DE HIST\u00d3RICO ESCOLAR<\/a><\/p>\n\n\n\n<p><a href=\"https:\/\/www.ifbaiano.edu.br\/unidades\/teixeira\/files\/2024\/11\/Edital-no-03-de-16-de-setembro-de-2024-Retifica-o-Edital-no-33-01-de-dezembro-2023.pdf\">Retifica\u00e7\u00e3o &#8211; RESULTADO DOS RECURSOS\/HOMOLOGA\u00c7\u00c3O DOS(AS) CANDIDATOS(AS) INSCRITOS(AS)<\/a><\/p>\n\n\n\n<p><a href=\"https:\/\/www.ifbaiano.edu.br\/unidades\/teixeira\/files\/2024\/11\/RESULTADO-DOS-RECURSOS-HOMOLOGACAO-DOSAS-CANDIDATOSAS-INSCRITOSAS.pdf\">RESULTADO DOS RECURSOS HOMOLOGA\u00c7\u00c3O DOS(AS) CANDIDATOS(AS) INSCRITOS(AS)<\/a><\/p>\n\n\n\n<p><a href=\"https:\/\/www.ifbaiano.edu.br\/unidades\/teixeira\/files\/2024\/10\/Prosel-Integrado-Lista-Preliminar-de-Inscricoes-Homologadas.pdf\">Prosel Integrado &#8211; Lista Preliminar de Inscri\u00e7\u00f5es Homologadas<\/a><\/p>\n\n\n\n<p><a href=\"https:\/\/www.ifbaiano.edu.br\/unidades\/teixeira\/files\/2024\/09\/Nota-informativa-n\u00b0-03.pdf\">Nota Informativa n\u00ba 03<\/a><\/p>\n\n\n\n<p><a href=\"https:\/\/www.ifbaiano.edu.br\/unidades\/teixeira\/files\/2024\/09\/Edital-de-Retificacao-03-de-16-de-Setembro-de-2024-Retificado-o-Edital-33-de-01-de-dezembro-de-2023.pdf\">Edital de Retifica\u00e7\u00e3o &#8211; 03 , de 16 de Setembro de 2024<\/a>, Retificado o Edital 33, de 01 de dezembro de 2023<\/p>\n\n\n\n<p>Link para <strong>inscri\u00e7\u00e3o online<\/strong>:<br><a href=\"http:\/\/opinanovo.ifbaiano.edu.br\/index.php\/236592?lang=pt-BR\"><\/a><a rel=\"noreferrer noopener\" href=\"http:\/\/opinanovo.ifbaiano.edu.br\/index.php\/236592?lang=pt-BR\" target=\"_blank\">http:\/\/opinanovo.ifbaiano.edu.br\/index.php\/2365<\/a><\/p>\n\n\n\n<p>Per\u00edodo de inscri\u00e7\u00e3o online:  <strong>26\/08 a 27\/09\/2024<\/strong><\/p>\n\n\n\n<hr class=\"wp-block-separator has-alpha-channel-opacity\" \/>\n\n\n\n<p><strong>Arquivos atualizados<\/strong>:<\/p>\n\n\n\n<p><a href=\"https:\/\/www.ifbaiano.edu.br\/unidades\/teixeira\/files\/2024\/09\/ANEXO-II-DECLARACAO-ESCOLAR-DE-ENSINO-FUNDAMENTAL.pdf\">ANEXO II \u2013 DECLARA\u00c7\u00c3O ESCOLAR DE ENSINO FUNDAMENTAL<\/a><\/p>\n\n\n\n<p><a href=\"https:\/\/www.ifbaiano.edu.br\/unidades\/teixeira\/files\/2024\/09\/ANEXO-III-AUTODECLARACAO-DE-RENDA.pdf\">ANEXO III &#8211; AUTODECLARA\u00c7\u00c3O DE RENDA<\/a><\/p>\n\n\n\n<p><a href=\"https:\/\/www.ifbaiano.edu.br\/unidades\/teixeira\/files\/2024\/09\/ANEXO-IV-FORMULARIO-PARA-RECURSO.pdf\">ANEXO IV &#8211; FORMUL\u00c1RIO PARA RECURSOS<\/a><\/p>\n\n\n\n<p><a href=\"https:\/\/www.ifbaiano.edu.br\/unidades\/teixeira\/files\/2024\/09\/ANEXO-V-DECLARACAO-DE-RECONHECIMENTO-DE-PERTENCIMENTO-E-DE-VINCULO-COM-COMUNIDADE-QUILOMBOLA.pdf\">ANEXO V &#8211; DECLARA\u00c7\u00c3O DE RECONHECIMENTO DE PERTENCIMENTO E DE V\u00cdNCULO COM COMUNIDADE QUILOMBOLA<\/a><\/p>\n\n\n\n<hr class=\"wp-block-separator has-alpha-channel-opacity\" \/>\n\n\n\n<p>Arquivos anteriores (n\u00e3o utilizar para novas inscri\u00e7\u00f5es)<\/p>\n\n\n\n<p><strong><a href=\"https:\/\/www.ifbaiano.edu.br\/unidades\/teixeira\/files\/2024\/08\/Cronograma-retificado-das-etapas-integrado.pdf\">Cronograma retificado das etapas<\/a><\/strong> &#8211; integrado<\/p>\n\n\n\n<p><a href=\"https:\/\/www.ifbaiano.edu.br\/unidades\/teixeira\/files\/2024\/08\/Nota-informativa-2.pdf\">Nota Informativa n.2<\/a><\/p>\n\n\n\n<p><a href=\"https:\/\/www.ifbaiano.edu.br\/unidades\/teixeira\/files\/2024\/08\/Edital-de-Retificacao-no-02-Prosel-Integrado.pdf\">Edital de Retifica\u00e7\u00e3o n\u00ba 02, de 08 de agosto de 2024<\/a><br>Retifica o Edital n\u00ba 33, 01 de dezembro 2023<\/p>\n\n\n\n<p><a href=\"https:\/\/www.ifbaiano.edu.br\/unidades\/teixeira\/files\/2024\/04\/Anexo-III-DECLARACAO-ESCOLAR-DE-ENSINO-FUNDAMENTAL.pdf\">ANEXO III &#8211; DECLARA\u00c7\u00c3O ESCOLAR DE ENSINO FUNDAMENTAL<\/a><\/p>\n\n\n\n<p><a href=\"https:\/\/www.ifbaiano.edu.br\/unidades\/teixeira\/files\/2024\/04\/Anexo-IV-AUTODECLARACAO-ETNICO-RACIAL.pdf\">ANEXO IV &#8211; AUTODECLARA\u00c7\u00c3O \u00c9TNICO-RACIAL<\/a><\/p>\n\n\n\n<p><a href=\"https:\/\/www.ifbaiano.edu.br\/unidades\/teixeira\/files\/2024\/04\/Anexo-V-CONSOLIDACAO-DE-RENDA-FAMILIAR.pdf\">ANEXO V &#8211; CONSOLIDA\u00c7\u00c3O DE RENDA FAMILIAR<\/a><\/p>\n\n\n\n<p><a href=\"https:\/\/www.ifbaiano.edu.br\/unidades\/teixeira\/files\/2024\/04\/Anexo-VI-AUTODECLARACAO-DE-RENDA.pdf\">ANEXO VI &#8211; AUTODECLARA\u00c7\u00c3O DE RENDA<\/a><\/p>\n\n\n\n<p><a href=\"https:\/\/www.ifbaiano.edu.br\/unidades\/teixeira\/files\/2024\/04\/Anexo-VII-FORMULARIO-PARA-RECURSO.pdf\">ANEXO VII -FORMUL\u00c1RIO PARA RECURSO<\/a><\/p>\n\n\n\n<p><\/p>\n\n\n\n<p><a href=\"https:\/\/www.ifbaiano.edu.br\/unidades\/teixeira\/files\/2024\/04\/Suspensao-das-atividade-do-Prosel.pdf\">Nota Informativa<\/a><\/p>\n\n\n\n<p><a href=\"https:\/\/www.ifbaiano.edu.br\/unidades\/teixeira\/files\/2024\/04\/Nota-Informativa-Prosel-integrado.pdf\">Nota P\u00fablica<\/a><\/p>\n\n\n\n<p><a href=\"https:\/\/www.ifbaiano.edu.br\/unidades\/teixeira\/files\/2024\/02\/retificacao-1-EDITAL-N\u00b0-33-DE-01-DE-DEZEMBRO-DE-2023.pdf\">1\u00b0 Retifica\u00e7\u00e3o (altera\u00e7\u00e3o de cronograma) do edital 33, de&nbsp;01 de dezembro&nbsp;de 2023<\/a><\/p>\n\n\n\n<p><a href=\"https:\/\/www.ifbaiano.edu.br\/unidades\/teixeira\/files\/2023\/12\/EDITAL-No-33-01-DE-DEZEMBRO-DE-2023.pdf\">EDITAL N\u00ba 33, 01 DE DEZEMBRO DE 2023<\/a> &#8211; <\/p>\n\n\n\n<hr class=\"wp-block-separator has-alpha-channel-opacity\" \/>\n\n\n\n<p>Telefone para contato com o Prosel: 73 99964261<\/p>\n","protected":false},"excerpt":{"rendered":"<p>Processo Seletivo t\u00e9cnicos n\u00edvel m\u00e9dio integrado &#8211; presencial Vagas para cursos presenciais integrados ao Ensino M\u00e9dio:&#8211; Curso T\u00e9cnico em Agropecu\u00e1ria &#8211; 35 vagas&#8211; Curso T\u00e9cnico em Florestas &#8211; 35 vagas&#8211; Curso T\u00e9cnico em Administra\u00e7\u00e3o &#8211; 35 vagas Oitava Chamada Per\u00edodo: 25 a 27 de fevereiro de 2025.Hor\u00e1rio: das 7:30h \u00e0s 12h (atendimento por ordem de [&hellip;]<\/p>\n","protected":false},"author":152,"featured_media":0,"parent":0,"menu_order":0,"comment_status":"closed","ping_status":"closed","template":"","meta":[],"_links":{"self":[{"href":"https:\/\/www.ifbaiano.edu.br\/unidades\/teixeira\/wp-json\/wp\/v2\/pages\/13868"}],"collection":[{"href":"https:\/\/www.ifbaiano.edu.br\/unidades\/teixeira\/wp-json\/wp\/v2\/pages"}],"about":[{"href":"https:\/\/www.ifbaiano.edu.br\/unidades\/teixeira\/wp-json\/wp\/v2\/types\/page"}],"author":[{"embeddable":true,"href":"https:\/\/www.ifbaiano.edu.br\/unidades\/teixeira\/wp-json\/wp\/v2\/users\/152"}],"replies":[{"embeddable":true,"href":"https:\/\/www.ifbaiano.edu.br\/unidades\/teixeira\/wp-json\/wp\/v2\/comments?post=13868"}],"version-history":[{"count":36,"href":"https:\/\/www.ifbaiano.edu.br\/unidades\/teixeira\/wp-json\/wp\/v2\/pages\/13868\/revisions"}],"predecessor-version":[{"id":14914,"href":"https:\/\/www.ifbaiano.edu.br\/unidades\/teixeira\/wp-json\/wp\/v2\/pages\/13868\/revisions\/14914"}],"wp:attachment":[{"href":"https:\/\/www.ifbaiano.edu.br\/unidades\/teixeira\/wp-json\/wp\/v2\/media?parent=13868"}],"curies":[{"name":"wp","href":"https:\/\/api.w.org\/{rel}","templated":true}]}}