{"id":14089,"date":"2024-10-23T11:10:08","date_gmt":"2024-10-23T14:10:08","guid":{"rendered":"https:\/\/www.ifbaiano.edu.br\/unidades\/teixeira\/?page_id=14089"},"modified":"2025-01-20T10:30:00","modified_gmt":"2025-01-20T13:30:00","slug":"ingresso","status":"publish","type":"page","link":"https:\/\/www.ifbaiano.edu.br\/unidades\/teixeira\/ingresso\/","title":{"rendered":"Processo Seletivo &#8211; Superior"},"content":{"rendered":"<div class=\"wp-block-image is-style-default\">\n<figure class=\"aligncenter size-full\"><img decoding=\"async\" loading=\"lazy\" width=\"220\" height=\"75\" src=\"https:\/\/www.ifbaiano.edu.br\/unidades\/teixeira\/files\/2024\/11\/superior.png\" alt=\"\" class=\"wp-image-14124\" \/><\/figure><\/div>\n\n\n<p><a href=\"https:\/\/www.ifbaiano.edu.br\/unidades\/teixeira\/files\/2025\/01\/Segunda-Chamada-de-Matricula-Superior.pdf\">Segunda Chamada<\/a><\/p>\n\n\n\n<p><a href=\"https:\/\/www.ifbaiano.edu.br\/unidades\/teixeira\/files\/2024\/12\/Edital-de-matricula-prosel-superior.pdf\">Edital de Matr\u00edcula<\/a> <\/p>\n\n\n\n<p><a href=\"https:\/\/www.ifbaiano.edu.br\/unidades\/teixeira\/files\/2024\/12\/RESULTADO_FINAL_-_PROSEL_Engenharia_Agronomica-_Assinatura_Diretor_Geral_assinado.pdf\">Resultado Final<\/a><\/p>\n\n\n\n<p><a href=\"https:\/\/www.ifbaiano.edu.br\/unidades\/teixeira\/files\/2024\/12\/RESULTADO-DO-RECURSO-AO-RESULTADO-PRELIMINAR-DE-CLASSIFICACAO-.pdf\">Resultado dos Recursos ao resultado preliminar<\/a><\/p>\n\n\n\n<p><a href=\"https:\/\/www.ifbaiano.edu.br\/unidades\/teixeira\/files\/2024\/12\/RESULTADO-CLASSIFICACAO-PRELIMINAR-PROSEL-Eng-Agronomica-RESULTADO-CLASSIFICACAO-PRELIMINAR-1.pdf\">Resultado Preliminar da classifica\u00e7\u00e3o <\/a><\/p>\n\n\n\n<p><a href=\"https:\/\/www.ifbaiano.edu.br\/unidades\/teixeira\/files\/2024\/12\/RESULTADO-FINAL-Verificacao-de-Declaracao-Etnico-Racial-Prosel-Superior.pdf\">Resultado Final Banca de verifica\u00e7\u00e3o \u00c9tnico-Racial<\/a><\/p>\n\n\n\n<p><a href=\"https:\/\/www.ifbaiano.edu.br\/unidades\/teixeira\/files\/2024\/12\/RESULTADO-PRELIMINAR-Verificacao-de-Declaracao-Etnico-Racia-prosel-superior.pdf\">RESULTADO PRELIMINAR Verifica\u00e7\u00e3o de Declara\u00e7\u00e3o \u00c9tnico-Racial<\/a><\/p>\n\n\n\n<p><a href=\"https:\/\/www.ifbaiano.edu.br\/unidades\/teixeira\/files\/2024\/12\/Edital-15-de-06-de-novembro-de-2024-Retificacao-de-cronograma-e-Anexo-I.pdf\">Edital-15-de-06-de-novembro-de-2024- Retifica\u00e7\u00e3o de cronograma e Anexo I<\/a><\/p>\n\n\n\n<p><a href=\"https:\/\/www.ifbaiano.edu.br\/unidades\/teixeira\/files\/2024\/12\/Convocacao-para-Verificacao-de-Declaracao-Etnico-Racial-1.pdf\">Convoca\u00e7\u00e3o para verifica\u00e7\u00e3o de Declara\u00e7\u00e3o \u00c9tnico-Racial<\/a><\/p>\n\n\n\n<p><a href=\"https:\/\/www.ifbaiano.edu.br\/unidades\/teixeira\/files\/2024\/12\/RECURSO-RESULTADO-PRELIMINAR-PROSEL-Engenharia-Agronomica-1.pdf\">Resultado dos Recursos contra o Resultado Preliminar<\/a><\/p>\n\n\n\n<p><a href=\"https:\/\/www.ifbaiano.edu.br\/unidades\/teixeira\/files\/2024\/12\/RETIFICACAO-01-DO-RESULTADO-PRELIMINAR-PROSEL-Eng-Agronomica-1.pdf\">Retifica\u00e7\u00e3o 01 do Resultado Preliminar<\/a><\/p>\n\n\n\n<p><a href=\"https:\/\/www.ifbaiano.edu.br\/unidades\/teixeira\/files\/2024\/12\/RETIFICACAO-01-DO-RESULTADO-DOS-RECURSOS-E-HOMOLOGACAO-DAS-INSCRICOES-PROSEL-Eng-Agronomica-1.pdf\">Retifica\u00e7\u00e3o 01 do Resultado dos Recursos e Homologa\u00e7\u00e3o das Inscri\u00e7\u00f5es <\/a><\/p>\n\n\n\n<p><a href=\"https:\/\/www.ifbaiano.edu.br\/unidades\/teixeira\/files\/2024\/12\/RESULTADO-PRELIMINAR-PROSEL-Eng-Agronomica-Resultado_Preliminar.pdf\">Resultado Preliminar<\/a><\/p>\n\n\n\n<p><a href=\"https:\/\/www.ifbaiano.edu.br\/unidades\/teixeira\/files\/2024\/11\/RESULTADO-DOS-RECURSOS-E-HOMOLOGACAO-DAS-INSCRICOES.pdf\">Resultado dos recursos e Homologa\u00e7\u00e3o das Inscri\u00e7\u00f5es<\/a><\/p>\n\n\n\n<p><a href=\"https:\/\/www.ifbaiano.edu.br\/unidades\/teixeira\/files\/2024\/11\/LISTA-PRELIMINAR-DE-INSCRICOES-PROSEL-Eng-Agronomica-Pagina1-1-1.pdf\" data-type=\"URL\" data-id=\"https:\/\/www.ifbaiano.edu.br\/unidades\/teixeira\/files\/2024\/11\/LISTA-PRELIMINAR-DE-INSCRICOES-PROSEL-Eng-Agronomica-Pagina1-1-1.pdf\">Lista Preliminar de Inscri\u00e7\u00f5es <\/a><\/p>\n\n\n\n<p><a href=\"https:\/\/www.ifbaiano.edu.br\/unidades\/teixeira\/files\/2024\/11\/RESULTADO-DA-IMPUGNACAO-E-PUBLICACAO-DO-EDITAL-HOMOLOGADO-No-15-DE-06-DE-NOVEMBRO-DE-2024.pdf\">RESULTADO DA IMPUGNA\u00c7\u00c3O E PUBLICA\u00c7\u00c3O DO EDITAL HOMOLOGADO N\u00ba 15, DE 06 DE NOVEMBRO DE 2024<\/a><\/p>\n\n\n\n<hr class=\"wp-block-separator has-alpha-channel-opacity\" \/>\n\n\n\n<p>Acesse o <a href=\"https:\/\/www.ifbaiano.edu.br\/unidades\/teixeira\/files\/2024\/11\/Edital-15-de-06-de-novembro-de-2024.pdf\">Edital n\u00ba 15, de 06 de novembro de 2024<\/a><\/p>\n\n\n\n<p>SELE\u00c7\u00c3O DE CANDIDATOS(AS) PARA PREENCHIMENTO DE VAGAS NO CURSO SUPERIOR DE BACHARELADO EM ENGENHARIA AGRON\u00d4MICA<\/p>\n\n\n\n<p>Link de acesso ao Formul\u00e1rio de Opina para realiza\u00e7\u00e3o de Inscri\u00e7\u00f5es para Sele\u00e7\u00e3o de Candidatos para preenchimento de Vagas no Curso de Bacharelado em Engenharia Agron\u00f4mica &#8211; Campus Teixeira de Freitas 2025:  <a rel=\"noreferrer noopener\" href=\"http:\/\/opinanovo.ifbaiano.edu.br\/index.php\/928162?lang=pt-BR\" target=\"_blank\">http:\/\/opinanovo.ifbaiano.edu.br\/index.php\/928162?lang=pt-BR<\/a><\/p>\n\n\n\n<hr class=\"wp-block-separator has-alpha-channel-opacity\" \/>\n\n\n\n<p>Para efeitos deste edital, ser\u00e3o ofertadas <strong>40 vagas<\/strong> no curso de Bacharelado em Engenharia Agron\u00f4mica ofertado pelo IF Baiano &#8211; Campus Teixeira de Freitas. <\/p>\n\n\n\n<p>1.1 As vagas ser\u00e3o distribu\u00eddas da seguinte forma: <\/p>\n\n\n\n<ul>\n<li><strong>20 vagas<\/strong> para os estudantes concluintes do Ensino M\u00e9dio no ano civil de 2024, atrav\u00e9s de <strong>an\u00e1lise do hist\u00f3rico escolar<\/strong> atrav\u00e9s das m\u00e9dias de Portugu\u00eas e Matem\u00e1tica; <\/li>\n<\/ul>\n\n\n\n<ul>\n<li><strong>20 vagas<\/strong> para estudantes que realizaram uma das edi\u00e7\u00f5es do <strong>ENEM<\/strong>, no per\u00edodo de 2019 a 2023.<\/li>\n<\/ul>\n\n\n\n<p>1.2 O presente processo seletivo \u00e9 destinado aos(\u00e0s) candidatos(as) que j\u00e1 conclu\u00edram o Ensino M\u00e9dio, ou que estejam concluindo no ano civil de 2024, sendo exigida, no ato da matr\u00edcula, a comprova\u00e7\u00e3o de conclus\u00e3o do Ensino M\u00e9dio. <\/p>\n\n\n\n<p>1.3 O IF Baiano &#8211; Campus Teixeira de Freitas utilizar\u00e1 as notas do ENEM, das seguintes \u00e1reas: Ci\u00eancias Humanas e suas Tecnologias; Ci\u00eancias da Natureza e suas Tecnologias; Linguagens,C\u00f3digos e suas Tecnologias; Matem\u00e1tica e suas Tecnologias e Reda\u00e7\u00e3o. <\/p>\n\n\n\n<p>1.4 A realiza\u00e7\u00e3o deste Processo de Sele\u00e7\u00e3o ficar\u00e1 a cargo da Comiss\u00e3o Local de Processo Seletivo, \u00e0 qual compete a responsabilidade de organizar, planejar, coordenar, executar e divulgar o processo, conferindo ampla divulga\u00e7\u00e3o \u00e0s informa\u00e7\u00f5es pertinentes ao processo.<\/p>\n\n\n\n<hr class=\"wp-block-separator has-alpha-channel-opacity\" \/>\n\n\n\n<p><strong>Cronograma resumido<\/strong>:<\/p>\n\n\n\n<p>Per\u00edodo de inscri\u00e7\u00e3o do candidato:  De 11 a 21 de novembro de 2024<\/p>\n\n\n\n<p>Publica\u00e7\u00e3o do resultado final:  23 de dezembro de 2024<\/p>\n\n\n\n<p>Publica\u00e7\u00e3o do Edital de Matr\u00edcula:  23 de dezembro de 2024<\/p>\n\n\n\n<p>In\u00edcio das aulas:  03 de fevereiro de 2025<\/p>\n\n\n\n<p><strong>Leia o Cronograma completo<\/strong> no <a href=\"https:\/\/www.ifbaiano.edu.br\/unidades\/teixeira\/files\/2024\/11\/Edital-15-de-06-de-novembro-de-2024.pdf\">Edital n\u00ba 15, de 06 de novembro de 2024<\/a><\/p>\n\n\n\n<hr class=\"wp-block-separator has-alpha-channel-opacity\" \/>\n\n\n\n<p><\/p>\n","protected":false},"excerpt":{"rendered":"<p>Segunda Chamada Edital de Matr\u00edcula Resultado Final Resultado dos Recursos ao resultado preliminar Resultado Preliminar da classifica\u00e7\u00e3o Resultado Final Banca de verifica\u00e7\u00e3o \u00c9tnico-Racial RESULTADO PRELIMINAR Verifica\u00e7\u00e3o de Declara\u00e7\u00e3o \u00c9tnico-Racial Edital-15-de-06-de-novembro-de-2024- Retifica\u00e7\u00e3o de cronograma e Anexo I Convoca\u00e7\u00e3o para verifica\u00e7\u00e3o de Declara\u00e7\u00e3o \u00c9tnico-Racial Resultado dos Recursos contra o Resultado Preliminar Retifica\u00e7\u00e3o 01 do Resultado Preliminar Retifica\u00e7\u00e3o [&hellip;]<\/p>\n","protected":false},"author":152,"featured_media":0,"parent":0,"menu_order":0,"comment_status":"closed","ping_status":"closed","template":"","meta":[],"_links":{"self":[{"href":"https:\/\/www.ifbaiano.edu.br\/unidades\/teixeira\/wp-json\/wp\/v2\/pages\/14089"}],"collection":[{"href":"https:\/\/www.ifbaiano.edu.br\/unidades\/teixeira\/wp-json\/wp\/v2\/pages"}],"about":[{"href":"https:\/\/www.ifbaiano.edu.br\/unidades\/teixeira\/wp-json\/wp\/v2\/types\/page"}],"author":[{"embeddable":true,"href":"https:\/\/www.ifbaiano.edu.br\/unidades\/teixeira\/wp-json\/wp\/v2\/users\/152"}],"replies":[{"embeddable":true,"href":"https:\/\/www.ifbaiano.edu.br\/unidades\/teixeira\/wp-json\/wp\/v2\/comments?post=14089"}],"version-history":[{"count":24,"href":"https:\/\/www.ifbaiano.edu.br\/unidades\/teixeira\/wp-json\/wp\/v2\/pages\/14089\/revisions"}],"predecessor-version":[{"id":14829,"href":"https:\/\/www.ifbaiano.edu.br\/unidades\/teixeira\/wp-json\/wp\/v2\/pages\/14089\/revisions\/14829"}],"wp:attachment":[{"href":"https:\/\/www.ifbaiano.edu.br\/unidades\/teixeira\/wp-json\/wp\/v2\/media?parent=14089"}],"curies":[{"name":"wp","href":"https:\/\/api.w.org\/{rel}","templated":true}]}}