{"id":14220,"date":"2024-11-28T14:16:16","date_gmt":"2024-11-28T17:16:16","guid":{"rendered":"https:\/\/www.ifbaiano.edu.br\/unidades\/teixeira\/?page_id=14220"},"modified":"2025-03-11T09:47:07","modified_gmt":"2025-03-11T12:47:07","slug":"prosel-ead","status":"publish","type":"page","link":"https:\/\/www.ifbaiano.edu.br\/unidades\/teixeira\/prosel-ead\/","title":{"rendered":"PROSEL EaD"},"content":{"rendered":"\n<p>Processo seletivo de ingresso de estudantes de 2025, nos cursos da Educa\u00e7\u00e3o Profissional T\u00e9cnica de N\u00edvel M\u00e9dio (EPTNM), na forma subsequente ao ensino m\u00e9dio, modalidade EaD &#8211; para o Campus Teixeira de Freitas.<\/p>\n\n\n\n<p><strong>Cursos e Vagas<\/strong>:<\/p>\n\n\n\n<p>T\u00e9cnico em Multimeios Did\u00e1ticos   40 vagas<br>T\u00e9cnico em Secretaria Escolar 40 vagas<br>Dura\u00e7\u00e3o dos cursos: 18 meses<\/p>\n\n\n\n<p>A inscri\u00e7\u00e3o neste processo seletivo dar-se-\u00e1, exclusivamente, via internet, atrav\u00e9s do endere\u00e7o eletr\u00f4nico<br><a href=\"http:\/\/opinanovo.ifbaiano.edu.br\/index.php\/667364?lang=pt-BR\">http:\/\/opinanovo.ifbaiano.edu.br\/index.php\/667364?lang=pt-BR<\/a>  no per\u00edodo definido no cronograma<\/p>\n\n\n\n<hr class=\"wp-block-separator has-alpha-channel-opacity\" \/>\n\n\n\n<h2 class=\"wp-block-heading has-text-align-center\">Nota Informativa <\/h2>\n\n\n\n<div class=\"wp-block-file\"><object class=\"wp-block-file__embed\" data=\"https:\/\/www.ifbaiano.edu.br\/unidades\/teixeira\/files\/2025\/03\/NOTA-INFORMATIVA-PROCESSO-SELETIVO-EAD-Edital17-29NOV2024.pdf\" type=\"application\/pdf\" style=\"width:100%;height:600px\" aria-label=\"Incorporado de NOTA-INFORMATIVA-PROCESSO-SELETIVO-EAD-Edital17-29NOV2024.\"><\/object><a id=\"wp-block-file--media-072c9d68-b52b-412d-8174-c1b423672124\" href=\"https:\/\/www.ifbaiano.edu.br\/unidades\/teixeira\/files\/2025\/03\/NOTA-INFORMATIVA-PROCESSO-SELETIVO-EAD-Edital17-29NOV2024.pdf\">NOTA-INFORMATIVA-PROCESSO-SELETIVO-EAD-Edital17-29NOV2024<\/a><a href=\"https:\/\/www.ifbaiano.edu.br\/unidades\/teixeira\/files\/2025\/03\/NOTA-INFORMATIVA-PROCESSO-SELETIVO-EAD-Edital17-29NOV2024.pdf\" class=\"wp-block-file__button wp-element-button\" download aria-describedby=\"wp-block-file--media-072c9d68-b52b-412d-8174-c1b423672124\">Baixar<\/a><\/div>\n\n\n\n<hr class=\"wp-block-separator has-alpha-channel-opacity\" \/>\n\n\n\n<p class=\"has-large-font-size\"><strong>Cronograma resumido<\/strong> (retificado):<\/p>\n\n\n\n<ul>\n<li>Publica\u00e7\u00e3o do Edital 02\/12\/2024<\/li>\n\n\n\n<li>Per\u00edodo de inscri\u00e7\u00e3o 06\/12\/2024 a<strong> 03\/01\/2025<\/strong> (prorrogado)<\/li>\n\n\n\n<li>Funcionamento de ponto apoio presencial, IF Baiano Campus Teixeira de Freitas &#8211; BR-101, KM 882, s\/n Zona Rural, Teixeira de Freitas &#8211; BA, 45985-970: <\/li>\n\n\n\n<li>dias 23, 24 e 26\/12\/2024, das 09 \u00e0s 12:00hs <\/li>\n\n\n\n<li>dias 30, 31 e 02\/01\/2025, das 09 \u00e0s 12:00hs<\/li>\n\n\n\n<li>Convoca\u00e7\u00e3o dos(as) candidatos(as) para a banca de heteroidentifica\u00e7\u00e3o \u00e9tnico-racial 17\/01\/2025<\/li>\n\n\n\n<li>Realiza\u00e7\u00e3o da banca de heteroidentifica\u00e7\u00e3o \u00e9tnico-racial  22\/01\/2025<\/li>\n\n\n\n<li>Publica\u00e7\u00e3o do resultado final 31\/01\/2025<\/li>\n\n\n\n<li>Publica\u00e7\u00e3o do edital de matr\u00edcula 07\/02\/2025<\/li>\n\n\n\n<li>Previs\u00e3o de in\u00edcio das aulas 10\/03\/2025<\/li>\n\n\n\n<li>Veja o Cronograma completo com todas as Etapas no <strong>Retifica\u00e7\u00e3o 01 &#8211; Cronograma com programa\u00e7\u00e3o das etapas<\/strong> do Edital<\/li>\n<\/ul>\n\n\n\n<div class=\"wp-block-file\"><a id=\"wp-block-file--media-0eadb2a5-fa0e-4701-9599-d13f1d24c973\" href=\"https:\/\/www.ifbaiano.edu.br\/unidades\/teixeira\/files\/2025\/02\/Retificacao-01-Cronograma-com-programacao-das-etapas-EAD-EDITAL17-29nov2024.pdf\">Retificacao-01-Cronograma-com-programacao-das-etapas-EAD-EDITAL17-29nov2024<\/a><a href=\"https:\/\/www.ifbaiano.edu.br\/unidades\/teixeira\/files\/2025\/02\/Retificacao-01-Cronograma-com-programacao-das-etapas-EAD-EDITAL17-29nov2024.pdf\" class=\"wp-block-file__button wp-element-button\" download aria-describedby=\"wp-block-file--media-0eadb2a5-fa0e-4701-9599-d13f1d24c973\">Baixar<\/a><\/div>\n\n\n\n<hr class=\"wp-block-separator has-alpha-channel-opacity\" \/>\n\n\n\n<div class=\"wp-block-file\"><a id=\"wp-block-file--media-faea3bc1-f892-4d0e-8dc1-25023c37bb88\" href=\"https:\/\/www.ifbaiano.edu.br\/unidades\/teixeira\/files\/2025\/02\/PRORROGACAO-DO-PERIODO-DE-MATRICULA-EAD-Edital17-29NOV2024.pdf\">PRORROGACAO-DO-PERIODO-DE-MATRICULA-EAD-Edital17-29NOV2024<\/a><a href=\"https:\/\/www.ifbaiano.edu.br\/unidades\/teixeira\/files\/2025\/02\/PRORROGACAO-DO-PERIODO-DE-MATRICULA-EAD-Edital17-29NOV2024.pdf\" class=\"wp-block-file__button wp-element-button\" download aria-describedby=\"wp-block-file--media-faea3bc1-f892-4d0e-8dc1-25023c37bb88\">Baixar<\/a><\/div>\n\n\n\n<div class=\"wp-block-file\"><a id=\"wp-block-file--media-cad5d45a-1a29-4f67-8b98-89699daef99d\" href=\"https:\/\/www.ifbaiano.edu.br\/unidades\/teixeira\/files\/2025\/02\/Convocacao-para-Matricula-EAD-Edital17-29NOV2024.pdf\">Convocacao-para-Matricula-EAD-Edital17-29NOV2024<\/a><a href=\"https:\/\/www.ifbaiano.edu.br\/unidades\/teixeira\/files\/2025\/02\/Convocacao-para-Matricula-EAD-Edital17-29NOV2024.pdf\" class=\"wp-block-file__button wp-element-button\" download aria-describedby=\"wp-block-file--media-cad5d45a-1a29-4f67-8b98-89699daef99d\">Baixar<\/a><\/div>\n\n\n\n<div class=\"wp-block-file\"><a id=\"wp-block-file--media-372270f7-79ed-4e10-8086-a44bec3c5d5d\" href=\"https:\/\/www.ifbaiano.edu.br\/unidades\/teixeira\/files\/2025\/01\/RESULTADO-FINAL-EAD-Edital17-29NOV2024.pdf\">RESULTADO-FINAL-EAD-Edital17-29NOV2024<\/a><a href=\"https:\/\/www.ifbaiano.edu.br\/unidades\/teixeira\/files\/2025\/01\/RESULTADO-FINAL-EAD-Edital17-29NOV2024.pdf\" class=\"wp-block-file__button wp-element-button\" download aria-describedby=\"wp-block-file--media-372270f7-79ed-4e10-8086-a44bec3c5d5d\">Baixar<\/a><\/div>\n\n\n\n<div class=\"wp-block-file\"><a id=\"wp-block-file--media-fdbfcb2f-35e9-4627-baf6-f855de21e220\" href=\"https:\/\/www.ifbaiano.edu.br\/unidades\/teixeira\/files\/2025\/01\/RESULTADO-FINAL-BANCA-DE-HETEROIDENTIFICACAO-EAD-Edital-17-29NOV2024.pdf\">RESULTADO-FINAL-BANCA-DE-HETEROIDENTIFICACAO-EAD-Edital-17-29NOV2024<\/a><a href=\"https:\/\/www.ifbaiano.edu.br\/unidades\/teixeira\/files\/2025\/01\/RESULTADO-FINAL-BANCA-DE-HETEROIDENTIFICACAO-EAD-Edital-17-29NOV2024.pdf\" class=\"wp-block-file__button wp-element-button\" download aria-describedby=\"wp-block-file--media-fdbfcb2f-35e9-4627-baf6-f855de21e220\">Baixar<\/a><\/div>\n\n\n\n<p><a href=\"https:\/\/www.ifbaiano.edu.br\/unidades\/teixeira\/files\/2025\/01\/Resultado-Preliminar-Verificacao-de-Declaracao-Etnico-Racial.pdf\">Resultado Preliminar &#8211; Verifica\u00e7\u00e3o de banca de Declara\u00e7\u00e3o Etnico-Racial<\/a><\/p>\n\n\n\n<p><a href=\"https:\/\/www.ifbaiano.edu.br\/unidades\/teixeira\/files\/2025\/01\/Convocacao-para-Verificacao-de-Autodeclaracao-Etnico-Racial.pdf\">Convoca\u00e7\u00e3o para Verifica\u00e7\u00e3o de Autodeclara\u00e7\u00e3o Etnico-Racial<\/a><\/p>\n\n\n\n<p><a href=\"https:\/\/www.ifbaiano.edu.br\/unidades\/teixeira\/files\/2025\/01\/Homologacao-das-Inscricoes-apos-periodo-de-recursos-EAD.pdf\">Homologa\u00e7\u00e3o das Inscri\u00e7\u00f5es ap\u00f3s recursos<\/a><\/p>\n\n\n\n<p><a href=\"https:\/\/www.ifbaiano.edu.br\/unidades\/teixeira\/files\/2025\/01\/Lista-Preliminar-de-Inscricoes-Homologadas-EAD.pdf\">Lista Preliminar de Inscri\u00e7\u00f5es <\/a><\/p>\n\n\n\n<p><a href=\"https:\/\/www.ifbaiano.edu.br\/unidades\/teixeira\/files\/2024\/12\/Retificacao-01-Cronograma-com-prorrogacao-das-etapas.pdf\">Retifica\u00e7\u00e3o 01 &#8211; Cronograma com prorroga\u00e7\u00e3o das etapas<\/a><\/p>\n\n\n\n<p>Acesse o Edital:<\/p>\n\n\n\n<p><strong><a href=\"https:\/\/www.ifbaiano.edu.br\/unidades\/teixeira\/files\/2024\/12\/Edital-No-17-29-de-novembro-de-2024.pdf\">Edital N\u00ba 17, 29 de novembro de 2024<\/a><\/strong><\/p>\n\n\n\n<p><a href=\"https:\/\/www.ifbaiano.edu.br\/unidades\/teixeira\/files\/2024\/12\/Anexo-I-DECLARACAO-DE-ESCOLA-PUBLICA.pdf\">Anexo I<\/a><\/p>\n\n\n\n<p><a href=\"https:\/\/www.ifbaiano.edu.br\/unidades\/teixeira\/files\/2024\/12\/Anexo-II-AUTODECLARACAO-DE-RENDA.pdf\">Anexo II<\/a><\/p>\n\n\n\n<p><a href=\"https:\/\/www.ifbaiano.edu.br\/unidades\/teixeira\/files\/2024\/12\/Anexo-III-FORMULARIO-PARA-RECURSO.pdf\">Anexo III<\/a><\/p>\n\n\n\n<p><a href=\"https:\/\/www.ifbaiano.edu.br\/unidades\/teixeira\/files\/2024\/12\/Anexo-IV-DECLARACAO-DE-RECONHECIMENTO-DE-PERTENCIMENTO-E-DE-VINCULO-COM-COMUNIDADE-QUILOMBOLA.pdf\">Anexo IV<\/a><\/p>\n\n\n\n<p><a href=\"https:\/\/www.ifbaiano.edu.br\/unidades\/teixeira\/files\/2024\/12\/Anexo-V-FICHA-DE-MATRICULA.pdf\">Anexo V<\/a><\/p>\n\n\n\n<div class=\"wp-block-file\"><a id=\"wp-block-file--media-2adbd0b2-ff84-4f43-80a0-2ab65eccf8a7\" href=\"https:\/\/www.ifbaiano.edu.br\/unidades\/teixeira\/files\/2025\/02\/ANEXO-VI-TERMO-DE-RESPONSABILIDADE-SOBRE-AS-INFORMACOES-PRESTADAS-E-DOCUMENTOS-APRESENTADOS.pdf\">ANEXO VI &#8211; TERMO-DE-RESPONSABILIDADE-SOBRE-AS-INFORMACOES-PRESTADAS-E-DOCUMENTOS-APRESENTADOS<\/a><a href=\"https:\/\/www.ifbaiano.edu.br\/unidades\/teixeira\/files\/2025\/02\/ANEXO-VI-TERMO-DE-RESPONSABILIDADE-SOBRE-AS-INFORMACOES-PRESTADAS-E-DOCUMENTOS-APRESENTADOS.pdf\" class=\"wp-block-file__button wp-element-button\" download aria-describedby=\"wp-block-file--media-2adbd0b2-ff84-4f43-80a0-2ab65eccf8a7\">Baixar<\/a><\/div>\n","protected":false},"excerpt":{"rendered":"<p>Processo seletivo de ingresso de estudantes de 2025, nos cursos da Educa\u00e7\u00e3o Profissional T\u00e9cnica de N\u00edvel M\u00e9dio (EPTNM), na forma subsequente ao ensino m\u00e9dio, modalidade EaD &#8211; para o Campus Teixeira de Freitas. Cursos e Vagas: T\u00e9cnico em Multimeios Did\u00e1ticos 40 vagasT\u00e9cnico em Secretaria Escolar 40 vagasDura\u00e7\u00e3o dos cursos: 18 meses A inscri\u00e7\u00e3o neste processo [&hellip;]<\/p>\n","protected":false},"author":152,"featured_media":0,"parent":0,"menu_order":0,"comment_status":"closed","ping_status":"closed","template":"","meta":[],"_links":{"self":[{"href":"https:\/\/www.ifbaiano.edu.br\/unidades\/teixeira\/wp-json\/wp\/v2\/pages\/14220"}],"collection":[{"href":"https:\/\/www.ifbaiano.edu.br\/unidades\/teixeira\/wp-json\/wp\/v2\/pages"}],"about":[{"href":"https:\/\/www.ifbaiano.edu.br\/unidades\/teixeira\/wp-json\/wp\/v2\/types\/page"}],"author":[{"embeddable":true,"href":"https:\/\/www.ifbaiano.edu.br\/unidades\/teixeira\/wp-json\/wp\/v2\/users\/152"}],"replies":[{"embeddable":true,"href":"https:\/\/www.ifbaiano.edu.br\/unidades\/teixeira\/wp-json\/wp\/v2\/comments?post=14220"}],"version-history":[{"count":19,"href":"https:\/\/www.ifbaiano.edu.br\/unidades\/teixeira\/wp-json\/wp\/v2\/pages\/14220\/revisions"}],"predecessor-version":[{"id":14931,"href":"https:\/\/www.ifbaiano.edu.br\/unidades\/teixeira\/wp-json\/wp\/v2\/pages\/14220\/revisions\/14931"}],"wp:attachment":[{"href":"https:\/\/www.ifbaiano.edu.br\/unidades\/teixeira\/wp-json\/wp\/v2\/media?parent=14220"}],"curies":[{"name":"wp","href":"https:\/\/api.w.org\/{rel}","templated":true}]}}