{"id":10304,"date":"2024-10-31T13:20:04","date_gmt":"2024-10-31T16:20:04","guid":{"rendered":"https:\/\/www.ifbaiano.edu.br\/unidades\/urucuca\/?page_id=10304"},"modified":"2025-03-21T14:04:07","modified_gmt":"2025-03-21T17:04:07","slug":"ingresso-de-estudantes-2025-ead","status":"publish","type":"page","link":"https:\/\/www.ifbaiano.edu.br\/unidades\/urucuca\/ingresso-de-estudantes-2025-ead\/","title":{"rendered":"Ingresso de Estudantes 2025 \u2013 EAD"},"content":{"rendered":"\n<p>PROCESSO SELETIVO PARA INGRESSO DE ESTUDANTES NOS CURSOS DA EDUCA\u00c7\u00c3O PROFISSIONAL T\u00c9CNICA DE N\u00cdVEL M\u00c9DIO, NA FORMA SUBSEQUENTE EaD.<\/p>\n\n\n\n<p><\/p>\n\n\n\n<p><strong>A DIRETORA-GERAL&nbsp; DO INSTITUTO FEDERAL DE EDUCA\u00c7\u00c3O, CI\u00caNCIA E TECNOLOGIA BAIANO \u2013 CAMPUS UURU\u00c7UCA<\/strong>, no uso de suas atribui\u00e7\u00f5es legais torna p\u00fablica a abertura das inscri\u00e7\u00f5es do processo seletivo para ingresso em 2025. S\u00e3o ofertadas vagas para cursos de Educa\u00e7\u00e3o Profissional T\u00e9cnica na modalidade EaD.<\/p>\n\n\n\n<p><strong>NOSSOS CURSOS<\/strong> &#8211; &nbsp;<a rel=\"noreferrer noopener\" href=\"https:\/\/diretorias.ifbaiano.edu.br\/portal\/ead\/curso-tecnico-subsequente-em-vendas\/\" data-type=\"URL\" data-id=\"https:\/\/diretorias.ifbaiano.edu.br\/portal\/ead\/curso-tecnico-subsequente-em-vendas\/\" target=\"_blank\">T\u00e9cnico em Vendas<\/a> | <a rel=\"noreferrer noopener\" href=\"https:\/\/diretorias.ifbaiano.edu.br\/portal\/ead\/curso-tecnico-subsequente-em-secretaria-escolar\/\" data-type=\"URL\" data-id=\"https:\/\/diretorias.ifbaiano.edu.br\/portal\/ead\/curso-tecnico-subsequente-em-secretaria-escolar\/\" target=\"_blank\">T\u00e9cnico em Secretaria Escolar<\/a> | <a href=\"https:\/\/diretorias.ifbaiano.edu.br\/portal\/ead\/informatica\/\" data-type=\"URL\" data-id=\"https:\/\/diretorias.ifbaiano.edu.br\/portal\/ead\/informatica\/\" target=\"_blank\" rel=\"noreferrer noopener\">T\u00e9cnico em Inform\u00e1tica<\/a><\/p>\n\n\n\n<p><\/p>\n\n\n\n<p class=\"has-text-align-center has-white-color has-text-color has-background\" style=\"background-color:#04751c\"><strong>Cursos na modalidade EaD (Educa\u00e7\u00e3o a Dist\u00e2ncia)<\/strong> &#8211; <strong><strong>POLOS BUERAREMA E ITACAR\u00c9<\/strong><\/strong><\/p>\n\n\n\n<ul>\n<li><strong>T\u00e9cnico em Secretaria Escolar <\/strong>\u2013 40 Vagas &#8211; Dura\u00e7\u00e3o de 18 meses <\/li>\n\n\n\n<li><strong>T\u00e9cnico em Vendas<\/strong> \u2013 40 Vagas &#8211; Dura\u00e7\u00e3o de 12 meses<\/li>\n\n\n\n<li><strong>T\u00e9cnico em Inform\u00e1tica <\/strong>\u2013 50 Vagas &#8211; Dura\u00e7\u00e3o de 18 meses<\/li>\n<\/ul>\n\n\n\n<p><strong><strong><strong>Per\u00edodo de Inscri\u00e7\u00f5es online: <\/strong>de 06\/01\/2025 a 31\/01\/2025&nbsp;(at\u00e9 \u00e0s&nbsp;<strong>23h59<\/strong>, para as inscri\u00e7\u00f5es realizadas de forma&nbsp;<strong>online<\/strong>)<\/strong><\/strong>, ou presenciais em Buerarema e Itacar\u00e9, nos endere\u00e7os abaixo.<\/p>\n\n\n\n<p class=\"has-vivid-green-cyan-background-color has-background\"><em><strong>Buerarema<\/strong><\/em><\/p>\n\n\n\n<p><strong><em>Vagas <\/em><\/strong><\/p>\n\n\n\n<ul>\n<li><strong>T\u00e9cnico em Secretaria Escolar <\/strong>\u2013 40 Vagas &#8211; Dura\u00e7\u00e3o de 18 meses <\/li>\n\n\n\n<li><strong>T\u00e9cnico em Vendas<\/strong> \u2013 40 Vagas &#8211; Dura\u00e7\u00e3o de 12 meses<\/li>\n\n\n\n<li><strong>T\u00e9cnico em Inform\u00e1tica <\/strong>\u2013 50 Vagas &#8211; Dura\u00e7\u00e3o de 18 meses<\/li>\n<\/ul>\n\n\n\n<p class=\"has-black-color has-vivid-green-cyan-background-color has-text-color has-background\"><strong><em>Itacar\u00e9 <\/em><\/strong><\/p>\n\n\n\n<p><strong><em>Vagas <\/em><\/strong><\/p>\n\n\n\n<ul>\n<li><strong>T\u00e9cnico em Secretaria Escolar <\/strong>\u2013 40 Vagas &#8211; Dura\u00e7\u00e3o de 18 meses <\/li>\n\n\n\n<li><strong>T\u00e9cnico em Vendas<\/strong> \u2013 40 Vagas &#8211; Dura\u00e7\u00e3o de 12 meses<\/li>\n\n\n\n<li><strong>T\u00e9cnico em Inform\u00e1tica <\/strong>\u2013 50 Vagas &#8211; Dura\u00e7\u00e3o de 18 meses<\/li>\n<\/ul>\n\n\n\n<p><strong>VAGAS REMANESCENTES <\/strong><\/p>\n\n\n\n<p><a href=\"https:\/\/www.ifbaiano.edu.br\/unidades\/urucuca\/files\/2025\/03\/Edital-No-06-de-21-de-Marco-de-2025-Vagas-remanescentes-Cursos-subsequentes-modalidade-EaD.Ingresso-2025.-Campus-Urucuca-Polos-Buerarema-e-Itacare.pdf\" data-type=\"URL\" data-id=\"https:\/\/www.ifbaiano.edu.br\/unidades\/urucuca\/files\/2025\/03\/Edital-No-06-de-21-de-Marco-de-2025-Vagas-remanescentes-Cursos-subsequentes-modalidade-EaD.Ingresso-2025.-Campus-Urucuca-Polos-Buerarema-e-Itacare.pdf\" target=\"_blank\" rel=\"noreferrer noopener\">Cursos subsequentes, modalidade EaD &#8211; Polos Buerarema e Itacar\u00e9<\/a><\/p>\n\n\n\n<p><strong>DOCUMENTOS<\/strong><\/p>\n\n\n\n<p><\/p>\n\n\n\n<p><a rel=\"noreferrer noopener\" href=\"https:\/\/www.ifbaiano.edu.br\/unidades\/urucuca\/files\/2025\/03\/Edital-de-matricula-II-Chamada-dos-cursos-EaD-Polos-Buerarema-e-Itacare-EDITAL-N%C2%B0-01-DE-02-DE-JANEIRO-DE-2025-1.pdf\" target=\"_blank\"><strong>Edital de matr\u00edcula- II Chamada dos cursos EaD- Polos Buerarema e Itacar\u00e9<\/strong><\/a><br><a rel=\"noreferrer noopener\" href=\"https:\/\/www.ifbaiano.edu.br\/unidades\/urucuca\/files\/2025\/03\/EDITAL-N%C2%B0-01-DE-02-DE-JANEIRO-DE-2025-PUBLICACAO-DA-LISTA-DA-SEGUNDA-CHAMADA-POLO-BUERAREMA.pdf\" target=\"_blank\"><strong>Segunda Chamada &#8211; Polo Buerarema<\/strong><\/a><br><a rel=\"noreferrer noopener\" href=\"https:\/\/www.ifbaiano.edu.br\/unidades\/urucuca\/files\/2025\/03\/EDITAL-N%C2%B0-01-DE-02-DE-JANEIRO-DE-2025-PUBLICACAO-DA-LISTA-DA-SEGUNDA-CHAMADA-POLO-ITACARE.pdf\" target=\"_blank\"><strong>Segunda Chamada &#8211; Polo Itacar\u00e9<\/strong><\/a><\/p>\n\n\n\n<p><strong><a rel=\"noreferrer noopener\" href=\"https:\/\/www.ifbaiano.edu.br\/unidades\/urucuca\/files\/2025\/02\/Edital-de-matricula-I-Chamada-dos-cursos-EaD-Polos-Buerarema-e-Itacare-EDITAL-N\u00b0-01-DE-02-DE-JANEIRO-DE-2025.pdf\" data-type=\"URL\" data-id=\"https:\/\/www.ifbaiano.edu.br\/unidades\/urucuca\/files\/2025\/02\/Edital-de-matricula-I-Chamada-dos-cursos-EaD-Polos-Buerarema-e-Itacare-EDITAL-N\u00b0-01-DE-02-DE-JANEIRO-DE-2025.pdf\" target=\"_blank\">Edital de Matr\u00edcula<br><\/a><\/strong><a rel=\"noreferrer noopener\" href=\"https:\/\/www.ifbaiano.edu.br\/unidades\/urucuca\/files\/2025\/02\/EDITAL-N\u00b0-01-DE-02-DE-JANEIRO-DE-2025-Resultado-final-Polo-Buerarema.pdf\" data-type=\"URL\" data-id=\"https:\/\/www.ifbaiano.edu.br\/unidades\/urucuca\/files\/2025\/02\/EDITAL-N\u00b0-01-DE-02-DE-JANEIRO-DE-2025-Resultado-final-Polo-Buerarema.pdf\" target=\"_blank\"><strong>Resultado Final &#8211; BUERAREMA<\/strong><br><\/a><a rel=\"noreferrer noopener\" href=\"https:\/\/www.ifbaiano.edu.br\/unidades\/urucuca\/files\/2025\/02\/EDITAL-N\u00b0-01-DE-02-DE-JANEIRO-DE-2025-Resultado-final-Polo-Itacare.pdf\" data-type=\"URL\" data-id=\"https:\/\/www.ifbaiano.edu.br\/unidades\/urucuca\/files\/2025\/02\/EDITAL-N\u00b0-01-DE-02-DE-JANEIRO-DE-2025-Resultado-final-Polo-Itacare.pdf\" target=\"_blank\"><strong>Resultado Final &#8211; ITACAR\u00c9<\/strong><\/a><\/p>\n\n\n\n<p><a rel=\"noreferrer noopener\" href=\"https:\/\/www.ifbaiano.edu.br\/unidades\/urucuca\/files\/2025\/02\/EDITAL-N\u00b0-01-DE-02-DE-JANEIRO-DE-2025-Resultado-final-Polo-Itacare.pdf\" data-type=\"URL\" data-id=\"https:\/\/www.ifbaiano.edu.br\/unidades\/urucuca\/files\/2025\/02\/EDITAL-N\u00b0-01-DE-02-DE-JANEIRO-DE-2025-Resultado-final-Polo-Itacare.pdf\" target=\"_blank\"><strong><br><\/strong><\/a><a rel=\"noreferrer noopener\" href=\"https:\/\/www.ifbaiano.edu.br\/unidades\/urucuca\/files\/2025\/02\/EDITAL-N\u00b0-01-DE-02-DE-JANEIRO-DE-2025-RESULTADO-PRELIMINAR-DA-BANCA-DE-HETEROIDENTIFICACAO.pdf\" data-type=\"URL\" data-id=\"https:\/\/www.ifbaiano.edu.br\/unidades\/urucuca\/files\/2025\/02\/EDITAL-N\u00b0-01-DE-02-DE-JANEIRO-DE-2025-RESULTADO-PRELIMINAR-DA-BANCA-DE-HETEROIDENTIFICACAO.pdf\" target=\"_blank\">Resultado Preliminar das bancas de heteroidentifica\u00e7\u00e3o<br><\/a><a rel=\"noreferrer noopener\" href=\"https:\/\/www.ifbaiano.edu.br\/unidades\/urucuca\/files\/2025\/02\/EDITAL-N\u00b0-01-DE-02-DE-JANEIRO-DE-2025-1\u00b0-Retificacao-dos-dias-e-horarios-das-bancas-de-heteroidentificacao.pdf\" data-type=\"URL\" data-id=\"https:\/\/www.ifbaiano.edu.br\/unidades\/urucuca\/files\/2025\/02\/EDITAL-N\u00b0-01-DE-02-DE-JANEIRO-DE-2025-1\u00b0-Retificacao-dos-dias-e-horarios-das-bancas-de-heteroidentificacao.pdf\" target=\"_blank\">Retifica\u00e7\u00e3o dos dias e hor\u00e1rios das bancas de heteroidentifica\u00e7\u00e3o<br><\/a><a rel=\"noreferrer noopener\" href=\"https:\/\/www.ifbaiano.edu.br\/unidades\/urucuca\/files\/2025\/02\/EDITAL-N\u00b0-01-DE-02-DE-JANEIRO-DE-2025-Convocacao-e-horarios-das-bancas-de-heteroidentificacao.pdf\" data-type=\"URL\" data-id=\"https:\/\/www.ifbaiano.edu.br\/unidades\/urucuca\/files\/2025\/02\/EDITAL-N\u00b0-01-DE-02-DE-JANEIRO-DE-2025-Convocacao-e-horarios-das-bancas-de-heteroidentificacao.pdf\" target=\"_blank\">Convoca\u00e7\u00e3o e hor\u00e1rios das bancas de heteroidentifica\u00e7\u00e3o<br><\/a><a rel=\"noreferrer noopener\" href=\"https:\/\/www.ifbaiano.edu.br\/unidades\/urucuca\/files\/2025\/02\/Edital-N-01-de-02-de-Janeiro-de-2025-EaD-Lista-final-das-inscricoes-homologadas.pdf\" data-type=\"URL\" data-id=\"https:\/\/www.ifbaiano.edu.br\/unidades\/urucuca\/files\/2025\/02\/Edital-N-01-de-02-de-Janeiro-de-2025-EaD-Lista-final-das-inscricoes-homologadas.pdf\" target=\"_blank\">Lista final das inscri\u00e7\u00f5es homologadas<\/a><br><a rel=\"noreferrer noopener\" href=\"https:\/\/www.ifbaiano.edu.br\/unidades\/urucuca\/files\/2025\/02\/EDITAL-N\u00b0-01-DE-02-DE-JANEIRO-DE-2025-PUBLICACAO-DA-LISTA-PRELIMINAR-DE-INSCRICOES-HOMOLOGADAS.pdf\" data-type=\"URL\" data-id=\"https:\/\/www.ifbaiano.edu.br\/unidades\/urucuca\/files\/2025\/02\/EDITAL-N\u00b0-01-DE-02-DE-JANEIRO-DE-2025-PUBLICACAO-DA-LISTA-PRELIMINAR-DE-INSCRICOES-HOMOLOGADAS.pdf\" target=\"_blank\">Resultado Preliminar das inscri\u00e7\u00f5es homologadas<\/a><br><a rel=\"noreferrer noopener\" href=\"https:\/\/www.ifbaiano.edu.br\/unidades\/urucuca\/files\/2024\/12\/Edital-No-01-de-02-de-Janeiro-de-2025.pdf\" data-type=\"URL\" data-id=\"https:\/\/www.ifbaiano.edu.br\/unidades\/urucuca\/files\/2024\/12\/Edital-No-01-de-02-de-Janeiro-de-2025.pdf\" target=\"_blank\">Edital 01\/2025<\/a><\/p>\n\n\n\n<p><\/p>\n\n\n\n<p><\/p>\n\n\n\n<p class=\"has-text-align-center has-white-color has-text-color has-background\" style=\"background-color:#04751c\"><strong>Cursos na modalidade EaD (Educa\u00e7\u00e3o a Dist\u00e2ncia)<\/strong> &#8211; Uru\u00e7uca<\/p>\n\n\n\n<ul>\n<li><strong>T\u00e9cnico em Secretaria Escolar <\/strong>\u2013 40 Vagas &#8211; Dura\u00e7\u00e3o de 18 meses <\/li>\n\n\n\n<li><strong>T\u00e9cnico em Vendas<\/strong> \u2013 40 Vagas &#8211; Dura\u00e7\u00e3o de 12 meses<\/li>\n\n\n\n<li><strong>T\u00e9cnico em Inform\u00e1tica <\/strong>\u2013 50 Vagas &#8211; Dura\u00e7\u00e3o de 18 meses<\/li>\n<\/ul>\n\n\n\n<p><strong>DOCUMENTOS<\/strong><br><a rel=\"noreferrer noopener\" href=\"https:\/\/www.ifbaiano.edu.br\/unidades\/urucuca\/files\/2025\/02\/EDITAL-N\u00b0-11-DE-23-DE-SETEMBRO-DE-2024-Cursos-subsequentes-na-modalidade-EaD-2-Chamada.pdf\" data-type=\"URL\" data-id=\"https:\/\/www.ifbaiano.edu.br\/unidades\/urucuca\/files\/2025\/02\/EDITAL-N\u00b0-11-DE-23-DE-SETEMBRO-DE-2024-Cursos-subsequentes-na-modalidade-EaD-2-Chamada.pdf\" target=\"_blank\">2\u00ba Chamada de Matr\u00edcula &#8211; cursos EaD <br><\/a><a rel=\"noreferrer noopener\" href=\"https:\/\/www.ifbaiano.edu.br\/unidades\/urucuca\/files\/2025\/02\/Edital-de-matricula-II-Chamada-dos-cursos-EaD-Edital-No-11-de-23-de-Setembro-de-2024.pdf\" data-type=\"URL\" data-id=\"https:\/\/www.ifbaiano.edu.br\/unidades\/urucuca\/files\/2025\/02\/Edital-de-matricula-II-Chamada-dos-cursos-EaD-Edital-No-11-de-23-de-Setembro-de-2024.pdf\" target=\"_blank\">Edital de matr\u00edcula- 2\u00ba Chamada dos cursos EaD<\/a><\/p>\n\n\n\n<p><strong><br><\/strong><a rel=\"noreferrer noopener\" href=\"https:\/\/www.ifbaiano.edu.br\/unidades\/urucuca\/files\/2025\/01\/1o-Retificacao-15-de-Janeiro-de-2025-Edital-de-matricula-I-Chamada-dos-cursos-EaD-Edital-No-11-de-23-de-Setembro-de-2024.pdf\" data-type=\"URL\" data-id=\"https:\/\/www.ifbaiano.edu.br\/unidades\/urucuca\/files\/2025\/01\/1o-Retificacao-15-de-Janeiro-de-2025-Edital-de-matricula-I-Chamada-dos-cursos-EaD-Edital-No-11-de-23-de-Setembro-de-2024.pdf\" target=\"_blank\">Retifica\u00e7\u00e3o &#8211; Edital de Matr\u00edcula<br><\/a><a rel=\"noreferrer noopener\" href=\"https:\/\/www.ifbaiano.edu.br\/unidades\/urucuca\/files\/2024\/12\/Edital-de-matricula-I-Chamada-dos-cursos-EaD-Edital-No-11-de-23-de-Setembro-de-2024.pdf\" data-type=\"URL\" data-id=\"https:\/\/www.ifbaiano.edu.br\/unidades\/urucuca\/files\/2024\/12\/Edital-de-matricula-I-Chamada-dos-cursos-EaD-Edital-No-11-de-23-de-Setembro-de-2024.pdf\" target=\"_blank\"><strong>Edital de Matr\u00edcula<\/strong><br><\/a><a rel=\"noreferrer noopener\" href=\"https:\/\/www.ifbaiano.edu.br\/unidades\/urucuca\/files\/2024\/12\/EDITAL-N\u00b0-11-DE-23-DE-SETEMBRO-DE-2024-RESULTADO-FINAL.pdf\" data-type=\"URL\" data-id=\"https:\/\/www.ifbaiano.edu.br\/unidades\/urucuca\/files\/2024\/12\/EDITAL-N\u00b0-11-DE-23-DE-SETEMBRO-DE-2024-RESULTADO-FINAL.pdf\" target=\"_blank\"><strong>RESULTADO FINAL<br><\/strong><\/a><a rel=\"noreferrer noopener\" href=\"https:\/\/www.ifbaiano.edu.br\/unidades\/urucuca\/files\/2024\/12\/EDITAL-No-11_RESULTADO-DA-BANCA-DE-HETEROIDENTIFICACAO_29-11-24.pdf\" data-type=\"URL\" data-id=\"https:\/\/www.ifbaiano.edu.br\/unidades\/urucuca\/files\/2024\/12\/EDITAL-No-11_RESULTADO-DA-BANCA-DE-HETEROIDENTIFICACAO_29-11-24.pdf\" target=\"_blank\">RESULTADO DA BANCA DE HETEROIDENTIFICAC\u0327A\u0303O<br><\/a><a rel=\"noreferrer noopener\" href=\"https:\/\/www.ifbaiano.edu.br\/unidades\/urucuca\/files\/2024\/11\/EDITAL-N\u00b0-11-CONVOCACAO-DOS-CANDIDATOSA-E-HORARIOS-DAS-ENTREVISTAS-DAS-BANCA-DE-HETEROIDENTIFICACAO.pdf\" target=\"_blank\">Convoca\u00e7\u00e3o dos candidatos(a) e hor\u00e1rios das entrevistas das bancas de heteroidentifica\u00e7\u00e3o<\/a><br><a rel=\"noreferrer noopener\" href=\"https:\/\/www.ifbaiano.edu.br\/unidades\/urucuca\/files\/2024\/11\/EDITAL-N\u00b0-11-PUBLICACAO-DA-LISTA-FINAL-DE-INSCRICOES-HOMOLOGADAS.pdf\" target=\"_blank\">Publica\u00e7\u00e3o da lista final de inscri\u00e7\u00f5es homologadas<\/a><br><a rel=\"noreferrer noopener\" href=\"https:\/\/www.ifbaiano.edu.br\/unidades\/urucuca\/files\/2024\/11\/EDITAL-N\u00b0-11-DE-23-DE-SETEMBRO-DE-2024-Publicacao-da-lista-preliminar-de-inscricoes-homologadas.pdf\" data-type=\"URL\" data-id=\"https:\/\/www.ifbaiano.edu.br\/unidades\/urucuca\/files\/2024\/11\/EDITAL-N\u00b0-11-DE-23-DE-SETEMBRO-DE-2024-Publicacao-da-lista-preliminar-de-inscricoes-homologadas.pdf\" target=\"_blank\">Publica\u00e7\u00e3o da lista preliminar de inscri\u00e7\u00f5es homologadas<\/a><br><strong><a rel=\"noreferrer noopener\" href=\"https:\/\/concurso.ifbaiano.edu.br\/portal\/ingresso-2025-subsequente-ead-urucuca-setembro-2024\/\" data-type=\"URL\" data-id=\"https:\/\/concurso.ifbaiano.edu.br\/portal\/ingresso-2025-subsequente-ead-urucuca-setembro-2024\/\" target=\"_blank\">Edital n\u00ba<\/a><a rel=\"noreferrer noopener\" href=\"https:\/\/concurso.ifbaiano.edu.br\/portal\/ingresso-2025-subsequente-urucuca-setembro-2024\/\" data-type=\"URL\" data-id=\"https:\/\/concurso.ifbaiano.edu.br\/portal\/ingresso-2025-subsequente-urucuca-setembro-2024\/\" target=\"_blank\"> <\/a><a rel=\"noreferrer noopener\" href=\"https:\/\/concurso.ifbaiano.edu.br\/portal\/ingresso-2025-subsequente-ead-urucuca-setembro-2024\/wp-content\/uploads\/sites\/1079\/2024\/10\/EDITAL-N-11-PROCESSO-SELETIVO-SUBSEQUENTE-EAD-RETIFICACAO.pdf\" data-type=\"URL\" data-id=\"https:\/\/concurso.ifbaiano.edu.br\/portal\/ingresso-2025-subsequente-ead-urucuca-setembro-2024\/wp-content\/uploads\/sites\/1079\/2024\/10\/EDITAL-N-11-PROCESSO-SELETIVO-SUBSEQUENTE-EAD-RETIFICACAO.pdf\" target=\"_blank\">11<\/a><\/strong><\/p>\n\n\n\n<p class=\"has-light-green-cyan-background-color has-background\"><strong>VAGAS REMANESCENTES<\/strong><\/p>\n\n\n\n<p><a href=\"https:\/\/www.ifbaiano.edu.br\/unidades\/urucuca\/files\/2025\/02\/1o-Retificacao-13-de-Fevereiro-de-2025-Edital-No-16-de-04-de-Dezembro-de-2024-Vagas-remanescentes-Cursos-subsequentes-modalidade-EaD.-Ingresso-2025.-Campus-Urucuca.pdf\" data-type=\"URL\" data-id=\"https:\/\/www.ifbaiano.edu.br\/unidades\/urucuca\/files\/2025\/02\/1o-Retificacao-13-de-Fevereiro-de-2025-Edital-No-16-de-04-de-Dezembro-de-2024-Vagas-remanescentes-Cursos-subsequentes-modalidade-EaD.-Ingresso-2025.-Campus-Urucuca.pdf\" target=\"_blank\" rel=\"noreferrer noopener\">1\u00ba Retifica\u00e7\u00e3o &#8211; Vagas remanescentes &#8211; Cursos subsequentes, modalidade EaD<br><\/a><a rel=\"noreferrer noopener\" href=\"https:\/\/www.ifbaiano.edu.br\/unidades\/urucuca\/files\/2024\/12\/Edital-No-16-de-04-de-Dezembro-de-2024-Vagas-remanescentes-Cursos-subsequentes-modalidade-EaD.-Ingresso-2025.-Campus-Urucuca.pdf\" data-type=\"URL\" data-id=\"https:\/\/www.ifbaiano.edu.br\/unidades\/urucuca\/files\/2024\/12\/Edital-No-16-de-04-de-Dezembro-de-2024-Vagas-remanescentes-Cursos-subsequentes-modalidade-EaD.-Ingresso-2025.-Campus-Urucuca.pdf\" target=\"_blank\">Edital de Vagas Remanescentes<br><\/a><a rel=\"noreferrer noopener\" href=\"https:\/\/www.ifbaiano.edu.br\/unidades\/urucuca\/files\/2024\/12\/Edital-No-16-ANEXO-I.pdf\" data-type=\"URL\" data-id=\"https:\/\/www.ifbaiano.edu.br\/unidades\/urucuca\/files\/2024\/12\/Edital-No-16-ANEXO-I.pdf\" target=\"_blank\">Anexo I<\/a><\/p>\n\n\n\n<p><\/p>\n","protected":false},"excerpt":{"rendered":"<p>PROCESSO SELETIVO PARA INGRESSO DE ESTUDANTES NOS CURSOS DA EDUCA\u00c7\u00c3O PROFISSIONAL T\u00c9CNICA DE N\u00cdVEL M\u00c9DIO, NA FORMA SUBSEQUENTE EaD. A DIRETORA-GERAL&nbsp; DO INSTITUTO FEDERAL DE EDUCA\u00c7\u00c3O, CI\u00caNCIA E TECNOLOGIA BAIANO \u2013 CAMPUS UURU\u00c7UCA, no uso de suas atribui\u00e7\u00f5es legais torna p\u00fablica a abertura das inscri\u00e7\u00f5es do processo seletivo para ingresso em 2025. S\u00e3o ofertadas vagas [&hellip;]<\/p>\n","protected":false},"author":154,"featured_media":0,"parent":0,"menu_order":0,"comment_status":"closed","ping_status":"closed","template":"","meta":[],"_links":{"self":[{"href":"https:\/\/www.ifbaiano.edu.br\/unidades\/urucuca\/wp-json\/wp\/v2\/pages\/10304"}],"collection":[{"href":"https:\/\/www.ifbaiano.edu.br\/unidades\/urucuca\/wp-json\/wp\/v2\/pages"}],"about":[{"href":"https:\/\/www.ifbaiano.edu.br\/unidades\/urucuca\/wp-json\/wp\/v2\/types\/page"}],"author":[{"embeddable":true,"href":"https:\/\/www.ifbaiano.edu.br\/unidades\/urucuca\/wp-json\/wp\/v2\/users\/154"}],"replies":[{"embeddable":true,"href":"https:\/\/www.ifbaiano.edu.br\/unidades\/urucuca\/wp-json\/wp\/v2\/comments?post=10304"}],"version-history":[{"count":18,"href":"https:\/\/www.ifbaiano.edu.br\/unidades\/urucuca\/wp-json\/wp\/v2\/pages\/10304\/revisions"}],"predecessor-version":[{"id":11566,"href":"https:\/\/www.ifbaiano.edu.br\/unidades\/urucuca\/wp-json\/wp\/v2\/pages\/10304\/revisions\/11566"}],"wp:attachment":[{"href":"https:\/\/www.ifbaiano.edu.br\/unidades\/urucuca\/wp-json\/wp\/v2\/media?parent=10304"}],"curies":[{"name":"wp","href":"https:\/\/api.w.org\/{rel}","templated":true}]}}