{"id":10955,"date":"2025-01-13T12:19:02","date_gmt":"2025-01-13T15:19:02","guid":{"rendered":"https:\/\/www.ifbaiano.edu.br\/unidades\/urucuca\/?page_id=10955"},"modified":"2025-01-30T09:16:35","modified_gmt":"2025-01-30T12:16:35","slug":"sistema-area-do-aluno","status":"publish","type":"page","link":"https:\/\/www.ifbaiano.edu.br\/unidades\/urucuca\/sistema-area-do-aluno\/","title":{"rendered":"Sistema &#8211; \u00c1rea do aluno"},"content":{"rendered":"\n<p>O <strong>Sistema Unificado de Administra\u00e7\u00e3o P\u00fablica (SUAP)<\/strong>, \u00e9 uma ferramenta utilizada por 21 institui\u00e7\u00f5es da Rede Federal, que possibilita a execu\u00e7\u00e3o de diversas atividades que envolvam as rotinas de trabalho das \u00e1reas administrativas e acad\u00eamicas.&nbsp;&nbsp;<\/p>\n\n\n\n<p>O SUAP foi constru\u00eddo na perspectiva de uma institui\u00e7\u00e3o multicampi, possuindo, assim, uma estrutura modular, que possibilita a interliga\u00e7\u00e3o dos diversos dados por \u00e1rea e por unidade, visando \u00e0 gest\u00e3o integrada das informa\u00e7\u00f5es.&nbsp;<\/p>\n\n\n\n<p>O Sistema Unificado de Administra\u00e7\u00e3o P\u00fablica (SUAP) j\u00e1 est\u00e1 em funcionamento no Instituto Federal Baiano \u2013 Campus Uru\u00e7uca.&nbsp;<\/p>\n\n\n\n<p><strong>Acesso ao sistema:<\/strong>&nbsp;<\/p>\n\n\n\n<p>Para acessar o Suap no IF Baino \u2013 Campus Uru\u00e7uca basta acessar o endere\u00e7o: <a href=\"https:\/\/suap.ifbaiano.edu.br\/\" target=\"_blank\" rel=\"noreferrer noopener\">https:\/\/suap.ifbaiano.edu.br<\/a>&nbsp;<\/p>\n\n\n\n<p>Outras informa\u00e7\u00f5es sobre os sistemas do IF Baiano-Campus Uru\u00e7uca podem ser obtidas no Canal do NGTI atrav\u00e9s do seguinte link:\u00a0<a rel=\"noreferrer noopener\" href=\"https:\/\/www.youtube.com\/channel\/UC_gwNn_fEAcdu06MfGMrlBg\" target=\"_blank\">https:\/\/www.youtube.com\/channel\/UC_gwNn_fEAcdu06MfGMrlBg<\/a>\u00a0<\/p>\n\n\n\n<p>D\u00favidas sobre o SUAP &#8211; \u00a0<a rel=\"noreferrer noopener\" href=\"https:\/\/wiki.ifbaiano.edu.br\/bin\/view\/Wikis\/DGTI\/CODES\/Sistemas\/SUAP\/\" target=\"_blank\">https:\/\/wiki.ifbaiano.edu.br\/bin\/view\/Wikis\/DGTI\/CODES\/Sistemas\/SUAP\/<\/a><\/p>\n\n\n\n<p><\/p>\n\n\n\n<p><strong>Como acessar o SUAP pela primeira vez?<\/strong>&nbsp;<\/p>\n\n\n\n<figure class=\"wp-block-image\"><img decoding=\"async\" src=\"https:\/\/lh7-rt.googleusercontent.com\/docsz\/AD_4nXfWbukxQ1pgTxEb1SU_hG24OKdee0WDr7014ZBtXRigFwEXj2PeZhJ7BHsArWXQQmZZ6S-miLA3FlyU1qyp9J-bRnX8uwR8FB-IvQf9d_7vR3DOKc38EYpY7HzbKAHe66XFtL8Q1Q?key=RCdn6LfKhWYOEw7dZggV6ajL\" alt=\"Caixa de Texto\" \/><\/figure>\n\n\n\n<figure class=\"wp-block-image is-resized\"><img decoding=\"async\" loading=\"lazy\" src=\"https:\/\/lh7-rt.googleusercontent.com\/docsz\/AD_4nXeUlUTPCFYT_csSpx7JuPq-870TbA2m-OhDAXFwHuI9RBacP7457vV8HBPTy7WxrQrZRyQSOFmwfW8coAJWMFWH_d3dMs5nIm1FGJyKk3petf_l7qwBQwCHms043wYXmy37ZymNWA?key=RCdn6LfKhWYOEw7dZggV6ajL\" alt=\"\" width=\"242\" height=\"249\" \/><\/figure>\n\n\n\n<p><strong>&nbsp;&nbsp;&nbsp;&nbsp;&nbsp;&nbsp;&nbsp;&nbsp;&nbsp;&nbsp;&nbsp;&nbsp;&nbsp;&nbsp;&nbsp;&nbsp;&nbsp;&nbsp;&nbsp;&nbsp;&nbsp;&nbsp;&nbsp;&nbsp;&nbsp;&nbsp;&nbsp;&nbsp;&nbsp;&nbsp;&nbsp;&nbsp;&nbsp;&nbsp;&nbsp;&nbsp;&nbsp;&nbsp;&nbsp;&nbsp;&nbsp;&nbsp;&nbsp;&nbsp;&nbsp;&nbsp;&nbsp;&nbsp;&nbsp;&nbsp;&nbsp;&nbsp;&nbsp;&nbsp;&nbsp;&nbsp;&nbsp;&nbsp;&nbsp;&nbsp;&nbsp;&nbsp;&nbsp;&nbsp;&nbsp;&nbsp;&nbsp;&nbsp;&nbsp;&nbsp;&nbsp;&nbsp;&nbsp;&nbsp;&nbsp;&nbsp;&nbsp;&nbsp;&nbsp;&nbsp;&nbsp;&nbsp;&nbsp;&nbsp;&nbsp;&nbsp;&nbsp;&nbsp;&nbsp;&nbsp;&nbsp;<\/strong><br><strong>&nbsp;Figura &#8211; 01<\/strong><\/p>\n\n\n\n<p><strong>Caso j\u00e1 tenha criado sua senha, mas n\u00e3o consegue acessar o SUAP:<\/strong>&nbsp;<\/p>\n\n\n\n<p>1\u00ba \u2013 Passo: Clique no Link:<a href=\"https:\/\/suap.ifbaiano.edu.br\/accounts\/login\/,\"> https:\/\/suap.ifbaiano.edu.br\/accounts\/login\/,<\/a> ap\u00f3s acesso no site, clique em <strong>\u201cesqueceu ou deseja alterar sua senha\u201d;<\/strong><\/p>\n\n\n\n<p>2\u00b0 &#8211; Passo:<strong> <\/strong>Insira seu USU\u00c1RIO (N\u00famero de matr\u00edcula) e CPF. Depois que preencher os campos indicados, um link chegar\u00e1 em seu e-mail, para que voc\u00ea possa criar uma nova senha. Aguarde por volta de 30 minutos e verifique sua <strong>caixa de entrada, spam ou lixo eletr\u00f4nico;<\/strong>&nbsp;<\/p>\n\n\n\n<p>3\u00b0 &#8211; Passo: Caso o link de recupera\u00e7\u00e3o de senha n\u00e3o chegue, mantenha contato com Secretaria de Registro Acad\u00eamico &#8211; SRA.&nbsp;<\/p>\n\n\n\n<p>&nbsp;Ap\u00f3s realizar o login, o estudante ter\u00e1 acesso a p\u00e1gina inicial do sistema: <strong>Figura 02<\/strong>.<\/p>\n\n\n\n<figure class=\"wp-block-image is-resized\"><img decoding=\"async\" loading=\"lazy\" src=\"https:\/\/lh7-rt.googleusercontent.com\/docsz\/AD_4nXeEiDZkmlgjzH3qMGJmVIp8Y5F9b3JB2grUtOIPpcs1_igtd3sIPHHkCKKTScOQ-k_Ng3v31Gin_iiaFNexGHUmCIbqcTaXcAQqkdqZuXZ-o-1mm2SJeitGFYGBVJUR-Ue2ZZH9mg?key=RCdn6LfKhWYOEw7dZggV6ajL\" alt=\"\" width=\"600\" height=\"323\" \/><\/figure>\n\n\n\n<p><strong>Figura &#8211; 02<\/strong><\/p>\n\n\n\n<p>&nbsp;&nbsp;Clique em \u201cMeus Dados\u201d, ser\u00e1 exibida a p\u00e1gina de Dados Gerais: <strong>Figura 03<\/strong>.&nbsp;<\/p>\n\n\n\n<figure class=\"wp-block-image is-resized\"><img decoding=\"async\" loading=\"lazy\" src=\"https:\/\/lh7-rt.googleusercontent.com\/docsz\/AD_4nXdEdu09Z7PG6p9M98UQZNGIYm5jzZbaw4M02vb4Ps9XcqvJbWi-t9mWNQNZaQkGhL-4HwbfV7YoOO7lvu_DxSsKUAB0cYKrB6Cia34DpIGBTGRd8qSzlegLkONd6UEV2-dEIKmqGA?key=RCdn6LfKhWYOEw7dZggV6ajL\" alt=\"\" width=\"604\" height=\"343\" \/><\/figure>\n\n\n\n<p><strong>Figura &#8211; 03<\/strong><\/p>\n\n\n\n<p>Voc\u00ea poder\u00e1 editar seu E-mail, Dados Pessoais e preencher a Caracteriza\u00e7\u00e3o Social, um question\u00e1rio que servir\u00e1 para a an\u00e1lise de sua participa\u00e7\u00e3o em programas sociais oferecidos no campus: <strong>Figura 04<\/strong>.<\/p>\n\n\n\n<p class=\"has-text-align-left\"><img decoding=\"async\" loading=\"lazy\" width=\"196\" height=\"205\" src=\"https:\/\/lh7-rt.googleusercontent.com\/docsz\/AD_4nXfF2XyDKrFrZyuT9K5aQlGVSECL8yCzkjSFJszwZJfKC0tRzQw0I48XhlgZiOS4FGo_juxMvlM4YKcmO_H4qW26PRdc1nFYgquuIrZxey07SXk7UxVr5-td69uRZ5HkjkwsIWsi?key=RCdn6LfKhWYOEw7dZggV6ajL\"><\/p>\n\n\n\n<p class=\"has-text-align-left\"><strong>&nbsp;Figura &#8211; 04&nbsp;&nbsp;<\/strong><\/p>\n\n\n\n<p class=\"has-text-align-left\"><br>Voc\u00ea poder\u00e1 emitir o Hist\u00f3rico Parcial, Declara\u00e7\u00e3o de Matr\u00edcula, Comprovante de Dados Acad\u00eamicos, Matriz Curricular e Declara\u00e7\u00e3o de V\u00ednculo. Todos documentos contam com autentica\u00e7\u00e3o digital: <strong>Figura 05.<\/strong>&nbsp;&nbsp;&nbsp;&nbsp;&nbsp;&nbsp;&nbsp;&nbsp;&nbsp;&nbsp;&nbsp;&nbsp;&nbsp;&nbsp;&nbsp;&nbsp;&nbsp;<\/p>\n\n\n\n<p><img decoding=\"async\" loading=\"lazy\" src=\"https:\/\/lh7-rt.googleusercontent.com\/docsz\/AD_4nXdqtc0JSxApUmaXkQMVYhg1S50mEJSfiYtD67Jzm7bfAdlv7R4l4GcTF7TFBZr5hec2NEEb-weuJabfxvLj1Lmve3LWr3Yu6XB9xOXoCsmpyo_y7ZfZNuWMmU-Tc1tplPxPKq0l9A?key=RCdn6LfKhWYOEw7dZggV6ajL\" width=\"196\" height=\"117\"><\/p>\n\n\n\n<p class=\"has-text-align-left\"><strong>&nbsp;Figura &#8211; 05<\/strong><\/p>\n\n\n\n<p>Acesse seu boletim de forma constante para verificar o lan\u00e7amento de notas e faltas<strong>: <\/strong><strong>Figura 06<\/strong><strong>.<\/strong><\/p>\n\n\n\n<figure class=\"wp-block-image\"><img decoding=\"async\" src=\"https:\/\/lh7-rt.googleusercontent.com\/docsz\/AD_4nXcKBcm9PHVKtCB_-9SZsK7QyFOMYR6GgVURZLNMSlU4NLOeFHQFCRy-NbKceHByjVmr5pMQdawAc9dQWSwT8Pj9EL-7fI53a2K2LHFKXJK3tsrFzdENBpvykYxxgzuAf3DL5HSMIg?key=RCdn6LfKhWYOEw7dZggV6ajL\" alt=\"\" \/><\/figure>\n\n\n\n<p><strong>Figura &#8211; 06<\/strong><\/p>\n\n\n\n<p>No perfil do aluno, \u00e9 poss\u00edvel verificar as medidas disciplinares e as premia\u00e7\u00f5es.&nbsp;<\/p>\n\n\n\n<p><\/p>\n\n\n\n<p><strong>Como cadastrar o \u201cContato de Emerg\u00eancia\u201d no sistema SUAP ?<\/strong><\/p>\n\n\n\n<p><strong>Import\u00e2ncia de preencher os dados na op\u00e7\u00e3o \u201cContato de Emerg\u00eancia\u201d no Sistema SUAP:<\/strong><\/p>\n\n\n\n<p>Preencher os dados de contato de emerg\u00eancia no sistema SUAP \u00e9 essencial para garantir sua seguran\u00e7a e bem-estar. Em situa\u00e7\u00f5es imprevistas, como acidentes ou emerg\u00eancias m\u00e9dicas, essas informa\u00e7\u00f5es permitem que a institui\u00e7\u00e3o entre em contato com uma pessoa de confian\u00e7a, agilizando o suporte necess\u00e1rio.<\/p>\n\n\n\n<p class=\"has-text-align-center\"><strong>Passo a Passo para preencher os dados de \u201cContato de Emerg\u00eancia\u201d no Sistema SUAP:<\/strong><br><\/p>\n\n\n\n<ol>\n<li>Acesse o Sistema SUAP: (Figura 01). Entre no portal do SUAP utilizando seu login e senha.<\/li>\n<\/ol>\n\n\n\n<p>&nbsp; &nbsp; &nbsp; &nbsp; &nbsp; &nbsp; &nbsp; &nbsp; &nbsp; &nbsp; &nbsp; &nbsp; &nbsp; &nbsp; &nbsp; &nbsp; &nbsp; &nbsp; &nbsp; &nbsp; &nbsp; <\/p>\n\n\n<div class=\"wp-block-image\">\n<figure class=\"aligncenter is-resized\"><img decoding=\"async\" loading=\"lazy\" src=\"https:\/\/lh7-rt.googleusercontent.com\/docsz\/AD_4nXfjptadvPLcL9HiGXhdFVXKfQLxA61JNlE0huZN5eJpaHicI3AlthH-Y53HGrZcuDmlMJTYnCSo3D54XT0YJNasax2BPu__o6DdGQO8RhPAHD6bht602YJ15dCFiWiO8FW7Tqy0Tw?key=RCdn6LfKhWYOEw7dZggV6ajL\" alt=\"\" width=\"241\" height=\"256\" \/><\/figure><\/div>\n\n\n<p class=\"has-text-align-center\"> <strong>Figura 01<\/strong><\/p>\n\n\n\n<ol start=\"2\">\n<li>Localize o <strong>Menu de Dados Pessoais<\/strong>. Ap\u00f3s acessar o sistema, v\u00e1 at\u00e9 o Menu <em>\u201cEditar\u201d op\u00e7\u00e3o \u201cContatos de Emerg\u00eancia\u201d.<\/em> (Figura 02)<\/li>\n<\/ol>\n\n\n\n<p class=\"has-text-align-center\">&nbsp; &nbsp; &nbsp;<\/p>\n\n\n<div class=\"wp-block-image\">\n<figure class=\"aligncenter is-resized\"><img decoding=\"async\" loading=\"lazy\" src=\"https:\/\/lh7-rt.googleusercontent.com\/docsz\/AD_4nXdfzX3fugj5Pn5ARSZ8Q3Vqqlg3KxcLZocsf-NaW7_EqUhvNvWsZ3LCxE56WaX7WOmR4W9YCm1tHbqkRSHugG3EPuRpPRQ8jnpuxgqgTM761JwN6r2zavzLc87r3HM9tQKzxiS2kQ?key=RCdn6LfKhWYOEw7dZggV6ajL\" alt=\"\" width=\"177\" height=\"233\" \/><\/figure><\/div>\n\n\n<p class=\"has-text-align-center\"><strong>Figura 02<\/strong><\/p>\n\n\n\n<ol start=\"3\">\n<li>Na tela,&nbsp; procure pela aba ou campo denominado <em>\u201c <\/em><strong><em>+ Adicionar Contato de Emerg\u00eancia<\/em><\/strong><em>\u201d<\/em>. ((Figura 03)<br><\/li>\n<\/ol>\n\n\n\n<p><strong><em>Figura 03<\/em><\/strong><\/p>\n\n\n\n<ol start=\"4\">\n<li>Preencha as Informa\u00e7\u00f5es Solicitadas:\n<ul>\n<li>Nome: Insira o<strong> nome completo<\/strong> da pessoa que ser\u00e1 seu contato de emerg\u00eancia.<\/li>\n\n\n\n<li>Telefone: Adicione o n\u00famero de telefone atualizado, incluindo DDD.<\/li>\n<\/ul>\n<\/li>\n<\/ol>\n\n\n\n<ol start=\"5\">\n<li>Confirme os Dados:\n<ul>\n<li>Verifique se todas as informa\u00e7\u00f5es est\u00e3o corretas e atualizadas antes de prosseguir.<\/li>\n<\/ul>\n<\/li>\n<\/ol>\n\n\n\n<ol start=\"6\">\n<li>Salve as Informa\u00e7\u00f5es:\n<ul>\n<li>Clique no bot\u00e3o <em>\u201cSalvar\u201d<\/em> para garantir que os dados sejam registrados no sistema.<\/li>\n<\/ul>\n<\/li>\n<\/ol>\n\n\n\n<ol start=\"7\">\n<li>Valide as Informa\u00e7\u00f5es:<br>Ap\u00f3s salvar, confira se os dados aparecem corretamente na tela para evitar erros ou omiss\u00f5es.<\/li>\n<\/ol>\n\n\n\n<p><strong>Observa\u00e7\u00e3o<\/strong> : Atualize as informa\u00e7\u00f5es sempre que necess\u00e1rio, especialmente em caso de troca de contato ou mudan\u00e7a de rela\u00e7\u00e3o.<\/p>\n","protected":false},"excerpt":{"rendered":"<p>O Sistema Unificado de Administra\u00e7\u00e3o P\u00fablica (SUAP), \u00e9 uma ferramenta utilizada por 21 institui\u00e7\u00f5es da Rede Federal, que possibilita a execu\u00e7\u00e3o de diversas atividades que envolvam as rotinas de trabalho das \u00e1reas administrativas e acad\u00eamicas.&nbsp;&nbsp; O SUAP foi constru\u00eddo na perspectiva de uma institui\u00e7\u00e3o multicampi, possuindo, assim, uma estrutura modular, que possibilita a interliga\u00e7\u00e3o dos [&hellip;]<\/p>\n","protected":false},"author":154,"featured_media":0,"parent":0,"menu_order":0,"comment_status":"closed","ping_status":"closed","template":"","meta":[],"_links":{"self":[{"href":"https:\/\/www.ifbaiano.edu.br\/unidades\/urucuca\/wp-json\/wp\/v2\/pages\/10955"}],"collection":[{"href":"https:\/\/www.ifbaiano.edu.br\/unidades\/urucuca\/wp-json\/wp\/v2\/pages"}],"about":[{"href":"https:\/\/www.ifbaiano.edu.br\/unidades\/urucuca\/wp-json\/wp\/v2\/types\/page"}],"author":[{"embeddable":true,"href":"https:\/\/www.ifbaiano.edu.br\/unidades\/urucuca\/wp-json\/wp\/v2\/users\/154"}],"replies":[{"embeddable":true,"href":"https:\/\/www.ifbaiano.edu.br\/unidades\/urucuca\/wp-json\/wp\/v2\/comments?post=10955"}],"version-history":[{"count":8,"href":"https:\/\/www.ifbaiano.edu.br\/unidades\/urucuca\/wp-json\/wp\/v2\/pages\/10955\/revisions"}],"predecessor-version":[{"id":11230,"href":"https:\/\/www.ifbaiano.edu.br\/unidades\/urucuca\/wp-json\/wp\/v2\/pages\/10955\/revisions\/11230"}],"wp:attachment":[{"href":"https:\/\/www.ifbaiano.edu.br\/unidades\/urucuca\/wp-json\/wp\/v2\/media?parent=10955"}],"curies":[{"name":"wp","href":"https:\/\/api.w.org\/{rel}","templated":true}]}}