{"id":11102,"date":"2025-01-20T10:57:26","date_gmt":"2025-01-20T13:57:26","guid":{"rendered":"https:\/\/www.ifbaiano.edu.br\/unidades\/urucuca\/?page_id=11102"},"modified":"2025-03-18T14:31:46","modified_gmt":"2025-03-18T17:31:46","slug":"transportes","status":"publish","type":"page","link":"https:\/\/www.ifbaiano.edu.br\/unidades\/urucuca\/transportes\/","title":{"rendered":"Transportes"},"content":{"rendered":"\n<p>A solicita\u00e7\u00e3o de ve\u00edculo pelo SIGA \u00e9 um processo utilizado para requisitar o uso de ve\u00edculos institucionais, garantindo organiza\u00e7\u00e3o e controle no transporte oferecido pela institui\u00e7\u00e3o.<\/p>\n\n\n\n<p><strong>Respons\u00e1vel<\/strong>: Thiago Santos Vieira&nbsp;<br><strong>Contato<\/strong>: <a rel=\"noreferrer noopener\" href=\"mailto:transporte@urucuca.ifbaiano.edu.br\" target=\"_blank\">transporte@urucuca.ifbaiano.edu.br<\/a>&nbsp;<\/p>\n\n\n\n<p><\/p>\n\n\n\n<p>Segue um guia passo a passo para solicita\u00e7\u00f5es de ve\u00edculo no SIGA. <\/p>\n\n\n\n<p><a rel=\"noreferrer noopener\" href=\"https:\/\/www.ifbaiano.edu.br\/unidades\/urucuca\/files\/2025\/01\/Manual_Solicitacoes-no-SIGA-Veiculos-Oficiais.pdf\" data-type=\"URL\" data-id=\"https:\/\/www.ifbaiano.edu.br\/unidades\/urucuca\/files\/2025\/01\/Manual_Solicitacoes-no-SIGA-Veiculos-Oficiais.pdf\" target=\"_blank\">Solicita\u00e7\u00e3o de Ve\u00edculos Oficiais<\/a><\/p>\n\n\n\n<figure class=\"wp-block-table is-style-stripes\"><table class=\"has-background\" style=\"background-color:#006400\"><thead><tr><th>\ufeff<\/th><\/tr><\/thead><tbody><tr><td><strong>Fluxogramas<\/strong><\/td><\/tr><\/tbody><\/table><figcaption class=\"wp-element-caption\"><a rel=\"noreferrer noopener\" href=\"https:\/\/www.ifbaiano.edu.br\/unidades\/urucuca\/files\/2020\/08\/Log%C3%ADstica.pdf\" target=\"_blank\">Log\u00edstica<\/a><\/figcaption><\/figure>\n\n\n\n<p><\/p>\n","protected":false},"excerpt":{"rendered":"<p>A solicita\u00e7\u00e3o de ve\u00edculo pelo SIGA \u00e9 um processo utilizado para requisitar o uso de ve\u00edculos institucionais, garantindo organiza\u00e7\u00e3o e controle no transporte oferecido pela institui\u00e7\u00e3o. Respons\u00e1vel: Thiago Santos Vieira&nbsp;Contato: transporte@urucuca.ifbaiano.edu.br&nbsp; Segue um guia passo a passo para solicita\u00e7\u00f5es de ve\u00edculo no SIGA. Solicita\u00e7\u00e3o de Ve\u00edculos Oficiais \ufeff Fluxogramas Log\u00edstica<\/p>\n","protected":false},"author":154,"featured_media":0,"parent":0,"menu_order":0,"comment_status":"closed","ping_status":"closed","template":"","meta":[],"_links":{"self":[{"href":"https:\/\/www.ifbaiano.edu.br\/unidades\/urucuca\/wp-json\/wp\/v2\/pages\/11102"}],"collection":[{"href":"https:\/\/www.ifbaiano.edu.br\/unidades\/urucuca\/wp-json\/wp\/v2\/pages"}],"about":[{"href":"https:\/\/www.ifbaiano.edu.br\/unidades\/urucuca\/wp-json\/wp\/v2\/types\/page"}],"author":[{"embeddable":true,"href":"https:\/\/www.ifbaiano.edu.br\/unidades\/urucuca\/wp-json\/wp\/v2\/users\/154"}],"replies":[{"embeddable":true,"href":"https:\/\/www.ifbaiano.edu.br\/unidades\/urucuca\/wp-json\/wp\/v2\/comments?post=11102"}],"version-history":[{"count":3,"href":"https:\/\/www.ifbaiano.edu.br\/unidades\/urucuca\/wp-json\/wp\/v2\/pages\/11102\/revisions"}],"predecessor-version":[{"id":11542,"href":"https:\/\/www.ifbaiano.edu.br\/unidades\/urucuca\/wp-json\/wp\/v2\/pages\/11102\/revisions\/11542"}],"wp:attachment":[{"href":"https:\/\/www.ifbaiano.edu.br\/unidades\/urucuca\/wp-json\/wp\/v2\/media?parent=11102"}],"curies":[{"name":"wp","href":"https:\/\/api.w.org\/{rel}","templated":true}]}}