{"id":230,"date":"2011-09-13T13:29:35","date_gmt":"2011-09-13T13:29:35","guid":{"rendered":"http:\/\/www.ifbaiano.edu.br\/unidades\/urucuca\/?page_id=230"},"modified":"2025-01-21T12:11:49","modified_gmt":"2025-01-21T15:11:49","slug":"biblioteca-do-campus","status":"publish","type":"page","link":"https:\/\/www.ifbaiano.edu.br\/unidades\/urucuca\/biblioteca-do-campus\/","title":{"rendered":"Biblioteca do Campus"},"content":{"rendered":"\n<p>A Biblioteca Paulo de Tarso Alvim, do IF Baiano Campus Uru\u00e7uca est\u00e1 aberta ao p\u00fablico interno e externo para consultas, localizada pr\u00f3ximo \u00e0 entrada do campus Uru\u00e7uca, em um pr\u00e9dio amplo com acessibilidade para pessoas com necessidades espec\u00edficas, permite o empr\u00e9stimo domiciliar aos usu\u00e1rios vinculados ao Instituto Federal Baiano \u2013 alunos, professores, servidores t\u00e9cnico administrativos, colaboradores terceirizados, devidamente registrados na Biblioteca do campus.<\/p>\n\n\n\n<p>Acessando <a href=\"http:\/\/pergamum.ifbaiano.edu.br\">pergamum.ifbaiano.edu.br<\/a>, \u00e9 poss\u00edvel renovar empr\u00e9stimos, reservar exemplares e pesquisar todo o acervo composto de 17.000 itens entre livros, peri\u00f3dicos, monografias, relat\u00f3rios, CD\u00b4s e DVD\u00b4s. Al\u00e9m do acervo f\u00edsico temos a Biblioteca Virtual da Person composta com 15.200 e-books de diversas \u00e1reas do conhecimento.<\/p>\n\n\n\n<p>A biblioteca conta tamb\u00e9m, com 20 computadores com acesso \u00e0 internet para pesquisa e trabalhos acad\u00eamicos, 10 cabines individuais de estudo, vinte mesas e duas salas de leitura, multim\u00eddia e estudo em grupo. Al\u00e9m disso, disp\u00f5e de arm\u00e1rios onde os usu\u00e1rios podem guardar seus materiais, como bolsas e mochilas enquanto permanecem no espa\u00e7o. Bebedouro e sanit\u00e1rios acess\u00edveis.<\/p>\n\n\n\n<p>Bibliotec\u00e1ria: Patr\u00edcia da Silva Santos<br>Contato: biblioteca@urucuca.ifbaiano.edu.br<\/p>\n\n\n\n<figure class=\"wp-block-table is-style-stripes\"><table class=\"has-background\" style=\"background-color:#006400\"><thead><tr><th><\/th><\/tr><\/thead><tbody><tr><td><strong><span style=\"color:#006400\" class=\"has-inline-color\">FUNCIONAMENTO<\/span><\/strong><\/td><\/tr><\/tbody><\/table><figcaption class=\"wp-element-caption\"><br>Segunda\u00a0a\u00a0Sexta-feira &#8211; 08h \u00e0s17h, 19h \u00e0s 22h<\/figcaption><\/figure>\n\n\n\n<p>S\u00e1bado e Domingo &#8211; 19h30 \u00e0s 22h<\/p>\n\n\n\n<figure class=\"wp-block-table is-style-stripes\"><table class=\"has-background\" style=\"background-color:#006400\"><thead><tr><th><\/th><\/tr><\/thead><tbody><tr><td><strong><span style=\"color:#006400\" class=\"has-inline-color\">MISS\u00c3O<\/span><\/strong><\/td><\/tr><\/tbody><\/table><figcaption class=\"wp-element-caption\">Promover o acesso \u00e0 informa\u00e7\u00e3o para toda a comunidade acad\u00eamica, de forma atualizada, oferecendo servi\u00e7os e produtos necess\u00e1rios ao desenvolvimento das atividades de ensino, pesquisa e extens\u00e3o.<\/figcaption><\/figure>\n\n\n\n<p><\/p>\n\n\n\n<figure class=\"wp-block-table is-style-stripes\"><table class=\"has-background\" style=\"background-color:#006400\"><thead><tr><th><\/th><\/tr><\/thead><tbody><tr><td><strong><mark style=\"color:#006400\" class=\"has-inline-color\">PERGAMU<\/mark><\/strong>M<\/td><\/tr><\/tbody><\/table><figcaption class=\"wp-element-caption\"><br><strong>O Pergamum \u00e9 o Sistema de Gerenciamento das Bibliotecas do IF Baiano.&nbsp;<\/strong><br>Para acess\u00e1-lo, clique&nbsp;<strong><a rel=\"noreferrer noopener\" href=\"http:\/\/pergamum.ifbaiano.edu.br\/pergamum\/biblioteca\/index.php\" target=\"_blank\">aqui<\/a><\/strong><\/figcaption><\/figure>\n\n\n\n<p><\/p>\n\n\n\n<figure class=\"wp-block-table is-style-stripes\"><table class=\"has-background\" style=\"background-color:#006400\"><thead><tr><th><\/th><\/tr><\/thead><tbody><tr><td><strong><span style=\"color:#006400\" class=\"has-inline-color\">CALEND\u00c1RIO DE EXPOSI\u00c7\u00d5ES<\/span><\/strong><\/td><\/tr><\/tbody><\/table><figcaption class=\"wp-element-caption\"><br>Mar\u00e7o- Exposi\u00e7\u00e3o sobre A Mulher \u201c A Mulher como fonte geradora de vida \u201d<br>Julho &#8211; Exposi\u00e7\u00e3o sobre o Acervo da Biblioteca \u201c Conhecendo o acervo especifico dos cursos Integrado. \u201d e \u201cExposi\u00e7\u00e3o Julho das Pretas\u201d<br>Agosto &#8211; Exposi\u00e7\u00e3o sobre o Acervo da Biblioteca \u201c Conhecendo o acervo especifico dos cursos Subsequentes e Superiores.<br>Setembro &#8211; Exposi\u00e7\u00e3o sobre Escritores Brasileiros \u201c De Clarice Lispector aos dias atuais\u201d<br>Outubro &#8211; Exposi\u00e7\u00e3o sobre Escritores Baianos &#8221; De Jorge Amado aos dias atuais&#8221;<br>Novembro &#8211; Exposi\u00e7\u00e3o em alus\u00e3o ao m\u00eas da Consci\u00eancia negra &#8221; As lutas dos negros e comunidades quilombolas na sociedade&#8221;<br>Dezembro &#8211; Exposi\u00e7\u00e3o sobre Escritores Estrangeiros \u201c De Sidney Sheldon aos dias atuais\u201d<\/figcaption><\/figure>\n\n\n\n<p><\/p>\n\n\n\n<figure class=\"wp-block-table is-style-stripes\"><table class=\"has-background\" style=\"background-color:#006400\"><thead><tr><th><\/th><\/tr><\/thead><tbody><tr><td><strong><span style=\"color:#006400\" class=\"has-inline-color\">DOCUMENTOS<\/span><\/strong><\/td><\/tr><\/tbody><\/table><figcaption class=\"wp-element-caption\"><a href=\"https:\/\/www.ifbaiano.edu.br\/unidades\/urucuca\/files\/2023\/05\/FOLDER-BIBLIOTECA-IFBAIANO-URUCUCA-1.pdf\" data-type=\"URL\" data-id=\"https:\/\/www.ifbaiano.edu.br\/unidades\/urucuca\/files\/2023\/05\/FOLDER-BIBLIOTECA-IFBAIANO-URUCUCA-1.pdf\" target=\"_blank\" rel=\"noreferrer noopener\">Manual do Usu\u00e1rio<\/a><br><a rel=\"noreferrer noopener\" href=\"https:\/\/www.ifbaiano.edu.br\/unidades\/urucuca\/files\/2022\/10\/Regimento-Biblioteca.pdf\" data-type=\"URL\" data-id=\"https:\/\/www.ifbaiano.edu.br\/unidades\/urucuca\/files\/2022\/10\/Regimento-Biblioteca.pdf\" target=\"_blank\">Regimento<\/a><br><a rel=\"noreferrer noopener\" href=\"https:\/\/www.ifbaiano.edu.br\/unidades\/urucuca\/files\/2022\/10\/Plano-de-contingencia.pdf\" data-type=\"URL\" data-id=\"https:\/\/www.ifbaiano.edu.br\/unidades\/urucuca\/files\/2022\/10\/Plano-de-contingencia.pdf\" target=\"_blank\">Plano de Conting\u00eancia<\/a><br><a rel=\"noreferrer noopener\" href=\"https:\/\/www.ifbaiano.edu.br\/unidades\/urucuca\/files\/2023\/03\/Manual-de-Procedimentos-e-rotinas.pdf\" target=\"_blank\">Manual de Procedimentos e Rotinas<\/a><br><a rel=\"noreferrer noopener\" href=\"https:\/\/www.ifbaiano.edu.br\/unidades\/urucuca\/files\/2022\/10\/Periodicos.odt\" data-type=\"URL\" data-id=\"https:\/\/www.ifbaiano.edu.br\/unidades\/urucuca\/files\/2022\/10\/Periodicos.odt\" target=\"_blank\">Rela\u00e7\u00e3o de Peri\u00f3dicos de Engenharia de Alimentos&nbsp;<\/a><br><\/figcaption><\/figure>\n\n\n\n<p><\/p>\n\n\n\n<figure class=\"wp-block-table is-style-stripes\"><table class=\"has-background\" style=\"background-color:#006400\"><thead><tr><th><\/th><\/tr><\/thead><tbody><tr><td><strong><span style=\"color:#006400\" class=\"has-inline-color\">PORTAIS ONLINE<\/span><\/strong><\/td><\/tr><\/tbody><\/table><figcaption class=\"wp-element-caption\">&nbsp;<br><a href=\"http:\/\/www.periodicos.capes.gov.br\/\">Portal de Peri\u00f3dicos da CAPES<\/a><br><a href=\"http:\/\/www.ifbaiano.edu.br\/reitoria\/index.php\/revista-bem-baiano\">Bem Baiano<\/a><br><a rel=\"noreferrer noopener\" href=\"http:\/\/www.agranja.com\" target=\"_blank\">A Granja<\/a><br><a rel=\"noreferrer noopener\" href=\"http:\/\/sna.agr.br\/capa-publicacoes\/\" target=\"_blank\">A Lavoura<\/a><br><a rel=\"noreferrer noopener\" href=\"http:\/\/www.acaoambiental.ufv.br\/acao_ambiental\/site\/index.php\" target=\"_blank\">A\u00e7\u00e3o Ambiental<\/a><br><a rel=\"noreferrer noopener\" href=\"http:\/\/www.ceplac.gov.br\/paginas\/agrotropica\/\" target=\"_blank\">Agrot\u00f3pica<\/a><br><a rel=\"noreferrer noopener\" href=\"http:\/\/www.agriambi.com.br\" target=\"_blank\">Agriambi<\/a>&nbsp;&#8211; Revista Brasileira de Engenharia Agr\u00edcola e Ambiental<br><a rel=\"noreferrer noopener\" href=\"http:\/\/www.springer.com\/life+sciences\/forestry\/journal\/10457\" target=\"_blank\">Agroforestry Systems&nbsp;<\/a><br><a rel=\"noreferrer noopener\" href=\"http:\/\/periodicos.ufes.br\/cad\/index\" target=\"_blank\">Cadernos de Agroecologia<\/a><br><a rel=\"noreferrer noopener\" href=\"http:\/\/revistas.ufpr.br\/campos\" target=\"_blank\">CAMPOS &#8211; Revista de Antropologia Social<\/a><br><a rel=\"noreferrer noopener\" href=\"http:\/\/www.ufsm.br\/ccr\/revista\" target=\"_blank\">Ci\u00eancia Rural&nbsp;<\/a><br><a rel=\"noreferrer noopener\" href=\"http:\/\/www.infodisc.es\/ecos21\" target=\"_blank\">Ecos XXI &#8211; Revista de Ecologia<\/a><br><a rel=\"noreferrer noopener\" href=\"https:\/\/periodicos.ufsm.br\/extensaorural\" target=\"_blank\">Extens\u00e3o Rural<\/a><br><a rel=\"noreferrer noopener\" href=\"http:\/\/www.farmjournal.com\/\" target=\"_blank\">Farm Journal Today<\/a><br><a rel=\"noreferrer noopener\" href=\"http:\/\/www.solar.com.br\/~hortbras\" target=\"_blank\">Horticultura Brasileira<\/a><br><a rel=\"noreferrer noopener\" href=\"http:\/\/www.joe.org\" target=\"_blank\">Journal of Extension<\/a><br><a rel=\"noreferrer noopener\" href=\"http:\/\/revistas.pucsp.br\/index.php\/ls\" target=\"_blank\">Lutas Sociais<\/a><br><a rel=\"noreferrer noopener\" href=\"http:\/\/www.turismo.gov.br\/publica%C3%A7oes\" target=\"_blank\">Minist\u00e9rio do Turismo<\/a><br><a href=\"http:\/\/pangeiacientifica.ifbaiano.edu.br\/index.php\/pangeiacientifica\/index\">Pangeia Cientifica <\/a>&#8211; Revista do IF Baiano<br><a href=\"http:\/\/www.rbtur.org.br\/rbtur\">RBTUR<\/a> \u2013 Revista Brasileira de Pesquisa em Turismo<br><a href=\"http:\/\/www.rbaonline.org.br\/arquivos\">RBA<\/a> \u2013 Revista Brasileira de Administra\u00e7\u00e3o<br><a rel=\"noreferrer noopener\" href=\"http:\/\/www.aba-agroecologia.org.br\/ojs2\/index.php\/rbagroecologia\/index\" target=\"_blank\">Revista Brasileira de Agroecologia<\/a><br><a rel=\"noreferrer noopener\" href=\"http:\/\/www.horticulturabrasileira.com.br\/\" target=\"_blank\">Revista da Associa\u00e7\u00e3o Brasileira de Horticultura<\/a><br><a rel=\"noreferrer noopener\" href=\"http:\/\/www.sbcs.org.br\/revista\/revista-online\/\" target=\"_blank\">Revista Brasileira de Ci\u00eancia do Solo<\/a><br><a rel=\"noreferrer noopener\" href=\"http:\/\/rca.cav.udesc.br\/\" target=\"_blank\">Revista de Ci\u00eancias Agroveterin\u00e1rias-UDESC<\/a><br><a rel=\"noreferrer noopener\" href=\"http:\/\/www.rbf.org.br\/\" target=\"_blank\">Revista Brasileira de Fruticultura<\/a><br><a rel=\"noreferrer noopener\" href=\"http:\/\/www.ufpel.tche.br\/faem\/agrociencia\/\" target=\"_blank\">Revista Brasileira de Agroci\u00eancias-UFPEL<\/a><br><a rel=\"noreferrer noopener\" href=\"http:\/\/revistas.unicentro.br\/index.php\/repaa\" target=\"_blank\">Revista Brasileira de Tecnologia Aplicada nas Ci\u00eancias Agr\u00e1rias &#8211; UNICENTRO<\/a><br><a rel=\"noreferrer noopener\" href=\"http:\/\/www.agriambi.com.br\/\" target=\"_blank\">Revista Brasileira de Engenheira Agr\u00edcola e Ambiental-UFCG<\/a><br><a rel=\"noreferrer noopener\" href=\"http:\/\/www.abrates.org.br\/revista\/artigospublicados\/indice.php?v=35&amp;n=3\" target=\"_blank\">Revista Brasileira de Sementes<\/a><br><a rel=\"noreferrer noopener\" href=\"http:\/\/www.revista.sbz.org.br\/\" target=\"_blank\">Revista Brasileira de Zootecnia<\/a><br><a rel=\"noreferrer noopener\" href=\"http:\/\/www.scielo.br\/scielo.php?script=sci_serial&amp;pid=0085- 5626&amp;lng=en&amp;nrm=iso\/\" target=\"_blank\">Revista Brasileira de Entomologia<\/a><br><a rel=\"noreferrer noopener\" href=\"http:\/\/ojs.c3sl.ufpr.br\/ojs2\/index.php\/floresta\/\" target=\"_blank\">Revista FLORESTA<\/a><br><a rel=\"noreferrer noopener\" href=\"http:\/\/revistas.ufpr.br\/made\" target=\"_blank\">Revista Desenvolvimento e Meio Ambiente&nbsp;<\/a><br><a rel=\"noreferrer noopener\" href=\"http:\/\/cascavel.ufsm.br\/revistas\/ojs-2.2.2\/index.php\/extensaorural\/index\" target=\"_blank\">Revista Extens\u00e3o Rural &#8211; UFSM<\/a><br><a rel=\"noreferrer noopener\" href=\"http:\/\/www.revsbau.esalq.usp.br\/\" target=\"_blank\">Revista Brasileira de Arboriza\u00e7\u00e3o Urbana<\/a><br><a rel=\"noreferrer noopener\" href=\"http:\/\/www.escala.com.br\" target=\"_blank\">Revista Brasileira de Agropecu\u00e1ria<\/a><br><a rel=\"noreferrer noopener\" href=\"http:\/\/revistas.ufpr.br\/revistaabclima\" target=\"_blank\">Revista Brasileira de Climatologia<\/a><br><a rel=\"noreferrer noopener\" href=\"http:\/\/aplicacionesua.cpd.ua.es\/catalogaxxi\/c10046ppesii1\/e127429\/index.html\" target=\"_blank\">Revista Agroforester\u00eda en las Am\u00e9ricas<\/a><br><a rel=\"noreferrer noopener\" href=\"http:\/\/revistaagroamazonia.blogspot.com.br\/\" target=\"_blank\">Revista Agroamaz\u00f4nica<\/a><br><a rel=\"noreferrer noopener\" href=\"http:\/\/www.aspta.org.br\" target=\"_blank\">Revista de Agroecolog\u00eda &#8220;LEISA&#8221;<\/a><br><a rel=\"noreferrer noopener\" href=\"http:\/\/www.olam.com.br\" target=\"_blank\">Revista Olam<\/a><br><a rel=\"noreferrer noopener\" href=\"https:\/\/www.fearp.usp.br\/pt-br\/institucional\/acontece\/agende-se\/item\/844-revista-organizacoes-rurais-e-agroindustriais.html\" target=\"_blank\">Revista Organiza\u00e7\u00f5es Rurais &amp; Agroindustriais&nbsp;<\/a><br><a rel=\"noreferrer noopener\" href=\"http:\/\/periodicos.unb.br\/index.php\/regis\" target=\"_blank\">Revista de Inova\u00e7\u00e3o e Sustentabilidade (RISUS)<\/a><br><a rel=\"noreferrer noopener\" href=\"http:\/\/www.netline.com.br\/produtiva\" target=\"_blank\">Revista Produtiva<\/a><br><a rel=\"noreferrer noopener\" href=\"http:\/\/aplicacionesua.cpd.ua.es\/catalogaxxi\/c10046ppesii1\/e127429\/index.html\" target=\"_blank\">Revista Rural&nbsp;<\/a><br><a rel=\"noreferrer noopener\" href=\"http:\/\/ojs.c3sl.ufpr.br\/ojs\/index.php\/made\/index\" target=\"_blank\">Revista Meio Ambiente e Desenvolvimento &#8211; UFPR<\/a><br><a rel=\"noreferrer noopener\" href=\"http:\/\/www.gvaa.com.br\/revista\/index.php\/RVADS\" target=\"_blank\">Revista Verde De Agroecologia E Desenvolvimento Sustent\u00e1vel<\/a><br><a rel=\"noreferrer noopener\" href=\"http:\/\/e-revista.unioeste.br\/index.php\/scientiaagraria\" target=\"_blank\">Revista Scientia Agraria Paranaensis &#8211; UNIOESTE<\/a><br><a rel=\"noreferrer noopener\" href=\"http:\/\/revistas.unicentro.br\/index.php\/RECEN\/\" target=\"_blank\">Revista Ci\u00eancias Exatas e Naturais<\/a><br><a rel=\"noreferrer noopener\" href=\"http:\/\/ojs.c3sl.ufpr.br\/ojs2\/index.php\/agraria\" target=\"_blank\">Revista Scientia Agraria &#8211; UFPR<\/a><br><a rel=\"noreferrer noopener\" href=\"http:\/\/www.uel.br\/portal\/frm\/frmOpcao.php?opcao=http:\/\/www.uel.br\/revistas\/uel\/index.php\/semagrarias\" target=\"_blank\">Revista Semina &#8211; UEL<\/a><br><a rel=\"noreferrer noopener\" href=\"http:\/\/www.rualter.org\" target=\"_blank\">Ruralter<\/a><br><a rel=\"noreferrer noopener\" href=\"http:\/\/revistas.ufpr.br\/agraria\" target=\"_blank\">Scientia Agr\u00edcola<\/a><br><a href=\"http:\/\/www2.ifsp.edu.br\/edu\/prp\/sinergia\">Sinergia<\/a><a rel=\"noreferrer noopener\" href=\"http:\/\/www2.ifsp.edu.br\/edu\/prp\/sinergia\" target=\"_blank\">&nbsp;&#8211; Revista do IFSP<\/a><br><a rel=\"noreferrer noopener\" href=\"http:\/\/revistas.ufpr.br\/turismo\" target=\"_blank\">Turismo e Sociedade<\/a><br><a href=\"https:\/\/www.ifbaiano.edu.br\/unidades\/urucuca\/files\/2023\/05\/Revista-de-turismo.pdf\" data-type=\"URL\" data-id=\"https:\/\/www.ifbaiano.edu.br\/unidades\/urucuca\/files\/2023\/05\/Revista-de-turismo.pdf\" target=\"_blank\" rel=\"noreferrer noopener\">Rela\u00e7\u00e3o de Peri\u00f3dicos de Gest\u00e3o de Turismo da CAPES dispon\u00edveis on-line<\/a><\/figcaption><\/figure>\n\n\n\n<p><\/p>\n\n\n\n<p><\/p>\n\n\n\n<p><\/p>\n","protected":false},"excerpt":{"rendered":"<p>A Biblioteca Paulo de Tarso Alvim, do IF Baiano Campus Uru\u00e7uca est\u00e1 aberta ao p\u00fablico interno e externo para consultas, localizada pr\u00f3ximo \u00e0 entrada do campus Uru\u00e7uca, em um pr\u00e9dio amplo com acessibilidade para pessoas com necessidades espec\u00edficas, permite o empr\u00e9stimo domiciliar aos usu\u00e1rios vinculados ao Instituto Federal Baiano \u2013 alunos, professores, servidores t\u00e9cnico administrativos, [&hellip;]<\/p>\n","protected":false},"author":2,"featured_media":0,"parent":0,"menu_order":0,"comment_status":"open","ping_status":"open","template":"","meta":[],"_links":{"self":[{"href":"https:\/\/www.ifbaiano.edu.br\/unidades\/urucuca\/wp-json\/wp\/v2\/pages\/230"}],"collection":[{"href":"https:\/\/www.ifbaiano.edu.br\/unidades\/urucuca\/wp-json\/wp\/v2\/pages"}],"about":[{"href":"https:\/\/www.ifbaiano.edu.br\/unidades\/urucuca\/wp-json\/wp\/v2\/types\/page"}],"author":[{"embeddable":true,"href":"https:\/\/www.ifbaiano.edu.br\/unidades\/urucuca\/wp-json\/wp\/v2\/users\/2"}],"replies":[{"embeddable":true,"href":"https:\/\/www.ifbaiano.edu.br\/unidades\/urucuca\/wp-json\/wp\/v2\/comments?post=230"}],"version-history":[{"count":39,"href":"https:\/\/www.ifbaiano.edu.br\/unidades\/urucuca\/wp-json\/wp\/v2\/pages\/230\/revisions"}],"predecessor-version":[{"id":11133,"href":"https:\/\/www.ifbaiano.edu.br\/unidades\/urucuca\/wp-json\/wp\/v2\/pages\/230\/revisions\/11133"}],"wp:attachment":[{"href":"https:\/\/www.ifbaiano.edu.br\/unidades\/urucuca\/wp-json\/wp\/v2\/media?parent=230"}],"curies":[{"name":"wp","href":"https:\/\/api.w.org\/{rel}","templated":true}]}}