{"id":4941,"date":"2019-03-15T15:46:51","date_gmt":"2019-03-15T18:46:51","guid":{"rendered":"http:\/\/www.ifbaiano.edu.br\/unidades\/urucuca\/?page_id=4941"},"modified":"2025-01-28T10:37:00","modified_gmt":"2025-01-28T13:37:00","slug":"guia-de-turismo","status":"publish","type":"page","link":"https:\/\/www.ifbaiano.edu.br\/unidades\/urucuca\/guia-de-turismo\/","title":{"rendered":"Guia de Turismo"},"content":{"rendered":"<p><strong>Sobre o curso:<\/strong><\/p>\n<p style=\"text-align: justify\">O Curso T\u00e9cnico em Guia de Turismo Integrado ao N\u00edvel M\u00e9dio com dura\u00e7\u00e3o m\u00ednima de 03 anos tem como objetivo formar profissionais t\u00e9cnicos de n\u00edvel m\u00e9dio, que contemple um novo perfil para saber fazer e exercer as atividades de planejamento, orienta\u00e7\u00e3o, assist\u00eancia e condu\u00e7\u00e3o informativa de pessoas, dentro das novas exig\u00eancias do mundo do trabalho contempor\u00e2neo.<\/p>\n<p style=\"text-align: justify\">Ao final de sua forma\u00e7\u00e3o, o estudante se tornar\u00e1 um profissional t\u00e9cnico em Guia de Turismo com a possibilidade de prosseguir estudos no n\u00edvel superior, al\u00e9m de poder atuar no exerc\u00edcio t\u00e9cnico de orienta\u00e7\u00e3o, condu\u00e7\u00e3o e assist\u00eancia a pessoas ou grupos sobre as op\u00e7\u00f5es de roteiros e itiner\u00e1rios tur\u00edsticos durante traslados, passeios, visitas, viagens, prestando informa\u00e7\u00f5es sobre aspectos socioculturais, hist\u00f3ricos, ambientais, geogr\u00e1ficos e outros, por meio de instrumentos de comunica\u00e7\u00e3o, localiza\u00e7\u00e3o, t\u00e9cnicas de condu\u00e7\u00e3o, de interpreta\u00e7\u00e3o ambiental e cultural.<\/p>\n<p><a href=\"https:\/\/www.ifbaiano.edu.br\/unidades\/urucuca\/files\/2025\/01\/Projeto-Pedagogico-do-Curso_Tecnico-em-Guia-de-Turismo_Ensino-Medio-Integrado.pdf\">Projeto Pedag\u00f3gico do Curso<\/a><\/p>\n<hr \/>\n<p><strong>\u00c1rea de atua\u00e7\u00e3o:<\/strong><\/p>\n<p>Prestando servi\u00e7os a ag\u00eancias de viagem, operadoras e hot\u00e9is, organiza\u00e7\u00f5es (p\u00fablicas ou privadas) do setor tur\u00edstico, al\u00e9m da possibilidade de atuar de forma aut\u00f4noma.<\/p>\n<hr \/>\n<p><strong>Ingresso:<\/strong><\/p>\n<p style=\"text-align: justify\">\u00c9 preciso participar do processo de ingresso de alunos do IF Baiano. A sele\u00e7\u00e3o come\u00e7a no m\u00eas de setembro atrav\u00e9s do site: <a href=\"http:\/\/www.urucuca.ifbaiano.edu.br\" target=\"_blank\" rel=\"noreferrer noopener\" data-type=\"URL\" data-id=\"www.urucuca.ifbaiano.edu.br\">urucuca.ifbaiano.edu.br<\/a><\/p>\n<hr \/>\n<p><strong>Contato:<\/strong><\/p>\n<p>Coordenadora: Ta\u00eds Galv\u00e3o<br \/>\nCoordenadora substituta: Andr\u00e9ia Fernandes da Silva<br \/>\nContato: nuint@urucuca.ifbaiano.edu.br<\/p>\n","protected":false},"excerpt":{"rendered":"<p>Sobre o curso: O Curso T\u00e9cnico em Guia de Turismo Integrado ao N\u00edvel M\u00e9dio com dura\u00e7\u00e3o m\u00ednima de 03 anos tem como objetivo formar profissionais t\u00e9cnicos de n\u00edvel m\u00e9dio, que contemple um novo perfil para saber fazer e exercer as atividades de planejamento, orienta\u00e7\u00e3o, assist\u00eancia e condu\u00e7\u00e3o informativa de pessoas, dentro das novas exig\u00eancias do [&hellip;]<\/p>\n","protected":false},"author":67,"featured_media":0,"parent":0,"menu_order":0,"comment_status":"closed","ping_status":"closed","template":"","meta":[],"_links":{"self":[{"href":"https:\/\/www.ifbaiano.edu.br\/unidades\/urucuca\/wp-json\/wp\/v2\/pages\/4941"}],"collection":[{"href":"https:\/\/www.ifbaiano.edu.br\/unidades\/urucuca\/wp-json\/wp\/v2\/pages"}],"about":[{"href":"https:\/\/www.ifbaiano.edu.br\/unidades\/urucuca\/wp-json\/wp\/v2\/types\/page"}],"author":[{"embeddable":true,"href":"https:\/\/www.ifbaiano.edu.br\/unidades\/urucuca\/wp-json\/wp\/v2\/users\/67"}],"replies":[{"embeddable":true,"href":"https:\/\/www.ifbaiano.edu.br\/unidades\/urucuca\/wp-json\/wp\/v2\/comments?post=4941"}],"version-history":[{"count":11,"href":"https:\/\/www.ifbaiano.edu.br\/unidades\/urucuca\/wp-json\/wp\/v2\/pages\/4941\/revisions"}],"predecessor-version":[{"id":11194,"href":"https:\/\/www.ifbaiano.edu.br\/unidades\/urucuca\/wp-json\/wp\/v2\/pages\/4941\/revisions\/11194"}],"wp:attachment":[{"href":"https:\/\/www.ifbaiano.edu.br\/unidades\/urucuca\/wp-json\/wp\/v2\/media?parent=4941"}],"curies":[{"name":"wp","href":"https:\/\/api.w.org\/{rel}","templated":true}]}}