{"id":9491,"date":"2024-02-28T10:55:37","date_gmt":"2024-02-28T13:55:37","guid":{"rendered":"https:\/\/www.ifbaiano.edu.br\/unidades\/urucuca\/?page_id=9491"},"modified":"2025-08-26T11:47:32","modified_gmt":"2025-08-26T14:47:32","slug":"copes-coordenacao-de-pesquisa","status":"publish","type":"page","link":"https:\/\/www.ifbaiano.edu.br\/unidades\/urucuca\/copes-coordenacao-de-pesquisa\/","title":{"rendered":"Coordena\u00e7\u00e3o de Pesquisa e Inova\u00e7\u00e3o &#8211; COPES"},"content":{"rendered":"\n<p class=\"has-white-color has-text-color has-background\" style=\"background-color:#056e47\"><strong>O que \u00e9 a COPES?<\/strong><\/p>\n\n\n\n<p>A Coordena\u00e7\u00e3o de Pesquisa e Inova\u00e7\u00e3o (COPES) \u00e9 o setor respons\u00e1vel por gerenciar as atividades de pesquisa e inova\u00e7\u00e3o dentro do Campus, atuando em articula\u00e7\u00e3o com a Pr\u00f3-Reitoria de Pesquisa, Inova\u00e7\u00e3o e P\u00f3s-Gradua\u00e7\u00e3o (PROPES) do IF Baiano, que est\u00e1 vinculada a reitoria.<\/p>\n\n\n\n<p>A Pesquisa integra o trip\u00e9 formado pelo Ensino e pela Extens\u00e3o, os quais trabalham em conjunto, a fim de proporcionar maior alcance das a\u00e7\u00f5es, al\u00e9m de constitu\u00edrem o princ\u00edpio da indissociabilidade, conforme disp\u00f5e o artigo 207 da Constitui\u00e7\u00e3o Brasileira de 1988.<\/p>\n\n\n\n<p>A pesquisa e a inova\u00e7\u00e3o promovem a forma\u00e7\u00e3o de recursos humanos como pesquisadores e empreendedores, objetivando a produ\u00e7\u00e3o de conhecimento cient\u00edfico e a sua dissemina\u00e7\u00e3o nas diversas \u00e1reas do conhecimento, trazendo discuss\u00e3o e solu\u00e7\u00f5es para problemas de cunho ambiental, social e econ\u00f4mico.<\/p>\n\n\n\n<p>Todos os anos s\u00e3o lan\u00e7ados editais internos da PROPES, que permitem que os servidores (Docentes e TAES) submetam propostas que contemplem estudantes de n\u00edvel m\u00e9dio (integrado e subsequente), gradua\u00e7\u00e3o e de p\u00f3s-gradua\u00e7\u00e3o, os quais podem integrar esses projetos exercendo fun\u00e7\u00e3o de bolsistas ou de volunt\u00e1rios.<\/p>\n\n\n\n<p><\/p>\n\n\n\n<p class=\"has-white-color has-text-color has-background\" style=\"background-color:#056e47\"><strong>Projetos de Pesquisa contemplados em Editais internos da PROPES<\/strong><\/p>\n\n\n\n<p>Os projetos de pesquisa de inicia\u00e7\u00e3o cient\u00edfica j\u00fanior (ensino m\u00e9dio) e gradua\u00e7\u00e3o e projetos de p\u00f3s-gradua\u00e7\u00e3o desenvolvidos no IF Baiano &#8211; Campus Uru\u00e7uca, aprovados em editais internos da PROPES, est\u00e3o detalhados a seguir por ano de aprova\u00e7\u00e3o:<\/p>\n\n\n\n<ul>\n<li><strong><a href=\"https:\/\/www.ifbaiano.edu.br\/unidades\/urucuca\/files\/2025\/08\/Projetos_IC_2025.pdf\" data-type=\"URL\" data-id=\"https:\/\/www.ifbaiano.edu.br\/unidades\/urucuca\/files\/2025\/08\/Projetos_IC_2025.pdf\" target=\"_blank\" rel=\"noreferrer noopener\">Projetos aprovados nos Editais 2025<\/a><\/strong><\/li>\n\n\n\n<li><strong><a href=\"https:\/\/www.ifbaiano.edu.br\/unidades\/urucuca\/files\/2025\/08\/Projetos_IC_2024.pdf\" data-type=\"URL\" data-id=\"https:\/\/www.ifbaiano.edu.br\/unidades\/urucuca\/files\/2025\/08\/Projetos_IC_2024.pdf\" target=\"_blank\" rel=\"noreferrer noopener\">Projetos aprovados nos Editais 2024<\/a><\/strong><\/li>\n\n\n\n<li><strong><a href=\"https:\/\/www.ifbaiano.edu.br\/unidades\/urucuca\/files\/2025\/08\/Projetos_IC_2023.pdf\" data-type=\"URL\" data-id=\"https:\/\/www.ifbaiano.edu.br\/unidades\/urucuca\/files\/2025\/08\/Projetos_IC_2023.pdf\" target=\"_blank\" rel=\"noreferrer noopener\">Projetos aprovados nos Editais 2023<\/a><\/strong><\/li>\n\n\n\n<li><strong><a href=\"https:\/\/www.ifbaiano.edu.br\/unidades\/urucuca\/files\/2025\/08\/Projetos_IC_2022.pdf\" data-type=\"URL\" data-id=\"https:\/\/www.ifbaiano.edu.br\/unidades\/urucuca\/files\/2025\/08\/Projetos_IC_2022.pdf\" target=\"_blank\" rel=\"noreferrer noopener\">Projetos aprovados nos Editais 2022<\/a><\/strong><\/li>\n\n\n\n<li><strong><a href=\"https:\/\/www.ifbaiano.edu.br\/unidades\/urucuca\/files\/2025\/08\/Projetos_IC_2021.pdf\" data-type=\"URL\" data-id=\"https:\/\/www.ifbaiano.edu.br\/unidades\/urucuca\/files\/2025\/08\/Projetos_IC_2021.pdf\" target=\"_blank\" rel=\"noreferrer noopener\">Projetos aprovados nos Editais 2021<\/a><\/strong><\/li>\n\n\n\n<li><strong><a href=\"https:\/\/www.ifbaiano.edu.br\/unidades\/urucuca\/files\/2025\/08\/Projetos_IC_2020.pdf\" data-type=\"URL\" data-id=\"https:\/\/www.ifbaiano.edu.br\/unidades\/urucuca\/files\/2025\/08\/Projetos_IC_2020.pdf\" target=\"_blank\" rel=\"noreferrer noopener\">Projetos aprovados nos Editais 2020<\/a><\/strong><\/li>\n<\/ul>\n\n\n\n<p class=\"has-white-color has-text-color has-background\" style=\"background-color:#056e47\"><strong>Grupos de Pesquisa<\/strong><\/p>\n\n\n\n<ul>\n<li><strong><a href=\"https:\/\/www.ifbaiano.edu.br\/unidades\/urucuca\/files\/2025\/08\/Quadro1_Grupos_Pesquisa_Campus_Urucuca.pdf\" data-type=\"URL\" data-id=\"https:\/\/www.ifbaiano.edu.br\/unidades\/urucuca\/files\/2025\/08\/Quadro1_Grupos_Pesquisa_Campus_Urucuca.pdf\" target=\"_blank\" rel=\"noreferrer noopener\">Quadro 1 &#8211; Grupos de Pesquisa &#8211; Campus Uru\u00e7uca<\/a><\/strong><\/li>\n<\/ul>\n\n\n\n<p>Atualmente, est\u00e3o cadastrados seis grupos no Diret\u00f3rio de Grupos de Pesquisa no Brasil Lattes \u2013 CNPq, nos quais os l\u00edderes est\u00e3o vinculados ao IF Baiano \u2013 Campus Uru\u00e7uca. Para mais informa\u00e7\u00f5es acesse o <strong><a rel=\"noreferrer noopener\" href=\"https:\/\/www.ifbaiano.edu.br\/unidades\/urucuca\/files\/2025\/08\/Quadro1_Grupos_Pesquisa_Campus_Urucuca.pdf\" data-type=\"URL\" data-id=\"https:\/\/www.ifbaiano.edu.br\/unidades\/urucuca\/files\/2025\/08\/Quadro1_Grupos_Pesquisa_Campus_Urucuca.pdf\" target=\"_blank\">Quadro<\/a><a rel=\"noreferrer noopener\" href=\"https:\/\/www.ifbaiano.edu.br\/unidades\/urucuca\/files\/2025\/08\/Quadro1_Grupos_Pesquisa_Campus_Urucuca.pdf\" data-type=\"URL\" data-id=\"https:\/\/www.ifbaiano.edu.br\/unidades\/urucuca\/files\/2025\/08\/Quadro1_Grupos_Pesquisa_Campus_Urucuca.pdf\" target=\"_blank\"> <\/a><a rel=\"noreferrer noopener\" href=\"https:\/\/www.ifbaiano.edu.br\/unidades\/urucuca\/files\/2025\/08\/Quadro1_Grupos_Pesquisa_Campus_Urucuca.pdf\" data-type=\"URL\" data-id=\"https:\/\/www.ifbaiano.edu.br\/unidades\/urucuca\/files\/2025\/08\/Quadro1_Grupos_Pesquisa_Campus_Urucuca.pdf\" target=\"_blank\">1<\/a><\/strong>.<\/p>\n\n\n\n<p><\/p>\n\n\n\n<p class=\"has-white-color has-text-color has-background\" style=\"background-color:#056e47\"><strong>Equipe e Contato<\/strong><\/p>\n\n\n\n<p><strong>Coordenadora de Pesquisa e Inova\u00e7\u00e3o:<\/strong> Alzira Gabrielle Soares Saraiva Souza (Portaria n\u00ba 654, de\u00a018 de agosto\u00a0de 2021, publicada no DOU de\u00a019 de agosto\u00a0de 2021).<br><strong>Contato: <\/strong>pesquisa@urucuca.ifbaiano.edu.br<\/p>\n","protected":false},"excerpt":{"rendered":"<p>O que \u00e9 a COPES? A Coordena\u00e7\u00e3o de Pesquisa e Inova\u00e7\u00e3o (COPES) \u00e9 o setor respons\u00e1vel por gerenciar as atividades de pesquisa e inova\u00e7\u00e3o dentro do Campus, atuando em articula\u00e7\u00e3o com a Pr\u00f3-Reitoria de Pesquisa, Inova\u00e7\u00e3o e P\u00f3s-Gradua\u00e7\u00e3o (PROPES) do IF Baiano, que est\u00e1 vinculada a reitoria. A Pesquisa integra o trip\u00e9 formado pelo Ensino [&hellip;]<\/p>\n","protected":false},"author":154,"featured_media":0,"parent":0,"menu_order":0,"comment_status":"closed","ping_status":"closed","template":"","meta":[],"_links":{"self":[{"href":"https:\/\/www.ifbaiano.edu.br\/unidades\/urucuca\/wp-json\/wp\/v2\/pages\/9491"}],"collection":[{"href":"https:\/\/www.ifbaiano.edu.br\/unidades\/urucuca\/wp-json\/wp\/v2\/pages"}],"about":[{"href":"https:\/\/www.ifbaiano.edu.br\/unidades\/urucuca\/wp-json\/wp\/v2\/types\/page"}],"author":[{"embeddable":true,"href":"https:\/\/www.ifbaiano.edu.br\/unidades\/urucuca\/wp-json\/wp\/v2\/users\/154"}],"replies":[{"embeddable":true,"href":"https:\/\/www.ifbaiano.edu.br\/unidades\/urucuca\/wp-json\/wp\/v2\/comments?post=9491"}],"version-history":[{"count":6,"href":"https:\/\/www.ifbaiano.edu.br\/unidades\/urucuca\/wp-json\/wp\/v2\/pages\/9491\/revisions"}],"predecessor-version":[{"id":12558,"href":"https:\/\/www.ifbaiano.edu.br\/unidades\/urucuca\/wp-json\/wp\/v2\/pages\/9491\/revisions\/12558"}],"wp:attachment":[{"href":"https:\/\/www.ifbaiano.edu.br\/unidades\/urucuca\/wp-json\/wp\/v2\/media?parent=9491"}],"curies":[{"name":"wp","href":"https:\/\/api.w.org\/{rel}","templated":true}]}}