{"id":9443,"date":"2023-10-24T01:48:28","date_gmt":"2023-10-24T04:48:28","guid":{"rendered":"https:\/\/www.ifbaiano.edu.br\/unidades\/valenca\/?page_id=9443"},"modified":"2023-10-24T01:59:10","modified_gmt":"2023-10-24T04:59:10","slug":"comunicacao","status":"publish","type":"page","link":"https:\/\/www.ifbaiano.edu.br\/unidades\/valenca\/comunicacao\/","title":{"rendered":"Comunica\u00e7\u00e3o"},"content":{"rendered":"\n<p><strong>ORGANIZA\u00c7\u00c3O E COMPET\u00caNCIA<\/strong><br>O NCE est\u00e1 vinculado \u00e0 Coordena\u00e7\u00e3o de Comunica\u00e7\u00e3o do IF Baiano e operacionaliza as diversas atividades de comunica\u00e7\u00e3o no cotidiano do&nbsp;<em>Campus<\/em>. O N\u00facleo executa, na pr\u00e1tica, a\u00e7\u00f5es como relacionamento com a imprensa local, divulga\u00e7\u00f5es de campanhas \u2013 a exemplo da campanha de ingresso-, organiza\u00e7\u00e3o de eventos, produ\u00e7\u00e3o de conte\u00fado e atualiza\u00e7\u00e3o da p\u00e1gina do campus e outros canais das unidades, al\u00e9m de prover informa\u00e7\u00f5es para a Coordena\u00e7\u00e3o de Comunica\u00e7\u00e3o.<\/p>\n\n\n\n<p>Entre as compet\u00eancias dos N\u00facleos de Apoio \u00e0 Comunica\u00e7\u00e3o e Eventos est\u00e3o:<br>\u2022 Promover a comunica\u00e7\u00e3o e divulga\u00e7\u00e3o dos eventos e das a\u00e7\u00f5es realizadas pelo Campus, em articula\u00e7\u00e3o com a Coordena\u00e7\u00e3o de Comunica\u00e7\u00e3o;<br>\u2022 Produzir e viabilizar o cerimonial e os eventos do Campus, bem como organizar a recep\u00e7\u00e3o de autoridades e visitantes ilustres \u00e0s depend\u00eancias do Campus, sob orienta\u00e7\u00e3o da Coordena\u00e7\u00e3o;<br>\u2022 Participar do planejamento e implementa\u00e7\u00e3o de campanhas e divulga\u00e7\u00f5es, a exemplo das campanhas para ingresso de estudantes;<br>\u2022 Consultar acerca da aplica\u00e7\u00e3o das normas e padr\u00f5es de comunica\u00e7\u00e3o e identidade visual no site, m\u00eddias e materiais de comunica\u00e7\u00e3o de cada campus;<br>\u2022 Participar de projetos e campanhas de comunica\u00e7\u00e3o, publicidade e relacionamento do IF Baiano;<br>\u2022 Auxiliar a Dire\u00e7\u00e3o do Campus na publiciza\u00e7\u00e3o no site dos atos administrativos e pedag\u00f3gicos da gest\u00e3o;<br>\u2022 Contribuir na constru\u00e7\u00e3o e implementa\u00e7\u00e3o da Pol\u00edtica de Comunica\u00e7\u00e3o do IF Baiano.<\/p>\n\n\n\n<p><strong>RESPONSABILIDADE COMPARTILHADA<\/strong><br>Todas as \u00e1reas e setores do\u00a0<em>Campus\u00a0<\/em>Valen\u00e7a s\u00e3o respons\u00e1veis solidariamente pela qualidade e transpar\u00eancia da informa\u00e7\u00e3o disponibilizada nos canais de comunica\u00e7\u00e3o do\u00a0<em>Campus<\/em>. Atualiza\u00e7\u00f5es de normas, documentos, procedimentos, estat\u00edsticas e dados institucionais, servi\u00e7os oferecidos pelo\u00a0<em>Campus<\/em>, bem como presta\u00e7\u00e3o de contas e demais informa\u00e7\u00f5es de relev\u00e2ncia e interesse p\u00fablico devem ser constantemente verificadas pelos setores respons\u00e1veis e enviadas ao NCE\u00a0<strong>(comunicacao@ifbaiano.ifbaiano.edu.br)<\/strong>, para que seja dada a devida publicidade nos canais adequados.<\/p>\n\n\n\n<p><\/p>\n\n\n\n<p><strong>Fluxo de solicita\u00e7\u00e3o de divulga\u00e7\u00e3o do NCE<\/strong><\/p>\n\n\n\n<p>A divulga\u00e7\u00e3o de not\u00edcias, eventos, pedidos de reportagens ou demais solicita\u00e7\u00f5es ligadas \u00e0 \u00e1rea de comunica\u00e7\u00e3o bem como pedidos de publica\u00e7\u00e3o nas p\u00e1ginas e nas m\u00eddias sociais do\u00a0<em>Campus<\/em>\u00a0devem ser encaminhadas previamente \u00e0 ASCOM, atrav\u00e9s do e-mail institucional ascom@valenca.ifbaiano.edu.br.<\/p>\n\n\n\n<p>Logotipo do campus<\/p>\n\n\n\n<div class=\"wp-block-file\"><a id=\"wp-block-file--media-ee44d40b-3b92-4540-a06a-c1ff8cc05076\" href=\"https:\/\/www.ifbaiano.edu.br\/unidades\/valenca\/files\/2023\/10\/marca-if-baiano-campus-valenca-vertical.png\">marca-if-baiano-campus-valenca-vertical.png<\/a><a href=\"https:\/\/www.ifbaiano.edu.br\/unidades\/valenca\/files\/2023\/10\/marca-if-baiano-campus-valenca-vertical.png\" class=\"wp-block-file__button wp-element-button\" download aria-describedby=\"wp-block-file--media-ee44d40b-3b92-4540-a06a-c1ff8cc05076\">Baixar<\/a><\/div>\n\n\n\n<figure class=\"wp-block-image size-full\"><a href=\"https:\/\/www.ifbaiano.edu.br\/unidades\/valenca\/files\/2023\/10\/marca-if-baiano-campus-valenca-vertical.pdf-Imagem-de-perfil-para-Linktree.jpg\"><img decoding=\"async\" loading=\"lazy\" width=\"288\" height=\"288\" src=\"https:\/\/www.ifbaiano.edu.br\/unidades\/valenca\/files\/2023\/10\/marca-if-baiano-campus-valenca-vertical.pdf-Imagem-de-perfil-para-Linktree.jpg\" alt=\"\" class=\"wp-image-9452\" \/><\/a><\/figure>\n\n\n\n<figure class=\"wp-block-image size-full\"><a href=\"https:\/\/www.ifbaiano.edu.br\/unidades\/valenca\/files\/2023\/10\/marca-if-baiano-campus-valenca-horizontal.png\"><img decoding=\"async\" loading=\"lazy\" width=\"700\" height=\"250\" src=\"https:\/\/www.ifbaiano.edu.br\/unidades\/valenca\/files\/2023\/10\/marca-if-baiano-campus-valenca-horizontal.png\" alt=\"\" class=\"wp-image-9453\" \/><\/a><\/figure>\n\n\n\n<figure class=\"wp-block-image size-full is-resized\"><a href=\"https:\/\/www.ifbaiano.edu.br\/unidades\/valenca\/files\/2023\/10\/marca-campus-valenca-para-fundo-preto-1.png\"><img decoding=\"async\" loading=\"lazy\" src=\"https:\/\/www.ifbaiano.edu.br\/unidades\/valenca\/files\/2023\/10\/marca-campus-valenca-para-fundo-preto-1.png\" alt=\"\" class=\"wp-image-9454\" width=\"840\" height=\"271\" \/><\/a><\/figure>\n\n\n\n<figure class=\"wp-block-image size-full\"><a href=\"https:\/\/www.ifbaiano.edu.br\/unidades\/valenca\/files\/2023\/10\/marca-campus-valenca-branca.png\"><img decoding=\"async\" loading=\"lazy\" width=\"1920\" height=\"621\" src=\"https:\/\/www.ifbaiano.edu.br\/unidades\/valenca\/files\/2023\/10\/marca-campus-valenca-branca.png\" alt=\"\" class=\"wp-image-9455\" \/><\/a><\/figure>\n","protected":false},"excerpt":{"rendered":"<p>ORGANIZA\u00c7\u00c3O E COMPET\u00caNCIAO NCE est\u00e1 vinculado \u00e0 Coordena\u00e7\u00e3o de Comunica\u00e7\u00e3o do IF Baiano e operacionaliza as diversas atividades de comunica\u00e7\u00e3o no cotidiano do&nbsp;Campus. O N\u00facleo executa, na pr\u00e1tica, a\u00e7\u00f5es como relacionamento com a imprensa local, divulga\u00e7\u00f5es de campanhas \u2013 a exemplo da campanha de ingresso-, organiza\u00e7\u00e3o de eventos, produ\u00e7\u00e3o de conte\u00fado e atualiza\u00e7\u00e3o da p\u00e1gina [&hellip;]<\/p>\n","protected":false},"author":171,"featured_media":0,"parent":0,"menu_order":0,"comment_status":"closed","ping_status":"closed","template":"","meta":[],"_links":{"self":[{"href":"https:\/\/www.ifbaiano.edu.br\/unidades\/valenca\/wp-json\/wp\/v2\/pages\/9443"}],"collection":[{"href":"https:\/\/www.ifbaiano.edu.br\/unidades\/valenca\/wp-json\/wp\/v2\/pages"}],"about":[{"href":"https:\/\/www.ifbaiano.edu.br\/unidades\/valenca\/wp-json\/wp\/v2\/types\/page"}],"author":[{"embeddable":true,"href":"https:\/\/www.ifbaiano.edu.br\/unidades\/valenca\/wp-json\/wp\/v2\/users\/171"}],"replies":[{"embeddable":true,"href":"https:\/\/www.ifbaiano.edu.br\/unidades\/valenca\/wp-json\/wp\/v2\/comments?post=9443"}],"version-history":[{"count":3,"href":"https:\/\/www.ifbaiano.edu.br\/unidades\/valenca\/wp-json\/wp\/v2\/pages\/9443\/revisions"}],"predecessor-version":[{"id":9456,"href":"https:\/\/www.ifbaiano.edu.br\/unidades\/valenca\/wp-json\/wp\/v2\/pages\/9443\/revisions\/9456"}],"wp:attachment":[{"href":"https:\/\/www.ifbaiano.edu.br\/unidades\/valenca\/wp-json\/wp\/v2\/media?parent=9443"}],"curies":[{"name":"wp","href":"https:\/\/api.w.org\/{rel}","templated":true}]}}